{"id":3286,"date":"2020-11-17T10:40:50","date_gmt":"2020-11-17T09:40:50","guid":{"rendered":"https:\/\/pappy-vuc.ch\/wie-schneide-ich-das-fleisch\/"},"modified":"2021-08-04T17:51:58","modified_gmt":"2021-08-04T15:51:58","slug":"wie-schneide-ich-das-fleisch","status":"publish","type":"page","link":"https:\/\/pappy-vuc.ch\/fr\/wie-schneide-ich-das-fleisch\/","title":{"rendered":"Comment couper la viande"},"content":{"rendered":"<p><div class=\"fusion-fullwidth fullwidth-box fusion-builder-row-1 fusion-flex-container nonhundred-percent-fullwidth non-hundred-percent-height-scrolling\" style=\"--awb-border-radius-top-left:0px;--awb-border-radius-top-right:0px;--awb-border-radius-bottom-right:0px;--awb-border-radius-bottom-left:0px;--awb-padding-bottom:60px;--awb-flex-wrap:wrap;\" ><div class=\"fusion-builder-row fusion-row fusion-flex-align-items-flex-start fusion-flex-content-wrap\" style=\"max-width:1443.75px;margin-left: calc(-5% \/ 2 );margin-right: calc(-5% \/ 2 );\"><div class=\"fusion-layout-column fusion_builder_column fusion-builder-column-0 fusion_builder_column_1_2 1_2 fusion-flex-column fusion-animated\" style=\"--awb-bg-size:cover;--awb-width-large:50%;--awb-margin-top-large:0px;--awb-spacing-right-large:4.75%;--awb-margin-bottom-large:20px;--awb-spacing-left-large:4.75%;--awb-width-medium:50%;--awb-order-medium:0;--awb-spacing-right-medium:4.75%;--awb-spacing-left-medium:4.75%;--awb-width-small:100%;--awb-order-small:1;--awb-margin-top-small:-30px;--awb-spacing-right-small:2.375%;--awb-spacing-left-small:2.375%;\" data-animationType=\"fadeInLeft\" data-animationDuration=\"1.0\" data-animationOffset=\"top-into-view\"><div class=\"fusion-column-wrapper fusion-column-has-shadow fusion-flex-justify-content-flex-start fusion-content-layout-column\"><div class=\"fusion-title title fusion-title-1 fusion-sep-none fusion-title-text fusion-title-size-two\" style=\"--awb-margin-top:0px;--awb-margin-bottom:25px;--awb-margin-top-small:10px;--awb-margin-right-small:0px;--awb-margin-bottom-small:10px;--awb-margin-left-small:0px;--awb-font-size:43px;\"><h2 class=\"fusion-title-heading title-heading-left\" style=\"margin:0;font-size:1em;\">Couper avec la machine<\/h2><\/div><div class=\"fusion-text fusion-text-1\"><p>Nous recommandons d&#8217;utiliser une machine \u00e0 d\u00e9couper de 250-300W avec un diam\u00e8tre du couteau de 250mm. Le r\u00e9cipient pour aliment doit \u00eatre inclin\u00e9e. La machine doit \u00eatre \u00e9quip\u00e9e d&#8217;un kit aiguiseur, afin de garantir \u00e0 tout moment une d\u00e9coupe propre et optimale de la viande.<\/p>\n<\/div><ul style=\"--awb-line-height:27.2px;--awb-icon-width:27.2px;--awb-icon-height:27.2px;--awb-icon-margin:11.2px;--awb-content-margin:38.4px;--awb-circlecolor:#bf1e2d;--awb-circle-yes-font-size:14.08px;\" class=\"fusion-checklist fusion-checklist-1 fusion-checklist-default type-icons\"><li class=\"fusion-li-item\" style=\"\"><span class=\"icon-wrapper circle-yes\"><i class=\"fusion-li-icon fa-bacon fas\" aria-hidden=\"true\"><\/i><\/span><div class=\"fusion-li-item-content\">R\u00e9glez l&#8217;\u00e9paisseur de coupe souhait\u00e9e<\/div><\/li><li class=\"fusion-li-item\" style=\"\"><span class=\"icon-wrapper circle-yes\"><i class=\"fusion-li-icon fa-bacon fas\" aria-hidden=\"true\"><\/i><\/span><div class=\"fusion-li-item-content\">Placez la viande sur le r\u00e9cipient pour aliments<\/div><\/li><li class=\"fusion-li-item\" style=\"\"><span class=\"icon-wrapper circle-yes\"><i class=\"fusion-li-icon fa-bacon fas\" aria-hidden=\"true\"><\/i><\/span><div class=\"fusion-li-item-content\">Exercer une l\u00e9g\u00e8re contre-pression pour que la viande repose correctement sur le couteau<\/div><\/li><\/ul><\/div><\/div><div class=\"fusion-layout-column fusion_builder_column fusion-builder-column-1 fusion_builder_column_1_2 1_2 fusion-flex-column fusion-animated\" style=\"--awb-bg-size:cover;--awb-width-large:50%;--awb-margin-top-large:0px;--awb-spacing-right-large:4.75%;--awb-margin-bottom-large:20px;--awb-spacing-left-large:4.75%;--awb-width-medium:50%;--awb-order-medium:0;--awb-spacing-right-medium:4.75%;--awb-spacing-left-medium:4.75%;--awb-width-small:100%;--awb-order-small:1;--awb-spacing-right-small:2.375%;--awb-spacing-left-small:2.375%;\" data-animationType=\"fadeInRight\" data-animationDuration=\"1.0\" data-animationOffset=\"top-into-view\"><div class=\"fusion-column-wrapper fusion-column-has-shadow fusion-flex-justify-content-flex-start fusion-content-layout-column\"><div class=\"fusion-title title fusion-title-2 fusion-sep-none fusion-title-text fusion-title-size-two\" style=\"--awb-margin-top:0px;--awb-margin-bottom:25px;--awb-margin-top-small:10px;--awb-margin-right-small:0px;--awb-margin-bottom-small:10px;--awb-margin-left-small:0px;--awb-font-size:43px;\"><h2 class=\"fusion-title-heading title-heading-left\" style=\"margin:0;font-size:1em;\">Couper avec le couteau<\/h2><\/div><ul style=\"--awb-line-height:27.2px;--awb-icon-width:27.2px;--awb-icon-height:27.2px;--awb-icon-margin:11.2px;--awb-content-margin:38.4px;--awb-circlecolor:#bf1e2d;--awb-circle-yes-font-size:14.08px;\" class=\"fusion-checklist fusion-checklist-2 fusion-checklist-default type-icons\"><li class=\"fusion-li-item\" style=\"\"><span class=\"icon-wrapper circle-yes\"><i class=\"fusion-li-icon fa-bacon fas\" aria-hidden=\"true\"><\/i><\/span><div class=\"fusion-li-item-content\">Ne coupez que des demi-tranches, c&#8217;est le seul moyen d&#8217;obtenir des tranches tr\u00e8s fines<\/div><\/li><li class=\"fusion-li-item\" style=\"\"><span class=\"icon-wrapper circle-yes\"><i class=\"fusion-li-icon fa-bacon fas\" aria-hidden=\"true\"><\/i><\/span><div class=\"fusion-li-item-content\">Vous pouvez \u00e9galement d\u00e9couper la viande en lamelles, cela convient particuli\u00e8rement pour utiliser les morceaux de bordure<\/div><\/li><li class=\"fusion-li-item\" style=\"\"><span class=\"icon-wrapper circle-yes\"><i class=\"fusion-li-icon fa-bacon fas\" aria-hidden=\"true\"><\/i><\/span><div class=\"fusion-li-item-content\">\n<p>En outre, ces lamelles conviennent particuli\u00e8rement pour l&#8217;ap\u00e9ro ou dans une salade<\/p>\n<\/div><\/li><\/ul><div class=\"fusion-text fusion-text-2\"><p>N&#8217;utilisez que des couteaux de grande taille dont la lame est tr\u00e8s aiguis\u00e9e.Tenez bien la viande dans votre main et assurez-vous que vous ne pouvez pas vous blesser si elle glisse.<\/p>\n<\/div><\/div><\/div><\/div><\/div><div class=\"fusion-fullwidth fullwidth-box fusion-builder-row-2 fusion-flex-container fusion-parallax-fixed nonhundred-percent-fullwidth non-hundred-percent-height-scrolling lazyload\" style=\"--awb-border-radius-top-left:0px;--awb-border-radius-top-right:0px;--awb-border-radius-bottom-right:0px;--awb-border-radius-bottom-left:0px;--awb-padding-top-medium:50px;--awb-padding-bottom-medium:50px;--awb-padding-top-small:50px;--awb-padding-bottom-small:50px;--awb-min-height:450px;--awb-background-size:cover;--awb-flex-wrap:wrap;background-attachment:fixed;\" data-bg=\"https:\/\/pappy-vuc.ch\/wp-content\/uploads\/2020\/11\/IMG_3869.jpg\" ><div class=\"fusion-builder-row fusion-row fusion-flex-align-items-flex-start fusion-flex-align-content-center fusion-flex-justify-content-center fusion-flex-content-wrap\" style=\"max-width:1443.75px;margin-left: calc(-5% \/ 2 );margin-right: calc(-5% \/ 2 );\"><div class=\"fusion-layout-column fusion_builder_column fusion-builder-column-2 fusion_builder_column_5_6 5_6 fusion-flex-column\" style=\"--awb-padding-top:40px;--awb-padding-right:60px;--awb-padding-bottom:20px;--awb-padding-left:60px;--awb-padding-top-small:20px;--awb-padding-right-small:20px;--awb-padding-bottom-small:20px;--awb-padding-left-small:20px;--awb-overflow:hidden;--awb-bg-color:#ffffff;--awb-bg-color-hover:#ffffff;--awb-bg-size:cover;--awb-border-radius:6px 6px 6px 6px;--awb-width-large:83.333333333333%;--awb-margin-top-large:0px;--awb-spacing-right-large:2.85%;--awb-margin-bottom-large:0px;--awb-spacing-left-large:2.85%;--awb-width-medium:100%;--awb-order-medium:0;--awb-spacing-right-medium:2.375%;--awb-spacing-left-medium:2.375%;--awb-width-small:100%;--awb-order-small:0;--awb-spacing-right-small:2.375%;--awb-spacing-left-small:2.375%;\"><div class=\"fusion-column-wrapper fusion-column-has-shadow fusion-flex-justify-content-flex-start fusion-content-layout-column\"><div class=\"fusion-builder-row fusion-builder-row-inner fusion-row fusion-flex-align-items-flex-start fusion-flex-align-content-center fusion-flex-justify-content-center fusion-flex-content-wrap\" style=\"--awb-flex-grow:0;--awb-flex-grow-medium:0;--awb-flex-grow-small:0;--awb-flex-shrink:0;--awb-flex-shrink-medium:0;--awb-flex-shrink-small:0;width:105% !important;max-width:105% !important;margin-left: calc(-5% \/ 2 );margin-right: calc(-5% \/ 2 );\"><div class=\"fusion-layout-column fusion_builder_column_inner fusion-builder-nested-column-0 fusion_builder_column_inner_1_2 1_2 fusion-flex-column\" style=\"--awb-bg-size:cover;--awb-width-large:50%;--awb-margin-top-large:0px;--awb-spacing-right-large:4.75%;--awb-margin-bottom-large:0px;--awb-spacing-left-large:4.75%;--awb-width-medium:100%;--awb-order-medium:0;--awb-spacing-right-medium:2.375%;--awb-spacing-left-medium:2.375%;--awb-width-small:100%;--awb-order-small:0;--awb-spacing-right-small:2.375%;--awb-spacing-left-small:2.375%;\"><div class=\"fusion-column-wrapper fusion-column-has-shadow fusion-flex-justify-content-flex-start fusion-content-layout-column\"><div class=\"fusion-title title fusion-title-3 fusion-sep-none fusion-title-text fusion-title-size-two\" style=\"--awb-margin-bottom:5px;--awb-margin-top-small:10px;--awb-margin-right-small:0px;--awb-margin-bottom-small:10px;--awb-margin-left-small:0px;--awb-font-size:27px;\"><h2 class=\"fusion-title-heading title-heading-left\" style=\"font-family:&quot;Heebo&quot;;font-style:normal;font-weight:600;margin:0;font-size:1em;\">S\u2019abonner \u00e0 la newsletter<\/h2><\/div><div class=\"fusion-text fusion-text-3\"><p>Recevez les derniers messages, informations et offres de Pappy Vuc directement dans votre bo\u00eete de r\u00e9ception. Restez \u00e0 jour !<\/p>\n<\/div><\/div><\/div><div class=\"fusion-layout-column fusion_builder_column_inner fusion-builder-nested-column-1 fusion_builder_column_inner_1_2 1_2 fusion-flex-column\" style=\"--awb-bg-size:cover;--awb-width-large:50%;--awb-margin-top-large:0px;--awb-spacing-right-large:4.75%;--awb-margin-bottom-large:0px;--awb-spacing-left-large:4.75%;--awb-width-medium:100%;--awb-order-medium:0;--awb-spacing-right-medium:2.375%;--awb-spacing-left-medium:2.375%;--awb-width-small:100%;--awb-order-small:0;--awb-spacing-right-small:2.375%;--awb-spacing-left-small:2.375%;\"><div class=\"fusion-column-wrapper fusion-column-has-shadow fusion-flex-justify-content-flex-start fusion-content-layout-column\">[mc4wp_form id=\"3112\"]<div class=\"fusion-text fusion-text-4\" style=\"--awb-font-size:12px;--awb-margin-top:-10px;\"><p>Vous pouvez vous d\u00e9sinscrire \u00e0 tout moment en cliquant sur le lien figurant dans le pied de page de nos courriels. Pour plus d\u2019informations sur nos pratiques en mati\u00e8re de confidentialit\u00e9, veuillez consulter la\u00a0<a href=\"https:\/\/pappy-vuc.ch\/fr\/datenschutzerklaerung\/\">politique de confidentialit\u00e9<\/a>\u00a0sur notre site web.<\/p>\n<\/div><\/div><\/div><\/div><\/div><\/div><\/div><\/div>\n<div class=\"fusion-fullwidth fullwidth-box fusion-builder-row-3 fusion-flex-container nonhundred-percent-fullwidth non-hundred-percent-height-scrolling\" style=\"--awb-border-radius-top-left:0px;--awb-border-radius-top-right:0px;--awb-border-radius-bottom-right:0px;--awb-border-radius-bottom-left:0px;--awb-padding-top:70px;--awb-padding-top-medium:35px;--awb-padding-top-small:35px;--awb-padding-bottom-small:0px;--awb-flex-wrap:wrap;\" ><div class=\"fusion-builder-row fusion-row fusion-flex-align-items-stretch fusion-flex-content-wrap\" style=\"max-width:1443.75px;margin-left: calc(-5% \/ 2 );margin-right: calc(-5% \/ 2 );\"><div class=\"fusion-layout-column fusion_builder_column fusion-builder-column-3 fusion_builder_column_1_1 1_1 fusion-flex-column\" style=\"--awb-bg-size:cover;--awb-width-large:100%;--awb-margin-top-large:0px;--awb-spacing-right-large:2.375%;--awb-margin-bottom-large:0px;--awb-spacing-left-large:2.375%;--awb-width-medium:100%;--awb-order-medium:0;--awb-spacing-right-medium:2.375%;--awb-spacing-left-medium:2.375%;--awb-width-small:100%;--awb-order-small:0;--awb-spacing-right-small:2.375%;--awb-spacing-left-small:2.375%;\"><div class=\"fusion-column-wrapper fusion-column-has-shadow fusion-flex-justify-content-flex-start fusion-content-layout-column\"><div class=\"fusion-woo-product-slider fusion-woo-slider fusion-no-small-visibility fusion-no-medium-visibility\"><div class=\"awb-carousel awb-swiper awb-swiper-carousel fusion-carousel-title-below-image\" style=\"--awb-columns:4;--awb-column-spacing:40px;\" data-metacontent=\"yes\" data-autoplay=\"yes\" data-columns=\"4\" data-itemmargin=\"40\" data-itemwidth=\"180\" data-touchscroll=\"no\" data-imagesize=\"auto\" data-scrollitems=\"1\"><div class=\"swiper-wrapper\"><div class=\"swiper-slide\"><div class=\"fusion-clean-product-image-wrapper\"><div class=\"fusion-carousel-item-wrapper\"><div  class=\"fusion-image-wrapper\" aria-haspopup=\"true\">\n\t\t\t\t<div class=\"fusion-woo-badges-wrapper\">\n<\/div><img decoding=\"async\" width=\"1024\" height=\"683\" src=\"https:\/\/pappy-vuc.ch\/wp-content\/uploads\/2021\/01\/Lacienne_221A4466.jpg\" class=\"attachment-full size-full lazyload wp-post-image\" alt=\"Rind Trockenfleisch a L&#039;ancienne bei Pappy Vuc\" srcset=\"data:image\/svg+xml,%3Csvg%20xmlns%3D%27http%3A%2F%2Fwww.w3.org%2F2000%2Fsvg%27%20width%3D%271024%27%20height%3D%27683%27%20viewBox%3D%270%200%201024%20683%27%3E%3Crect%20width%3D%271024%27%20height%3D%27683%27%20fill-opacity%3D%220%22%2F%3E%3C%2Fsvg%3E\" data-orig-src=\"https:\/\/pappy-vuc.ch\/wp-content\/uploads\/2021\/01\/Lacienne_221A4466.jpg\" data-srcset=\"https:\/\/pappy-vuc.ch\/wp-content\/uploads\/2021\/01\/Lacienne_221A4466-200x133.jpg 200w, https:\/\/pappy-vuc.ch\/wp-content\/uploads\/2021\/01\/Lacienne_221A4466-400x267.jpg 400w, https:\/\/pappy-vuc.ch\/wp-content\/uploads\/2021\/01\/Lacienne_221A4466-600x400.jpg 600w, https:\/\/pappy-vuc.ch\/wp-content\/uploads\/2021\/01\/Lacienne_221A4466-800x534.jpg 800w, https:\/\/pappy-vuc.ch\/wp-content\/uploads\/2021\/01\/Lacienne_221A4466.jpg 1024w\" data-sizes=\"auto\" \/><div class=\"fusion-rollover\">\n\t<div class=\"fusion-rollover-content\">\n\n\t\t\t\t\n\t\t\n\t\t\t\t\t\t\t\t\n\t\t\t\t\t\t\t\t\n\t\t\n\t\t\t\t\t\t\t\t\n\t\t\t\t\t\t\n\t\t\t\t\t\t\t\t\t\t<div class=\"fusion-product-buttons\">\n\t\t\t\t\t<a href=\"\/fr\/wp-json\/wp\/v2\/pages\/3286?add-to-cart=3714\" aria-describedby=\"woocommerce_loop_add_to_cart_link_describedby_3714\" data-quantity=\"1\" class=\"button product_type_simple add_to_cart_button ajax_add_to_cart\" data-product_id=\"3714\" data-product_sku=\"\" aria-label=\"Ajouter au panier\u00a0: &ldquo;Viande s\u00e9ch\u00e9e B\u0153uf \u00e0 l&#039;ancienne&rdquo;\" rel=\"nofollow\">Ajouter au panier<\/a>\t<span id=\"woocommerce_loop_add_to_cart_link_describedby_3714\" class=\"screen-reader-text\">\n\t\t\t<\/span>\n<span class=\"fusion-rollover-linebreak\">\n\t\/<\/span>\n\n<a href=\"https:\/\/pappy-vuc.ch\/fr\/produit\/rind-a-lancienne\/\" class=\"show_details_button\">\n\tD\u00e9tails<\/a>\n\n\t\t\t\t<\/div>\n\t\t\t\t\t\t\t\t\t<a class=\"fusion-link-wrapper\" href=\"https:\/\/pappy-vuc.ch\/fr\/produit\/rind-a-lancienne\/\" aria-label=\"Viande s\u00e9ch\u00e9e B\u0153uf \u00e0 l&#8217;ancienne\"><\/a>\n\t<\/div>\n<\/div>\n<\/div>\n<h4 class=\"fusion-carousel-title product-title\"><a href=\"https:\/\/pappy-vuc.ch\/fr\/produit\/rind-a-lancienne\/\" target=\"_self\">Viande s\u00e9ch\u00e9e B\u0153uf \u00e0 l&#8217;ancienne<\/a><\/h4><div class=\"fusion-carousel-meta\"><a href=\"https:\/\/pappy-vuc.ch\/fr\/produkt-kategorie\/rind-fr\/\" rel=\"tag\">Viande de b\u0153uf s\u00e9ch\u00e9e<\/a><div class=\"fusion-carousel-price\">\n\t<span class=\"price\"><span class=\"woocommerce-Price-amount amount\"><bdi><span class=\"woocommerce-Price-currencySymbol\">&#67;&#72;&#70;<\/span>&nbsp;107.00<\/bdi><\/span> <small class=\"woocommerce-price-suffix\">hors TVA (2,6%)<\/small><\/span>\n<\/div><\/div><\/div><\/div><\/div><div class=\"swiper-slide\"><div class=\"fusion-clean-product-image-wrapper\"><div class=\"fusion-carousel-item-wrapper\"><div  class=\"fusion-image-wrapper\" aria-haspopup=\"true\">\n\t\t\t\t<div class=\"fusion-woo-badges-wrapper\">\n<\/div><img decoding=\"async\" width=\"1024\" height=\"683\" src=\"https:\/\/pappy-vuc.ch\/wp-content\/uploads\/2021\/01\/Edelweiss_221A4390.jpg\" class=\"attachment-full size-full lazyload wp-post-image\" alt=\"Trockenfleisch Edelweiss vom Rind bei Pappy Vuc bestellen\" srcset=\"data:image\/svg+xml,%3Csvg%20xmlns%3D%27http%3A%2F%2Fwww.w3.org%2F2000%2Fsvg%27%20width%3D%271024%27%20height%3D%27683%27%20viewBox%3D%270%200%201024%20683%27%3E%3Crect%20width%3D%271024%27%20height%3D%27683%27%20fill-opacity%3D%220%22%2F%3E%3C%2Fsvg%3E\" data-orig-src=\"https:\/\/pappy-vuc.ch\/wp-content\/uploads\/2021\/01\/Edelweiss_221A4390.jpg\" data-srcset=\"https:\/\/pappy-vuc.ch\/wp-content\/uploads\/2021\/01\/Edelweiss_221A4390-200x133.jpg 200w, https:\/\/pappy-vuc.ch\/wp-content\/uploads\/2021\/01\/Edelweiss_221A4390-400x267.jpg 400w, https:\/\/pappy-vuc.ch\/wp-content\/uploads\/2021\/01\/Edelweiss_221A4390-600x400.jpg 600w, https:\/\/pappy-vuc.ch\/wp-content\/uploads\/2021\/01\/Edelweiss_221A4390-800x534.jpg 800w, https:\/\/pappy-vuc.ch\/wp-content\/uploads\/2021\/01\/Edelweiss_221A4390.jpg 1024w\" data-sizes=\"auto\" \/><div class=\"fusion-rollover\">\n\t<div class=\"fusion-rollover-content\">\n\n\t\t\t\t\n\t\t\n\t\t\t\t\t\t\t\t\n\t\t\t\t\t\t\t\t\n\t\t\n\t\t\t\t\t\t\t\t\n\t\t\t\t\t\t\n\t\t\t\t\t\t\t\t\t\t<div class=\"fusion-product-buttons\">\n\t\t\t\t\t<a href=\"\/fr\/wp-json\/wp\/v2\/pages\/3286?add-to-cart=3781\" aria-describedby=\"woocommerce_loop_add_to_cart_link_describedby_3781\" data-quantity=\"1\" class=\"button product_type_simple add_to_cart_button ajax_add_to_cart\" data-product_id=\"3781\" data-product_sku=\"\" aria-label=\"Ajouter au panier\u00a0: &ldquo;Viande s\u00e9ch\u00e9e B\u0153uf Edelweiss&rdquo;\" rel=\"nofollow\">Ajouter au panier<\/a>\t<span id=\"woocommerce_loop_add_to_cart_link_describedby_3781\" class=\"screen-reader-text\">\n\t\t\t<\/span>\n<span class=\"fusion-rollover-linebreak\">\n\t\/<\/span>\n\n<a href=\"https:\/\/pappy-vuc.ch\/fr\/produit\/rind-edelweiss\/\" class=\"show_details_button\">\n\tD\u00e9tails<\/a>\n\n\t\t\t\t<\/div>\n\t\t\t\t\t\t\t\t\t<a class=\"fusion-link-wrapper\" href=\"https:\/\/pappy-vuc.ch\/fr\/produit\/rind-edelweiss\/\" aria-label=\"Viande s\u00e9ch\u00e9e B\u0153uf Edelweiss\"><\/a>\n\t<\/div>\n<\/div>\n<\/div>\n<h4 class=\"fusion-carousel-title product-title\"><a href=\"https:\/\/pappy-vuc.ch\/fr\/produit\/rind-edelweiss\/\" target=\"_self\">Viande s\u00e9ch\u00e9e B\u0153uf Edelweiss<\/a><\/h4><div class=\"fusion-carousel-meta\"><a href=\"https:\/\/pappy-vuc.ch\/fr\/produkt-kategorie\/rind-fr\/\" rel=\"tag\">Viande de b\u0153uf s\u00e9ch\u00e9e<\/a><div class=\"fusion-carousel-price\">\n\t<span class=\"price\"><span class=\"woocommerce-Price-amount amount\"><bdi><span class=\"woocommerce-Price-currencySymbol\">&#67;&#72;&#70;<\/span>&nbsp;118.00<\/bdi><\/span> <small class=\"woocommerce-price-suffix\">hors TVA (2,6%)<\/small><\/span>\n<\/div><\/div><\/div><\/div><\/div><div class=\"swiper-slide\"><div class=\"fusion-clean-product-image-wrapper\"><div class=\"fusion-carousel-item-wrapper\"><div  class=\"fusion-image-wrapper\" aria-haspopup=\"true\">\n\t\t\t\t<div class=\"fusion-woo-badges-wrapper\">\n<\/div><img decoding=\"async\" width=\"1024\" height=\"683\" src=\"https:\/\/pappy-vuc.ch\/wp-content\/uploads\/2021\/01\/Pfeffer-Rinds_221A4428.jpg\" class=\"attachment-full size-full lazyload wp-post-image\" alt=\"Schwarzer Pfeffer Trockenfleisch vom Rind | Pappy Vuc\" srcset=\"data:image\/svg+xml,%3Csvg%20xmlns%3D%27http%3A%2F%2Fwww.w3.org%2F2000%2Fsvg%27%20width%3D%271024%27%20height%3D%27683%27%20viewBox%3D%270%200%201024%20683%27%3E%3Crect%20width%3D%271024%27%20height%3D%27683%27%20fill-opacity%3D%220%22%2F%3E%3C%2Fsvg%3E\" data-orig-src=\"https:\/\/pappy-vuc.ch\/wp-content\/uploads\/2021\/01\/Pfeffer-Rinds_221A4428.jpg\" data-srcset=\"https:\/\/pappy-vuc.ch\/wp-content\/uploads\/2021\/01\/Pfeffer-Rinds_221A4428-200x133.jpg 200w, https:\/\/pappy-vuc.ch\/wp-content\/uploads\/2021\/01\/Pfeffer-Rinds_221A4428-400x267.jpg 400w, https:\/\/pappy-vuc.ch\/wp-content\/uploads\/2021\/01\/Pfeffer-Rinds_221A4428-600x400.jpg 600w, https:\/\/pappy-vuc.ch\/wp-content\/uploads\/2021\/01\/Pfeffer-Rinds_221A4428-800x534.jpg 800w, https:\/\/pappy-vuc.ch\/wp-content\/uploads\/2021\/01\/Pfeffer-Rinds_221A4428.jpg 1024w\" data-sizes=\"auto\" \/><div class=\"fusion-rollover\">\n\t<div class=\"fusion-rollover-content\">\n\n\t\t\t\t\n\t\t\n\t\t\t\t\t\t\t\t\n\t\t\t\t\t\t\t\t\n\t\t\n\t\t\t\t\t\t\t\t\n\t\t\t\t\t\t\n\t\t\t\t\t\t\t\t\t\t<div class=\"fusion-product-buttons\">\n\t\t\t\t\t<a href=\"\/fr\/wp-json\/wp\/v2\/pages\/3286?add-to-cart=3682\" aria-describedby=\"woocommerce_loop_add_to_cart_link_describedby_3682\" data-quantity=\"1\" class=\"button product_type_simple add_to_cart_button ajax_add_to_cart\" data-product_id=\"3682\" data-product_sku=\"\" aria-label=\"Ajouter au panier\u00a0: &ldquo;Viande s\u00e9ch\u00e9e Boeuf pur poivre&rdquo;\" rel=\"nofollow\">Ajouter au panier<\/a>\t<span id=\"woocommerce_loop_add_to_cart_link_describedby_3682\" class=\"screen-reader-text\">\n\t\t\t<\/span>\n<span class=\"fusion-rollover-linebreak\">\n\t\/<\/span>\n\n<a href=\"https:\/\/pappy-vuc.ch\/fr\/produit\/rind-pure-poivre\/\" class=\"show_details_button\">\n\tD\u00e9tails<\/a>\n\n\t\t\t\t<\/div>\n\t\t\t\t\t\t\t\t\t<a class=\"fusion-link-wrapper\" href=\"https:\/\/pappy-vuc.ch\/fr\/produit\/rind-pure-poivre\/\" aria-label=\"Viande s\u00e9ch\u00e9e Boeuf pur poivre\"><\/a>\n\t<\/div>\n<\/div>\n<\/div>\n<h4 class=\"fusion-carousel-title product-title\"><a href=\"https:\/\/pappy-vuc.ch\/fr\/produit\/rind-pure-poivre\/\" target=\"_self\">Viande s\u00e9ch\u00e9e Boeuf pur poivre<\/a><\/h4><div class=\"fusion-carousel-meta\"><a href=\"https:\/\/pappy-vuc.ch\/fr\/produkt-kategorie\/rind-fr\/\" rel=\"tag\">Viande de b\u0153uf s\u00e9ch\u00e9e<\/a><div class=\"fusion-carousel-price\">\n\t<span class=\"price\"><span class=\"woocommerce-Price-amount amount\"><bdi><span class=\"woocommerce-Price-currencySymbol\">&#67;&#72;&#70;<\/span>&nbsp;107.00<\/bdi><\/span> <small class=\"woocommerce-price-suffix\">hors TVA (2,6%)<\/small><\/span>\n<\/div><\/div><\/div><\/div><\/div><div class=\"swiper-slide\"><div class=\"fusion-clean-product-image-wrapper\"><div class=\"fusion-carousel-item-wrapper\"><div  class=\"fusion-image-wrapper\" aria-haspopup=\"true\">\n\t\t\t\t<div class=\"fusion-woo-badges-wrapper\">\n<\/div><img decoding=\"async\" width=\"1024\" height=\"683\" src=\"https:\/\/pappy-vuc.ch\/wp-content\/uploads\/2021\/01\/Rosa-Pfeffer_221A4435.jpg\" class=\"attachment-full size-full lazyload wp-post-image\" alt=\"Rosa Pfeffer Gourmet Trockenfleisch online kaufen\" srcset=\"data:image\/svg+xml,%3Csvg%20xmlns%3D%27http%3A%2F%2Fwww.w3.org%2F2000%2Fsvg%27%20width%3D%271024%27%20height%3D%27683%27%20viewBox%3D%270%200%201024%20683%27%3E%3Crect%20width%3D%271024%27%20height%3D%27683%27%20fill-opacity%3D%220%22%2F%3E%3C%2Fsvg%3E\" data-orig-src=\"https:\/\/pappy-vuc.ch\/wp-content\/uploads\/2021\/01\/Rosa-Pfeffer_221A4435.jpg\" data-srcset=\"https:\/\/pappy-vuc.ch\/wp-content\/uploads\/2021\/01\/Rosa-Pfeffer_221A4435-200x133.jpg 200w, https:\/\/pappy-vuc.ch\/wp-content\/uploads\/2021\/01\/Rosa-Pfeffer_221A4435-400x267.jpg 400w, https:\/\/pappy-vuc.ch\/wp-content\/uploads\/2021\/01\/Rosa-Pfeffer_221A4435-600x400.jpg 600w, https:\/\/pappy-vuc.ch\/wp-content\/uploads\/2021\/01\/Rosa-Pfeffer_221A4435-800x534.jpg 800w, https:\/\/pappy-vuc.ch\/wp-content\/uploads\/2021\/01\/Rosa-Pfeffer_221A4435.jpg 1024w\" data-sizes=\"auto\" \/><div class=\"fusion-rollover\">\n\t<div class=\"fusion-rollover-content\">\n\n\t\t\t\t\n\t\t\n\t\t\t\t\t\t\t\t\n\t\t\t\t\t\t\t\t\n\t\t\n\t\t\t\t\t\t\t\t\n\t\t\t\t\t\t\n\t\t\t\t\t\t\t\t\t\t<div class=\"fusion-product-buttons\">\n\t\t\t\t\t<a href=\"\/fr\/wp-json\/wp\/v2\/pages\/3286?add-to-cart=3650\" aria-describedby=\"woocommerce_loop_add_to_cart_link_describedby_3650\" data-quantity=\"1\" class=\"button product_type_simple add_to_cart_button ajax_add_to_cart\" data-product_id=\"3650\" data-product_sku=\"\" aria-label=\"Ajouter au panier\u00a0: &ldquo;Viande s\u00e9ch\u00e9e Boeuf Poivre Rose&rdquo;\" rel=\"nofollow\">Ajouter au panier<\/a>\t<span id=\"woocommerce_loop_add_to_cart_link_describedby_3650\" class=\"screen-reader-text\">\n\t\t\t<\/span>\n<span class=\"fusion-rollover-linebreak\">\n\t\/<\/span>\n\n<a href=\"https:\/\/pappy-vuc.ch\/fr\/produit\/rind-poivre-rose\/\" class=\"show_details_button\">\n\tD\u00e9tails<\/a>\n\n\t\t\t\t<\/div>\n\t\t\t\t\t\t\t\t\t<a class=\"fusion-link-wrapper\" href=\"https:\/\/pappy-vuc.ch\/fr\/produit\/rind-poivre-rose\/\" aria-label=\"Viande s\u00e9ch\u00e9e Boeuf Poivre Rose\"><\/a>\n\t<\/div>\n<\/div>\n<\/div>\n<h4 class=\"fusion-carousel-title product-title\"><a href=\"https:\/\/pappy-vuc.ch\/fr\/produit\/rind-poivre-rose\/\" target=\"_self\">Viande s\u00e9ch\u00e9e Boeuf Poivre Rose<\/a><\/h4><div class=\"fusion-carousel-meta\"><a href=\"https:\/\/pappy-vuc.ch\/fr\/produkt-kategorie\/rind-fr\/\" rel=\"tag\">Viande de b\u0153uf s\u00e9ch\u00e9e<\/a><div class=\"fusion-carousel-price\">\n\t<span class=\"price\"><span class=\"woocommerce-Price-amount amount\"><bdi><span class=\"woocommerce-Price-currencySymbol\">&#67;&#72;&#70;<\/span>&nbsp;107.00<\/bdi><\/span> <small class=\"woocommerce-price-suffix\">hors TVA (2,6%)<\/small><\/span>\n<\/div><\/div><\/div><\/div><\/div><div class=\"swiper-slide\"><div class=\"fusion-clean-product-image-wrapper\"><div class=\"fusion-carousel-item-wrapper\"><div  class=\"fusion-image-wrapper\" aria-haspopup=\"true\">\n\t\t\t\t<div class=\"fusion-woo-badges-wrapper\">\n<\/div><img decoding=\"async\" width=\"1024\" height=\"683\" src=\"https:\/\/pappy-vuc.ch\/wp-content\/uploads\/2021\/01\/Genepi_221A4419.jpg\" class=\"attachment-full size-full lazyload wp-post-image\" alt=\"Rosa Pfeffer Gourmet Trockenfleisch online kaufen\" srcset=\"data:image\/svg+xml,%3Csvg%20xmlns%3D%27http%3A%2F%2Fwww.w3.org%2F2000%2Fsvg%27%20width%3D%271024%27%20height%3D%27683%27%20viewBox%3D%270%200%201024%20683%27%3E%3Crect%20width%3D%271024%27%20height%3D%27683%27%20fill-opacity%3D%220%22%2F%3E%3C%2Fsvg%3E\" data-orig-src=\"https:\/\/pappy-vuc.ch\/wp-content\/uploads\/2021\/01\/Genepi_221A4419.jpg\" data-srcset=\"https:\/\/pappy-vuc.ch\/wp-content\/uploads\/2021\/01\/Genepi_221A4419-200x133.jpg 200w, https:\/\/pappy-vuc.ch\/wp-content\/uploads\/2021\/01\/Genepi_221A4419-400x267.jpg 400w, https:\/\/pappy-vuc.ch\/wp-content\/uploads\/2021\/01\/Genepi_221A4419-600x400.jpg 600w, https:\/\/pappy-vuc.ch\/wp-content\/uploads\/2021\/01\/Genepi_221A4419-800x534.jpg 800w, https:\/\/pappy-vuc.ch\/wp-content\/uploads\/2021\/01\/Genepi_221A4419.jpg 1024w\" data-sizes=\"auto\" \/><div class=\"fusion-rollover\">\n\t<div class=\"fusion-rollover-content\">\n\n\t\t\t\t\n\t\t\n\t\t\t\t\t\t\t\t\n\t\t\t\t\t\t\t\t\n\t\t\n\t\t\t\t\t\t\t\t\n\t\t\t\t\t\t\n\t\t\t\t\t\t\t\t\t\t<div class=\"fusion-product-buttons\">\n\t\t\t\t\t<a href=\"\/fr\/wp-json\/wp\/v2\/pages\/3286?add-to-cart=3618\" aria-describedby=\"woocommerce_loop_add_to_cart_link_describedby_3618\" data-quantity=\"1\" class=\"button product_type_simple add_to_cart_button ajax_add_to_cart\" data-product_id=\"3618\" data-product_sku=\"\" aria-label=\"Ajouter au panier\u00a0: &ldquo;Viande s\u00e9ch\u00e9e B\u0153uf G\u00e9n\u00e9py&rdquo;\" rel=\"nofollow\">Ajouter au panier<\/a>\t<span id=\"woocommerce_loop_add_to_cart_link_describedby_3618\" class=\"screen-reader-text\">\n\t\t\t<\/span>\n<span class=\"fusion-rollover-linebreak\">\n\t\/<\/span>\n\n<a href=\"https:\/\/pappy-vuc.ch\/fr\/produit\/rind-genepy\/\" class=\"show_details_button\">\n\tD\u00e9tails<\/a>\n\n\t\t\t\t<\/div>\n\t\t\t\t\t\t\t\t\t<a class=\"fusion-link-wrapper\" href=\"https:\/\/pappy-vuc.ch\/fr\/produit\/rind-genepy\/\" aria-label=\"Viande s\u00e9ch\u00e9e B\u0153uf G\u00e9n\u00e9py\"><\/a>\n\t<\/div>\n<\/div>\n<\/div>\n<h4 class=\"fusion-carousel-title product-title\"><a href=\"https:\/\/pappy-vuc.ch\/fr\/produit\/rind-genepy\/\" target=\"_self\">Viande s\u00e9ch\u00e9e B\u0153uf G\u00e9n\u00e9py<\/a><\/h4><div class=\"fusion-carousel-meta\"><a href=\"https:\/\/pappy-vuc.ch\/fr\/produkt-kategorie\/rind-fr\/\" rel=\"tag\">Viande de b\u0153uf s\u00e9ch\u00e9e<\/a><div class=\"fusion-carousel-price\">\n\t<span class=\"price\"><span class=\"woocommerce-Price-amount amount\"><bdi><span class=\"woocommerce-Price-currencySymbol\">&#67;&#72;&#70;<\/span>&nbsp;112.00<\/bdi><\/span> <small class=\"woocommerce-price-suffix\">hors TVA (2,6%)<\/small><\/span>\n<\/div><\/div><\/div><\/div><\/div><div class=\"swiper-slide\"><div class=\"fusion-clean-product-image-wrapper\"><div class=\"fusion-carousel-item-wrapper\"><div  class=\"fusion-image-wrapper\" aria-haspopup=\"true\">\n\t\t\t\t<div class=\"fusion-woo-badges-wrapper\">\n<\/div><img decoding=\"async\" width=\"1024\" height=\"683\" src=\"https:\/\/pappy-vuc.ch\/wp-content\/uploads\/2021\/01\/Rosmarin_221A4447.jpg\" class=\"attachment-full size-full lazyload wp-post-image\" alt=\"Rosmarin Trockenfleisch online bestellen bei Pappy Vuc\" srcset=\"data:image\/svg+xml,%3Csvg%20xmlns%3D%27http%3A%2F%2Fwww.w3.org%2F2000%2Fsvg%27%20width%3D%271024%27%20height%3D%27683%27%20viewBox%3D%270%200%201024%20683%27%3E%3Crect%20width%3D%271024%27%20height%3D%27683%27%20fill-opacity%3D%220%22%2F%3E%3C%2Fsvg%3E\" data-orig-src=\"https:\/\/pappy-vuc.ch\/wp-content\/uploads\/2021\/01\/Rosmarin_221A4447.jpg\" data-srcset=\"https:\/\/pappy-vuc.ch\/wp-content\/uploads\/2021\/01\/Rosmarin_221A4447-200x133.jpg 200w, https:\/\/pappy-vuc.ch\/wp-content\/uploads\/2021\/01\/Rosmarin_221A4447-400x267.jpg 400w, https:\/\/pappy-vuc.ch\/wp-content\/uploads\/2021\/01\/Rosmarin_221A4447-600x400.jpg 600w, https:\/\/pappy-vuc.ch\/wp-content\/uploads\/2021\/01\/Rosmarin_221A4447-800x534.jpg 800w, https:\/\/pappy-vuc.ch\/wp-content\/uploads\/2021\/01\/Rosmarin_221A4447.jpg 1024w\" data-sizes=\"auto\" \/><div class=\"fusion-rollover\">\n\t<div class=\"fusion-rollover-content\">\n\n\t\t\t\t\n\t\t\n\t\t\t\t\t\t\t\t\n\t\t\t\t\t\t\t\t\n\t\t\n\t\t\t\t\t\t\t\t\n\t\t\t\t\t\t\n\t\t\t\t\t\t\t\t\t\t<div class=\"fusion-product-buttons\">\n\t\t\t\t\t<a href=\"\/fr\/wp-json\/wp\/v2\/pages\/3286?add-to-cart=3586\" aria-describedby=\"woocommerce_loop_add_to_cart_link_describedby_3586\" data-quantity=\"1\" class=\"button product_type_simple add_to_cart_button ajax_add_to_cart\" data-product_id=\"3586\" data-product_sku=\"\" aria-label=\"Ajouter au panier\u00a0: &ldquo;Viande s\u00e9ch\u00e9e Boeuf au romarin&rdquo;\" rel=\"nofollow\">Ajouter au panier<\/a>\t<span id=\"woocommerce_loop_add_to_cart_link_describedby_3586\" class=\"screen-reader-text\">\n\t\t\t<\/span>\n<span class=\"fusion-rollover-linebreak\">\n\t\/<\/span>\n\n<a href=\"https:\/\/pappy-vuc.ch\/fr\/produit\/rind-rosmarin\/\" class=\"show_details_button\">\n\tD\u00e9tails<\/a>\n\n\t\t\t\t<\/div>\n\t\t\t\t\t\t\t\t\t<a class=\"fusion-link-wrapper\" href=\"https:\/\/pappy-vuc.ch\/fr\/produit\/rind-rosmarin\/\" aria-label=\"Viande s\u00e9ch\u00e9e Boeuf au romarin\"><\/a>\n\t<\/div>\n<\/div>\n<\/div>\n<h4 class=\"fusion-carousel-title product-title\"><a href=\"https:\/\/pappy-vuc.ch\/fr\/produit\/rind-rosmarin\/\" target=\"_self\">Viande s\u00e9ch\u00e9e Boeuf au romarin<\/a><\/h4><div class=\"fusion-carousel-meta\"><a href=\"https:\/\/pappy-vuc.ch\/fr\/produkt-kategorie\/rind-fr\/\" rel=\"tag\">Viande de b\u0153uf s\u00e9ch\u00e9e<\/a><div class=\"fusion-carousel-price\">\n\t<span class=\"price\"><span class=\"woocommerce-Price-amount amount\"><bdi><span class=\"woocommerce-Price-currencySymbol\">&#67;&#72;&#70;<\/span>&nbsp;107.00<\/bdi><\/span> <small class=\"woocommerce-price-suffix\">hors TVA (2,6%)<\/small><\/span>\n<\/div><\/div><\/div><\/div><\/div><div class=\"swiper-slide\"><div class=\"fusion-clean-product-image-wrapper\"><div class=\"fusion-carousel-item-wrapper\"><div  class=\"fusion-image-wrapper\" aria-haspopup=\"true\">\n\t\t\t\t<div class=\"fusion-woo-badges-wrapper\">\n<\/div><img decoding=\"async\" width=\"1024\" height=\"683\" src=\"https:\/\/pappy-vuc.ch\/wp-content\/uploads\/2021\/01\/Thymian_221A4455.jpg\" class=\"attachment-full size-full lazyload wp-post-image\" alt=\"Trockenfleisch erster Klasse von Pappy Vuc: Thymian\" srcset=\"data:image\/svg+xml,%3Csvg%20xmlns%3D%27http%3A%2F%2Fwww.w3.org%2F2000%2Fsvg%27%20width%3D%271024%27%20height%3D%27683%27%20viewBox%3D%270%200%201024%20683%27%3E%3Crect%20width%3D%271024%27%20height%3D%27683%27%20fill-opacity%3D%220%22%2F%3E%3C%2Fsvg%3E\" data-orig-src=\"https:\/\/pappy-vuc.ch\/wp-content\/uploads\/2021\/01\/Thymian_221A4455.jpg\" data-srcset=\"https:\/\/pappy-vuc.ch\/wp-content\/uploads\/2021\/01\/Thymian_221A4455-200x133.jpg 200w, https:\/\/pappy-vuc.ch\/wp-content\/uploads\/2021\/01\/Thymian_221A4455-400x267.jpg 400w, https:\/\/pappy-vuc.ch\/wp-content\/uploads\/2021\/01\/Thymian_221A4455-600x400.jpg 600w, https:\/\/pappy-vuc.ch\/wp-content\/uploads\/2021\/01\/Thymian_221A4455-800x534.jpg 800w, https:\/\/pappy-vuc.ch\/wp-content\/uploads\/2021\/01\/Thymian_221A4455.jpg 1024w\" data-sizes=\"auto\" \/><div class=\"fusion-rollover\">\n\t<div class=\"fusion-rollover-content\">\n\n\t\t\t\t\n\t\t\n\t\t\t\t\t\t\t\t\n\t\t\t\t\t\t\t\t\n\t\t\n\t\t\t\t\t\t\t\t\n\t\t\t\t\t\t\n\t\t\t\t\t\t\t\t\t\t<div class=\"fusion-product-buttons\">\n\t\t\t\t\t<a href=\"\/fr\/wp-json\/wp\/v2\/pages\/3286?add-to-cart=3746\" aria-describedby=\"woocommerce_loop_add_to_cart_link_describedby_3746\" data-quantity=\"1\" class=\"button product_type_simple add_to_cart_button ajax_add_to_cart\" data-product_id=\"3746\" data-product_sku=\"\" aria-label=\"Ajouter au panier\u00a0: &ldquo;Viande s\u00e9ch\u00e9e B\u0153uf au thym&rdquo;\" rel=\"nofollow\">Ajouter au panier<\/a>\t<span id=\"woocommerce_loop_add_to_cart_link_describedby_3746\" class=\"screen-reader-text\">\n\t\t\t<\/span>\n<span class=\"fusion-rollover-linebreak\">\n\t\/<\/span>\n\n<a href=\"https:\/\/pappy-vuc.ch\/fr\/produit\/rind-thymian\/\" class=\"show_details_button\">\n\tD\u00e9tails<\/a>\n\n\t\t\t\t<\/div>\n\t\t\t\t\t\t\t\t\t<a class=\"fusion-link-wrapper\" href=\"https:\/\/pappy-vuc.ch\/fr\/produit\/rind-thymian\/\" aria-label=\"Viande s\u00e9ch\u00e9e B\u0153uf au thym\"><\/a>\n\t<\/div>\n<\/div>\n<\/div>\n<h4 class=\"fusion-carousel-title product-title\"><a href=\"https:\/\/pappy-vuc.ch\/fr\/produit\/rind-thymian\/\" target=\"_self\">Viande s\u00e9ch\u00e9e B\u0153uf au thym<\/a><\/h4><div class=\"fusion-carousel-meta\"><a href=\"https:\/\/pappy-vuc.ch\/fr\/produkt-kategorie\/rind-fr\/\" rel=\"tag\">Viande de b\u0153uf s\u00e9ch\u00e9e<\/a><div class=\"fusion-carousel-price\">\n\t<span class=\"price\"><span class=\"woocommerce-Price-amount amount\"><bdi><span class=\"woocommerce-Price-currencySymbol\">&#67;&#72;&#70;<\/span>&nbsp;107.00<\/bdi><\/span> <small class=\"woocommerce-price-suffix\">hors TVA (2,6%)<\/small><\/span>\n<\/div><\/div><\/div><\/div><\/div><div class=\"swiper-slide\"><div class=\"fusion-clean-product-image-wrapper\"><div class=\"fusion-carousel-item-wrapper\"><div  class=\"fusion-image-wrapper\" aria-haspopup=\"true\">\n\t\t\t\t<div class=\"fusion-woo-badges-wrapper\">\n<\/div><img decoding=\"async\" width=\"1024\" height=\"683\" src=\"https:\/\/pappy-vuc.ch\/wp-content\/uploads\/2021\/01\/Alpenkra\u0308uter_221A4499.jpg\" class=\"attachment-full size-full lazyload wp-post-image\" alt=\"Schweizer Trockenfleisch: Alpenkr\u00e4uter von Pappy Vuc\" srcset=\"data:image\/svg+xml,%3Csvg%20xmlns%3D%27http%3A%2F%2Fwww.w3.org%2F2000%2Fsvg%27%20width%3D%271024%27%20height%3D%27683%27%20viewBox%3D%270%200%201024%20683%27%3E%3Crect%20width%3D%271024%27%20height%3D%27683%27%20fill-opacity%3D%220%22%2F%3E%3C%2Fsvg%3E\" data-orig-src=\"https:\/\/pappy-vuc.ch\/wp-content\/uploads\/2021\/01\/Alpenkra\u0308uter_221A4499.jpg\" data-srcset=\"https:\/\/pappy-vuc.ch\/wp-content\/uploads\/2021\/01\/Alpenkra\u0308uter_221A4499-200x133.jpg 200w, https:\/\/pappy-vuc.ch\/wp-content\/uploads\/2021\/01\/Alpenkra\u0308uter_221A4499-400x267.jpg 400w, https:\/\/pappy-vuc.ch\/wp-content\/uploads\/2021\/01\/Alpenkra\u0308uter_221A4499-600x400.jpg 600w, https:\/\/pappy-vuc.ch\/wp-content\/uploads\/2021\/01\/Alpenkra\u0308uter_221A4499-800x534.jpg 800w, https:\/\/pappy-vuc.ch\/wp-content\/uploads\/2021\/01\/Alpenkra\u0308uter_221A4499.jpg 1024w\" data-sizes=\"auto\" \/><div class=\"fusion-rollover\">\n\t<div class=\"fusion-rollover-content\">\n\n\t\t\t\t\n\t\t\n\t\t\t\t\t\t\t\t\n\t\t\t\t\t\t\t\t\n\t\t\n\t\t\t\t\t\t\t\t\n\t\t\t\t\t\t\n\t\t\t\t\t\t\t\t\t\t<div class=\"fusion-product-buttons\">\n\t\t\t\t\t<a href=\"\/fr\/wp-json\/wp\/v2\/pages\/3286?add-to-cart=3532\" aria-describedby=\"woocommerce_loop_add_to_cart_link_describedby_3532\" data-quantity=\"1\" class=\"button product_type_simple add_to_cart_button ajax_add_to_cart\" data-product_id=\"3532\" data-product_sku=\"\" aria-label=\"Ajouter au panier\u00a0: &ldquo;Jambon s\u00e9ch\u00e9 des Alpes&rdquo;\" rel=\"nofollow\">Ajouter au panier<\/a>\t<span id=\"woocommerce_loop_add_to_cart_link_describedby_3532\" class=\"screen-reader-text\">\n\t\t\t<\/span>\n<span class=\"fusion-rollover-linebreak\">\n\t\/<\/span>\n\n<a href=\"https:\/\/pappy-vuc.ch\/fr\/produit\/alpen-trocken-schinken\/\" class=\"show_details_button\">\n\tD\u00e9tails<\/a>\n\n\t\t\t\t<\/div>\n\t\t\t\t\t\t\t\t\t<a class=\"fusion-link-wrapper\" href=\"https:\/\/pappy-vuc.ch\/fr\/produit\/alpen-trocken-schinken\/\" aria-label=\"Jambon s\u00e9ch\u00e9 des Alpes\"><\/a>\n\t<\/div>\n<\/div>\n<\/div>\n<h4 class=\"fusion-carousel-title product-title\"><a href=\"https:\/\/pappy-vuc.ch\/fr\/produit\/alpen-trocken-schinken\/\" target=\"_self\">Jambon s\u00e9ch\u00e9 des Alpes<\/a><\/h4><div class=\"fusion-carousel-meta\"><a href=\"https:\/\/pappy-vuc.ch\/fr\/produkt-kategorie\/schwein-fr\/\" rel=\"tag\">Jambon s\u00e9ch\u00e9<\/a><div class=\"fusion-carousel-price\">\n\t<span class=\"price\"><span class=\"woocommerce-Price-amount amount\"><bdi><span class=\"woocommerce-Price-currencySymbol\">&#67;&#72;&#70;<\/span>&nbsp;75.00<\/bdi><\/span> <small class=\"woocommerce-price-suffix\">hors TVA (2,6%)<\/small><\/span>\n<\/div><\/div><\/div><\/div><\/div><div class=\"swiper-slide\"><div class=\"fusion-clean-product-image-wrapper\"><div class=\"fusion-carousel-item-wrapper\"><div  class=\"fusion-image-wrapper\" aria-haspopup=\"true\">\n\t\t\t\t<div class=\"fusion-woo-badges-wrapper\">\n<\/div><img decoding=\"async\" width=\"1024\" height=\"683\" src=\"https:\/\/pappy-vuc.ch\/wp-content\/uploads\/2021\/01\/Pfeffer-Schicnken_221A4476.jpg\" class=\"attachment-full size-full lazyload wp-post-image\" alt=\"Schweizer Trockenfleisch: Alpenkr\u00e4uter von Pappy Vuc\" srcset=\"data:image\/svg+xml,%3Csvg%20xmlns%3D%27http%3A%2F%2Fwww.w3.org%2F2000%2Fsvg%27%20width%3D%271024%27%20height%3D%27683%27%20viewBox%3D%270%200%201024%20683%27%3E%3Crect%20width%3D%271024%27%20height%3D%27683%27%20fill-opacity%3D%220%22%2F%3E%3C%2Fsvg%3E\" data-orig-src=\"https:\/\/pappy-vuc.ch\/wp-content\/uploads\/2021\/01\/Pfeffer-Schicnken_221A4476.jpg\" data-srcset=\"https:\/\/pappy-vuc.ch\/wp-content\/uploads\/2021\/01\/Pfeffer-Schicnken_221A4476-200x133.jpg 200w, https:\/\/pappy-vuc.ch\/wp-content\/uploads\/2021\/01\/Pfeffer-Schicnken_221A4476-400x267.jpg 400w, https:\/\/pappy-vuc.ch\/wp-content\/uploads\/2021\/01\/Pfeffer-Schicnken_221A4476-600x400.jpg 600w, https:\/\/pappy-vuc.ch\/wp-content\/uploads\/2021\/01\/Pfeffer-Schicnken_221A4476-800x534.jpg 800w, https:\/\/pappy-vuc.ch\/wp-content\/uploads\/2021\/01\/Pfeffer-Schicnken_221A4476.jpg 1024w\" data-sizes=\"auto\" \/><div class=\"fusion-rollover\">\n\t<div class=\"fusion-rollover-content\">\n\n\t\t\t\t\n\t\t\n\t\t\t\t\t\t\t\t\n\t\t\t\t\t\t\t\t\n\t\t\n\t\t\t\t\t\t\t\t\n\t\t\t\t\t\t\n\t\t\t\t\t\t\t\t\t\t<div class=\"fusion-product-buttons\">\n\t\t\t\t\t<a href=\"\/fr\/wp-json\/wp\/v2\/pages\/3286?add-to-cart=3500\" aria-describedby=\"woocommerce_loop_add_to_cart_link_describedby_3500\" data-quantity=\"1\" class=\"button product_type_simple add_to_cart_button ajax_add_to_cart\" data-product_id=\"3500\" data-product_sku=\"\" aria-label=\"Ajouter au panier\u00a0: &ldquo;Jambon s\u00e9ch\u00e9 Pur Poivre&rdquo;\" rel=\"nofollow\">Ajouter au panier<\/a>\t<span id=\"woocommerce_loop_add_to_cart_link_describedby_3500\" class=\"screen-reader-text\">\n\t\t\t<\/span>\n<span class=\"fusion-rollover-linebreak\">\n\t\/<\/span>\n\n<a href=\"https:\/\/pappy-vuc.ch\/fr\/produit\/schinken-pure-poivre\/\" class=\"show_details_button\">\n\tD\u00e9tails<\/a>\n\n\t\t\t\t<\/div>\n\t\t\t\t\t\t\t\t\t<a class=\"fusion-link-wrapper\" href=\"https:\/\/pappy-vuc.ch\/fr\/produit\/schinken-pure-poivre\/\" aria-label=\"Jambon s\u00e9ch\u00e9 Pur Poivre\"><\/a>\n\t<\/div>\n<\/div>\n<\/div>\n<h4 class=\"fusion-carousel-title product-title\"><a href=\"https:\/\/pappy-vuc.ch\/fr\/produit\/schinken-pure-poivre\/\" target=\"_self\">Jambon s\u00e9ch\u00e9 Pur Poivre<\/a><\/h4><div class=\"fusion-carousel-meta\"><a href=\"https:\/\/pappy-vuc.ch\/fr\/produkt-kategorie\/schwein-fr\/\" rel=\"tag\">Jambon s\u00e9ch\u00e9<\/a><div class=\"fusion-carousel-price\">\n\t<span class=\"price\"><span class=\"woocommerce-Price-amount amount\"><bdi><span class=\"woocommerce-Price-currencySymbol\">&#67;&#72;&#70;<\/span>&nbsp;75.00<\/bdi><\/span> <small class=\"woocommerce-price-suffix\">hors TVA (2,6%)<\/small><\/span>\n<\/div><\/div><\/div><\/div><\/div><div class=\"swiper-slide\"><div class=\"fusion-clean-product-image-wrapper\"><div class=\"fusion-carousel-item-wrapper\"><div  class=\"fusion-image-wrapper\" aria-haspopup=\"true\">\n\t\t\t\t<div class=\"fusion-woo-badges-wrapper\">\n<\/div><img decoding=\"async\" width=\"1405\" height=\"1080\" src=\"https:\/\/pappy-vuc.ch\/wp-content\/uploads\/2025\/04\/thumbnail_IMG_1522.jpg\" class=\"attachment-full size-full lazyload wp-post-image\" alt=\"\" srcset=\"data:image\/svg+xml,%3Csvg%20xmlns%3D%27http%3A%2F%2Fwww.w3.org%2F2000%2Fsvg%27%20width%3D%271405%27%20height%3D%271080%27%20viewBox%3D%270%200%201405%201080%27%3E%3Crect%20width%3D%271405%27%20height%3D%271080%27%20fill-opacity%3D%220%22%2F%3E%3C%2Fsvg%3E\" data-orig-src=\"https:\/\/pappy-vuc.ch\/wp-content\/uploads\/2025\/04\/thumbnail_IMG_1522.jpg\" data-srcset=\"https:\/\/pappy-vuc.ch\/wp-content\/uploads\/2025\/04\/thumbnail_IMG_1522-200x154.jpg 200w, https:\/\/pappy-vuc.ch\/wp-content\/uploads\/2025\/04\/thumbnail_IMG_1522-400x308.jpg 400w, https:\/\/pappy-vuc.ch\/wp-content\/uploads\/2025\/04\/thumbnail_IMG_1522-600x461.jpg 600w, https:\/\/pappy-vuc.ch\/wp-content\/uploads\/2025\/04\/thumbnail_IMG_1522-800x615.jpg 800w, https:\/\/pappy-vuc.ch\/wp-content\/uploads\/2025\/04\/thumbnail_IMG_1522-1200x923.jpg 1200w, https:\/\/pappy-vuc.ch\/wp-content\/uploads\/2025\/04\/thumbnail_IMG_1522.jpg 1405w\" data-sizes=\"auto\" \/><div class=\"fusion-rollover\">\n\t<div class=\"fusion-rollover-content\">\n\n\t\t\t\t\n\t\t\n\t\t\t\t\t\t\t\t\n\t\t\t\t\t\t\t\t\n\t\t\n\t\t\t\t\t\t\t\t\n\t\t\t\t\t\t\n\t\t\t\t\t\t\t\t\t\t<div class=\"fusion-product-buttons\">\n\t\t\t\t\t<a href=\"\/fr\/wp-json\/wp\/v2\/pages\/3286?add-to-cart=4868\" aria-describedby=\"woocommerce_loop_add_to_cart_link_describedby_4868\" data-quantity=\"1\" class=\"button product_type_simple add_to_cart_button ajax_add_to_cart\" data-product_id=\"4868\" data-product_sku=\"\" aria-label=\"Ajouter au panier\u00a0: &ldquo;Jambon s\u00e9ch\u00e9 \u00e0 la sauge&rdquo;\" rel=\"nofollow\">Ajouter au panier<\/a>\t<span id=\"woocommerce_loop_add_to_cart_link_describedby_4868\" class=\"screen-reader-text\">\n\t\t\t<\/span>\n<span class=\"fusion-rollover-linebreak\">\n\t\/<\/span>\n\n<a href=\"https:\/\/pappy-vuc.ch\/fr\/produit\/jambon-seche-a-lail-kopie\/\" class=\"show_details_button\">\n\tD\u00e9tails<\/a>\n\n\t\t\t\t<\/div>\n\t\t\t\t\t\t\t\t\t<a class=\"fusion-link-wrapper\" href=\"https:\/\/pappy-vuc.ch\/fr\/produit\/jambon-seche-a-lail-kopie\/\" aria-label=\"Jambon s\u00e9ch\u00e9 \u00e0 la sauge\"><\/a>\n\t<\/div>\n<\/div>\n<\/div>\n<h4 class=\"fusion-carousel-title product-title\"><a href=\"https:\/\/pappy-vuc.ch\/fr\/produit\/jambon-seche-a-lail-kopie\/\" target=\"_self\">Jambon s\u00e9ch\u00e9 \u00e0 la sauge<\/a><\/h4><div class=\"fusion-carousel-meta\"><a href=\"https:\/\/pappy-vuc.ch\/fr\/produkt-kategorie\/schwein-fr\/\" rel=\"tag\">Jambon s\u00e9ch\u00e9<\/a><div class=\"fusion-carousel-price\">\n\t<span class=\"price\"><span class=\"woocommerce-Price-amount amount\"><bdi><span class=\"woocommerce-Price-currencySymbol\">&#67;&#72;&#70;<\/span>&nbsp;75.00<\/bdi><\/span> <small class=\"woocommerce-price-suffix\">hors TVA (2,6%)<\/small><\/span>\n<\/div><\/div><\/div><\/div><\/div><div class=\"swiper-slide\"><div class=\"fusion-clean-product-image-wrapper\"><div class=\"fusion-carousel-item-wrapper\"><div  class=\"fusion-image-wrapper\" aria-haspopup=\"true\">\n\t\t\t\t<div class=\"fusion-woo-badges-wrapper\">\n<\/div><img decoding=\"async\" width=\"1024\" height=\"683\" src=\"https:\/\/pappy-vuc.ch\/wp-content\/uploads\/2021\/01\/Knoblauchschinken_221A4487.jpg\" class=\"attachment-full size-full lazyload wp-post-image\" alt=\"Knoblauchschinken: Trockenfleisch von Pappy Vuc\" srcset=\"data:image\/svg+xml,%3Csvg%20xmlns%3D%27http%3A%2F%2Fwww.w3.org%2F2000%2Fsvg%27%20width%3D%271024%27%20height%3D%27683%27%20viewBox%3D%270%200%201024%20683%27%3E%3Crect%20width%3D%271024%27%20height%3D%27683%27%20fill-opacity%3D%220%22%2F%3E%3C%2Fsvg%3E\" data-orig-src=\"https:\/\/pappy-vuc.ch\/wp-content\/uploads\/2021\/01\/Knoblauchschinken_221A4487.jpg\" data-srcset=\"https:\/\/pappy-vuc.ch\/wp-content\/uploads\/2021\/01\/Knoblauchschinken_221A4487-200x133.jpg 200w, https:\/\/pappy-vuc.ch\/wp-content\/uploads\/2021\/01\/Knoblauchschinken_221A4487-400x267.jpg 400w, https:\/\/pappy-vuc.ch\/wp-content\/uploads\/2021\/01\/Knoblauchschinken_221A4487-600x400.jpg 600w, https:\/\/pappy-vuc.ch\/wp-content\/uploads\/2021\/01\/Knoblauchschinken_221A4487-800x534.jpg 800w, https:\/\/pappy-vuc.ch\/wp-content\/uploads\/2021\/01\/Knoblauchschinken_221A4487.jpg 1024w\" data-sizes=\"auto\" \/><div class=\"fusion-rollover\">\n\t<div class=\"fusion-rollover-content\">\n\n\t\t\t\t\n\t\t\n\t\t\t\t\t\t\t\t\n\t\t\t\t\t\t\t\t\n\t\t\n\t\t\t\t\t\t\t\t\n\t\t\t\t\t\t\n\t\t\t\t\t\t\t\t\t\t<div class=\"fusion-product-buttons\">\n\t\t\t\t\t<a href=\"\/fr\/wp-json\/wp\/v2\/pages\/3286?add-to-cart=3468\" aria-describedby=\"woocommerce_loop_add_to_cart_link_describedby_3468\" data-quantity=\"1\" class=\"button product_type_simple add_to_cart_button ajax_add_to_cart\" data-product_id=\"3468\" data-product_sku=\"\" aria-label=\"Ajouter au panier\u00a0: &ldquo;Jambon s\u00e9ch\u00e9 \u00e0 l&#039;ail&rdquo;\" rel=\"nofollow\">Ajouter au panier<\/a>\t<span id=\"woocommerce_loop_add_to_cart_link_describedby_3468\" class=\"screen-reader-text\">\n\t\t\t<\/span>\n<span class=\"fusion-rollover-linebreak\">\n\t\/<\/span>\n\n<a href=\"https:\/\/pappy-vuc.ch\/fr\/produit\/knoblauch-schinken\/\" class=\"show_details_button\">\n\tD\u00e9tails<\/a>\n\n\t\t\t\t<\/div>\n\t\t\t\t\t\t\t\t\t<a class=\"fusion-link-wrapper\" href=\"https:\/\/pappy-vuc.ch\/fr\/produit\/knoblauch-schinken\/\" aria-label=\"Jambon s\u00e9ch\u00e9 \u00e0 l&#8217;ail\"><\/a>\n\t<\/div>\n<\/div>\n<\/div>\n<h4 class=\"fusion-carousel-title product-title\"><a href=\"https:\/\/pappy-vuc.ch\/fr\/produit\/knoblauch-schinken\/\" target=\"_self\">Jambon s\u00e9ch\u00e9 \u00e0 l&#8217;ail<\/a><\/h4><div class=\"fusion-carousel-meta\"><a href=\"https:\/\/pappy-vuc.ch\/fr\/produkt-kategorie\/schwein-fr\/\" rel=\"tag\">Jambon s\u00e9ch\u00e9<\/a><div class=\"fusion-carousel-price\">\n\t<span class=\"price\"><span class=\"woocommerce-Price-amount amount\"><bdi><span class=\"woocommerce-Price-currencySymbol\">&#67;&#72;&#70;<\/span>&nbsp;75.00<\/bdi><\/span> <small class=\"woocommerce-price-suffix\">hors TVA (2,6%)<\/small><\/span>\n<\/div><\/div><\/div><\/div><\/div><div class=\"swiper-slide\"><div class=\"fusion-clean-product-image-wrapper\"><div class=\"fusion-carousel-item-wrapper\"><div  class=\"fusion-image-wrapper\" aria-haspopup=\"true\">\n\t\t\t\t<div class=\"fusion-woo-badges-wrapper\">\n<\/div><img decoding=\"async\" width=\"1024\" height=\"683\" src=\"https:\/\/pappy-vuc.ch\/wp-content\/uploads\/2021\/01\/Vanillespeck_221A4508.jpg\" class=\"attachment-full size-full lazyload wp-post-image\" alt=\"\" srcset=\"data:image\/svg+xml,%3Csvg%20xmlns%3D%27http%3A%2F%2Fwww.w3.org%2F2000%2Fsvg%27%20width%3D%271024%27%20height%3D%27683%27%20viewBox%3D%270%200%201024%20683%27%3E%3Crect%20width%3D%271024%27%20height%3D%27683%27%20fill-opacity%3D%220%22%2F%3E%3C%2Fsvg%3E\" data-orig-src=\"https:\/\/pappy-vuc.ch\/wp-content\/uploads\/2021\/01\/Vanillespeck_221A4508.jpg\" data-srcset=\"https:\/\/pappy-vuc.ch\/wp-content\/uploads\/2021\/01\/Vanillespeck_221A4508-200x133.jpg 200w, https:\/\/pappy-vuc.ch\/wp-content\/uploads\/2021\/01\/Vanillespeck_221A4508-400x267.jpg 400w, https:\/\/pappy-vuc.ch\/wp-content\/uploads\/2021\/01\/Vanillespeck_221A4508-600x400.jpg 600w, https:\/\/pappy-vuc.ch\/wp-content\/uploads\/2021\/01\/Vanillespeck_221A4508-800x534.jpg 800w, https:\/\/pappy-vuc.ch\/wp-content\/uploads\/2021\/01\/Vanillespeck_221A4508.jpg 1024w\" data-sizes=\"auto\" \/><div class=\"fusion-rollover\">\n\t<div class=\"fusion-rollover-content\">\n\n\t\t\t\t\n\t\t\n\t\t\t\t\t\t\t\t\n\t\t\t\t\t\t\t\t\n\t\t\n\t\t\t\t\t\t\t\t\n\t\t\t\t\t\t\n\t\t\t\t\t\t\t\t\t\t<div class=\"fusion-product-buttons\">\n\t\t\t\t\t<a href=\"\/fr\/wp-json\/wp\/v2\/pages\/3286?add-to-cart=4870\" aria-describedby=\"woocommerce_loop_add_to_cart_link_describedby_4870\" data-quantity=\"1\" class=\"button product_type_simple add_to_cart_button ajax_add_to_cart\" data-product_id=\"4870\" data-product_sku=\"\" aria-label=\"Ajouter au panier\u00a0: &ldquo;Lard gourmet \u00e0 aux herbes des alpes&rdquo;\" rel=\"nofollow\">Ajouter au panier<\/a>\t<span id=\"woocommerce_loop_add_to_cart_link_describedby_4870\" class=\"screen-reader-text\">\n\t\t\t<\/span>\n<span class=\"fusion-rollover-linebreak\">\n\t\/<\/span>\n\n<a href=\"https:\/\/pappy-vuc.ch\/fr\/produit\/lard-gourmet-a-la-vanille-kopie\/\" class=\"show_details_button\">\n\tD\u00e9tails<\/a>\n\n\t\t\t\t<\/div>\n\t\t\t\t\t\t\t\t\t<a class=\"fusion-link-wrapper\" href=\"https:\/\/pappy-vuc.ch\/fr\/produit\/lard-gourmet-a-la-vanille-kopie\/\" aria-label=\"Lard gourmet \u00e0 aux herbes des alpes\"><\/a>\n\t<\/div>\n<\/div>\n<\/div>\n<h4 class=\"fusion-carousel-title product-title\"><a href=\"https:\/\/pappy-vuc.ch\/fr\/produit\/lard-gourmet-a-la-vanille-kopie\/\" target=\"_self\">Lard gourmet \u00e0 aux herbes des alpes<\/a><\/h4><div class=\"fusion-carousel-meta\"><a href=\"https:\/\/pappy-vuc.ch\/fr\/produkt-kategorie\/gourmetspeck-fr\/\" rel=\"tag\">Lard gourmet<\/a><div class=\"fusion-carousel-price\">\n\t<span class=\"price\"><span class=\"woocommerce-Price-amount amount\"><bdi><span class=\"woocommerce-Price-currencySymbol\">&#67;&#72;&#70;<\/span>&nbsp;56.00<\/bdi><\/span> <small class=\"woocommerce-price-suffix\">hors TVA (2,6%)<\/small><\/span>\n<\/div><\/div><\/div><\/div><\/div><\/div><div class=\"awb-swiper-button awb-swiper-button-prev\"><i class=\"awb-icon-angle-left\" aria-hidden=\"true\"><\/i><\/div><div class=\"awb-swiper-button awb-swiper-button-next\"><i class=\"awb-icon-angle-right\" aria-hidden=\"true\"><\/i><\/div><\/div><\/div><div class=\"fusion-woo-product-slider fusion-woo-slider fusion-no-small-visibility fusion-no-large-visibility\"><div class=\"awb-carousel awb-swiper awb-swiper-carousel fusion-carousel-title-below-image\" style=\"--awb-columns:3;--awb-column-spacing:40px;\" data-metacontent=\"yes\" data-autoplay=\"yes\" data-columns=\"3\" data-itemmargin=\"40\" data-itemwidth=\"180\" data-touchscroll=\"no\" data-imagesize=\"auto\" data-scrollitems=\"1\"><div class=\"swiper-wrapper\"><div class=\"swiper-slide\"><div class=\"fusion-clean-product-image-wrapper\"><div class=\"fusion-carousel-item-wrapper\"><div  class=\"fusion-image-wrapper\" aria-haspopup=\"true\">\n\t\t\t\t<div class=\"fusion-woo-badges-wrapper\">\n<\/div><img decoding=\"async\" width=\"1024\" height=\"683\" src=\"https:\/\/pappy-vuc.ch\/wp-content\/uploads\/2021\/01\/Lacienne_221A4466.jpg\" class=\"attachment-full size-full lazyload wp-post-image\" alt=\"Rind Trockenfleisch a L&#039;ancienne bei Pappy Vuc\" srcset=\"data:image\/svg+xml,%3Csvg%20xmlns%3D%27http%3A%2F%2Fwww.w3.org%2F2000%2Fsvg%27%20width%3D%271024%27%20height%3D%27683%27%20viewBox%3D%270%200%201024%20683%27%3E%3Crect%20width%3D%271024%27%20height%3D%27683%27%20fill-opacity%3D%220%22%2F%3E%3C%2Fsvg%3E\" data-orig-src=\"https:\/\/pappy-vuc.ch\/wp-content\/uploads\/2021\/01\/Lacienne_221A4466.jpg\" data-srcset=\"https:\/\/pappy-vuc.ch\/wp-content\/uploads\/2021\/01\/Lacienne_221A4466-200x133.jpg 200w, https:\/\/pappy-vuc.ch\/wp-content\/uploads\/2021\/01\/Lacienne_221A4466-400x267.jpg 400w, https:\/\/pappy-vuc.ch\/wp-content\/uploads\/2021\/01\/Lacienne_221A4466-600x400.jpg 600w, https:\/\/pappy-vuc.ch\/wp-content\/uploads\/2021\/01\/Lacienne_221A4466-800x534.jpg 800w, https:\/\/pappy-vuc.ch\/wp-content\/uploads\/2021\/01\/Lacienne_221A4466.jpg 1024w\" data-sizes=\"auto\" \/><div class=\"fusion-rollover\">\n\t<div class=\"fusion-rollover-content\">\n\n\t\t\t\t\n\t\t\n\t\t\t\t\t\t\t\t\n\t\t\t\t\t\t\t\t\n\t\t\n\t\t\t\t\t\t\t\t\n\t\t\t\t\t\t\n\t\t\t\t\t\t\t\t\t\t<div class=\"fusion-product-buttons\">\n\t\t\t\t\t<a href=\"\/fr\/wp-json\/wp\/v2\/pages\/3286?add-to-cart=3714\" aria-describedby=\"woocommerce_loop_add_to_cart_link_describedby_3714\" data-quantity=\"1\" class=\"button product_type_simple add_to_cart_button ajax_add_to_cart\" data-product_id=\"3714\" data-product_sku=\"\" aria-label=\"Ajouter au panier\u00a0: &ldquo;Viande s\u00e9ch\u00e9e B\u0153uf \u00e0 l&#039;ancienne&rdquo;\" rel=\"nofollow\">Ajouter au panier<\/a>\t<span id=\"woocommerce_loop_add_to_cart_link_describedby_3714\" class=\"screen-reader-text\">\n\t\t\t<\/span>\n<span class=\"fusion-rollover-linebreak\">\n\t\/<\/span>\n\n<a href=\"https:\/\/pappy-vuc.ch\/fr\/produit\/rind-a-lancienne\/\" class=\"show_details_button\">\n\tD\u00e9tails<\/a>\n\n\t\t\t\t<\/div>\n\t\t\t\t\t\t\t\t\t<a class=\"fusion-link-wrapper\" href=\"https:\/\/pappy-vuc.ch\/fr\/produit\/rind-a-lancienne\/\" aria-label=\"Viande s\u00e9ch\u00e9e B\u0153uf \u00e0 l&#8217;ancienne\"><\/a>\n\t<\/div>\n<\/div>\n<\/div>\n<h4 class=\"fusion-carousel-title product-title\"><a href=\"https:\/\/pappy-vuc.ch\/fr\/produit\/rind-a-lancienne\/\" target=\"_self\">Viande s\u00e9ch\u00e9e B\u0153uf \u00e0 l&#8217;ancienne<\/a><\/h4><div class=\"fusion-carousel-meta\"><a href=\"https:\/\/pappy-vuc.ch\/fr\/produkt-kategorie\/rind-fr\/\" rel=\"tag\">Viande de b\u0153uf s\u00e9ch\u00e9e<\/a><div class=\"fusion-carousel-price\">\n\t<span class=\"price\"><span class=\"woocommerce-Price-amount amount\"><bdi><span class=\"woocommerce-Price-currencySymbol\">&#67;&#72;&#70;<\/span>&nbsp;107.00<\/bdi><\/span> <small class=\"woocommerce-price-suffix\">hors TVA (2,6%)<\/small><\/span>\n<\/div><\/div><\/div><\/div><\/div><div class=\"swiper-slide\"><div class=\"fusion-clean-product-image-wrapper\"><div class=\"fusion-carousel-item-wrapper\"><div  class=\"fusion-image-wrapper\" aria-haspopup=\"true\">\n\t\t\t\t<div class=\"fusion-woo-badges-wrapper\">\n<\/div><img decoding=\"async\" width=\"1024\" height=\"683\" src=\"https:\/\/pappy-vuc.ch\/wp-content\/uploads\/2021\/01\/Edelweiss_221A4390.jpg\" class=\"attachment-full size-full lazyload wp-post-image\" alt=\"Trockenfleisch Edelweiss vom Rind bei Pappy Vuc bestellen\" srcset=\"data:image\/svg+xml,%3Csvg%20xmlns%3D%27http%3A%2F%2Fwww.w3.org%2F2000%2Fsvg%27%20width%3D%271024%27%20height%3D%27683%27%20viewBox%3D%270%200%201024%20683%27%3E%3Crect%20width%3D%271024%27%20height%3D%27683%27%20fill-opacity%3D%220%22%2F%3E%3C%2Fsvg%3E\" data-orig-src=\"https:\/\/pappy-vuc.ch\/wp-content\/uploads\/2021\/01\/Edelweiss_221A4390.jpg\" data-srcset=\"https:\/\/pappy-vuc.ch\/wp-content\/uploads\/2021\/01\/Edelweiss_221A4390-200x133.jpg 200w, https:\/\/pappy-vuc.ch\/wp-content\/uploads\/2021\/01\/Edelweiss_221A4390-400x267.jpg 400w, https:\/\/pappy-vuc.ch\/wp-content\/uploads\/2021\/01\/Edelweiss_221A4390-600x400.jpg 600w, https:\/\/pappy-vuc.ch\/wp-content\/uploads\/2021\/01\/Edelweiss_221A4390-800x534.jpg 800w, https:\/\/pappy-vuc.ch\/wp-content\/uploads\/2021\/01\/Edelweiss_221A4390.jpg 1024w\" data-sizes=\"auto\" \/><div class=\"fusion-rollover\">\n\t<div class=\"fusion-rollover-content\">\n\n\t\t\t\t\n\t\t\n\t\t\t\t\t\t\t\t\n\t\t\t\t\t\t\t\t\n\t\t\n\t\t\t\t\t\t\t\t\n\t\t\t\t\t\t\n\t\t\t\t\t\t\t\t\t\t<div class=\"fusion-product-buttons\">\n\t\t\t\t\t<a href=\"\/fr\/wp-json\/wp\/v2\/pages\/3286?add-to-cart=3781\" aria-describedby=\"woocommerce_loop_add_to_cart_link_describedby_3781\" data-quantity=\"1\" class=\"button product_type_simple add_to_cart_button ajax_add_to_cart\" data-product_id=\"3781\" data-product_sku=\"\" aria-label=\"Ajouter au panier\u00a0: &ldquo;Viande s\u00e9ch\u00e9e B\u0153uf Edelweiss&rdquo;\" rel=\"nofollow\">Ajouter au panier<\/a>\t<span id=\"woocommerce_loop_add_to_cart_link_describedby_3781\" class=\"screen-reader-text\">\n\t\t\t<\/span>\n<span class=\"fusion-rollover-linebreak\">\n\t\/<\/span>\n\n<a href=\"https:\/\/pappy-vuc.ch\/fr\/produit\/rind-edelweiss\/\" class=\"show_details_button\">\n\tD\u00e9tails<\/a>\n\n\t\t\t\t<\/div>\n\t\t\t\t\t\t\t\t\t<a class=\"fusion-link-wrapper\" href=\"https:\/\/pappy-vuc.ch\/fr\/produit\/rind-edelweiss\/\" aria-label=\"Viande s\u00e9ch\u00e9e B\u0153uf Edelweiss\"><\/a>\n\t<\/div>\n<\/div>\n<\/div>\n<h4 class=\"fusion-carousel-title product-title\"><a href=\"https:\/\/pappy-vuc.ch\/fr\/produit\/rind-edelweiss\/\" target=\"_self\">Viande s\u00e9ch\u00e9e B\u0153uf Edelweiss<\/a><\/h4><div class=\"fusion-carousel-meta\"><a href=\"https:\/\/pappy-vuc.ch\/fr\/produkt-kategorie\/rind-fr\/\" rel=\"tag\">Viande de b\u0153uf s\u00e9ch\u00e9e<\/a><div class=\"fusion-carousel-price\">\n\t<span class=\"price\"><span class=\"woocommerce-Price-amount amount\"><bdi><span class=\"woocommerce-Price-currencySymbol\">&#67;&#72;&#70;<\/span>&nbsp;118.00<\/bdi><\/span> <small class=\"woocommerce-price-suffix\">hors TVA (2,6%)<\/small><\/span>\n<\/div><\/div><\/div><\/div><\/div><div class=\"swiper-slide\"><div class=\"fusion-clean-product-image-wrapper\"><div class=\"fusion-carousel-item-wrapper\"><div  class=\"fusion-image-wrapper\" aria-haspopup=\"true\">\n\t\t\t\t<div class=\"fusion-woo-badges-wrapper\">\n<\/div><img decoding=\"async\" width=\"1024\" height=\"683\" src=\"https:\/\/pappy-vuc.ch\/wp-content\/uploads\/2021\/01\/Pfeffer-Rinds_221A4428.jpg\" class=\"attachment-full size-full lazyload wp-post-image\" alt=\"Schwarzer Pfeffer Trockenfleisch vom Rind | Pappy Vuc\" srcset=\"data:image\/svg+xml,%3Csvg%20xmlns%3D%27http%3A%2F%2Fwww.w3.org%2F2000%2Fsvg%27%20width%3D%271024%27%20height%3D%27683%27%20viewBox%3D%270%200%201024%20683%27%3E%3Crect%20width%3D%271024%27%20height%3D%27683%27%20fill-opacity%3D%220%22%2F%3E%3C%2Fsvg%3E\" data-orig-src=\"https:\/\/pappy-vuc.ch\/wp-content\/uploads\/2021\/01\/Pfeffer-Rinds_221A4428.jpg\" data-srcset=\"https:\/\/pappy-vuc.ch\/wp-content\/uploads\/2021\/01\/Pfeffer-Rinds_221A4428-200x133.jpg 200w, https:\/\/pappy-vuc.ch\/wp-content\/uploads\/2021\/01\/Pfeffer-Rinds_221A4428-400x267.jpg 400w, https:\/\/pappy-vuc.ch\/wp-content\/uploads\/2021\/01\/Pfeffer-Rinds_221A4428-600x400.jpg 600w, https:\/\/pappy-vuc.ch\/wp-content\/uploads\/2021\/01\/Pfeffer-Rinds_221A4428-800x534.jpg 800w, https:\/\/pappy-vuc.ch\/wp-content\/uploads\/2021\/01\/Pfeffer-Rinds_221A4428.jpg 1024w\" data-sizes=\"auto\" \/><div class=\"fusion-rollover\">\n\t<div class=\"fusion-rollover-content\">\n\n\t\t\t\t\n\t\t\n\t\t\t\t\t\t\t\t\n\t\t\t\t\t\t\t\t\n\t\t\n\t\t\t\t\t\t\t\t\n\t\t\t\t\t\t\n\t\t\t\t\t\t\t\t\t\t<div class=\"fusion-product-buttons\">\n\t\t\t\t\t<a href=\"\/fr\/wp-json\/wp\/v2\/pages\/3286?add-to-cart=3682\" aria-describedby=\"woocommerce_loop_add_to_cart_link_describedby_3682\" data-quantity=\"1\" class=\"button product_type_simple add_to_cart_button ajax_add_to_cart\" data-product_id=\"3682\" data-product_sku=\"\" aria-label=\"Ajouter au panier\u00a0: &ldquo;Viande s\u00e9ch\u00e9e Boeuf pur poivre&rdquo;\" rel=\"nofollow\">Ajouter au panier<\/a>\t<span id=\"woocommerce_loop_add_to_cart_link_describedby_3682\" class=\"screen-reader-text\">\n\t\t\t<\/span>\n<span class=\"fusion-rollover-linebreak\">\n\t\/<\/span>\n\n<a href=\"https:\/\/pappy-vuc.ch\/fr\/produit\/rind-pure-poivre\/\" class=\"show_details_button\">\n\tD\u00e9tails<\/a>\n\n\t\t\t\t<\/div>\n\t\t\t\t\t\t\t\t\t<a class=\"fusion-link-wrapper\" href=\"https:\/\/pappy-vuc.ch\/fr\/produit\/rind-pure-poivre\/\" aria-label=\"Viande s\u00e9ch\u00e9e Boeuf pur poivre\"><\/a>\n\t<\/div>\n<\/div>\n<\/div>\n<h4 class=\"fusion-carousel-title product-title\"><a href=\"https:\/\/pappy-vuc.ch\/fr\/produit\/rind-pure-poivre\/\" target=\"_self\">Viande s\u00e9ch\u00e9e Boeuf pur poivre<\/a><\/h4><div class=\"fusion-carousel-meta\"><a href=\"https:\/\/pappy-vuc.ch\/fr\/produkt-kategorie\/rind-fr\/\" rel=\"tag\">Viande de b\u0153uf s\u00e9ch\u00e9e<\/a><div class=\"fusion-carousel-price\">\n\t<span class=\"price\"><span class=\"woocommerce-Price-amount amount\"><bdi><span class=\"woocommerce-Price-currencySymbol\">&#67;&#72;&#70;<\/span>&nbsp;107.00<\/bdi><\/span> <small class=\"woocommerce-price-suffix\">hors TVA (2,6%)<\/small><\/span>\n<\/div><\/div><\/div><\/div><\/div><div class=\"swiper-slide\"><div class=\"fusion-clean-product-image-wrapper\"><div class=\"fusion-carousel-item-wrapper\"><div  class=\"fusion-image-wrapper\" aria-haspopup=\"true\">\n\t\t\t\t<div class=\"fusion-woo-badges-wrapper\">\n<\/div><img decoding=\"async\" width=\"1024\" height=\"683\" src=\"https:\/\/pappy-vuc.ch\/wp-content\/uploads\/2021\/01\/Rosa-Pfeffer_221A4435.jpg\" class=\"attachment-full size-full lazyload wp-post-image\" alt=\"Rosa Pfeffer Gourmet Trockenfleisch online kaufen\" srcset=\"data:image\/svg+xml,%3Csvg%20xmlns%3D%27http%3A%2F%2Fwww.w3.org%2F2000%2Fsvg%27%20width%3D%271024%27%20height%3D%27683%27%20viewBox%3D%270%200%201024%20683%27%3E%3Crect%20width%3D%271024%27%20height%3D%27683%27%20fill-opacity%3D%220%22%2F%3E%3C%2Fsvg%3E\" data-orig-src=\"https:\/\/pappy-vuc.ch\/wp-content\/uploads\/2021\/01\/Rosa-Pfeffer_221A4435.jpg\" data-srcset=\"https:\/\/pappy-vuc.ch\/wp-content\/uploads\/2021\/01\/Rosa-Pfeffer_221A4435-200x133.jpg 200w, https:\/\/pappy-vuc.ch\/wp-content\/uploads\/2021\/01\/Rosa-Pfeffer_221A4435-400x267.jpg 400w, https:\/\/pappy-vuc.ch\/wp-content\/uploads\/2021\/01\/Rosa-Pfeffer_221A4435-600x400.jpg 600w, https:\/\/pappy-vuc.ch\/wp-content\/uploads\/2021\/01\/Rosa-Pfeffer_221A4435-800x534.jpg 800w, https:\/\/pappy-vuc.ch\/wp-content\/uploads\/2021\/01\/Rosa-Pfeffer_221A4435.jpg 1024w\" data-sizes=\"auto\" \/><div class=\"fusion-rollover\">\n\t<div class=\"fusion-rollover-content\">\n\n\t\t\t\t\n\t\t\n\t\t\t\t\t\t\t\t\n\t\t\t\t\t\t\t\t\n\t\t\n\t\t\t\t\t\t\t\t\n\t\t\t\t\t\t\n\t\t\t\t\t\t\t\t\t\t<div class=\"fusion-product-buttons\">\n\t\t\t\t\t<a href=\"\/fr\/wp-json\/wp\/v2\/pages\/3286?add-to-cart=3650\" aria-describedby=\"woocommerce_loop_add_to_cart_link_describedby_3650\" data-quantity=\"1\" class=\"button product_type_simple add_to_cart_button ajax_add_to_cart\" data-product_id=\"3650\" data-product_sku=\"\" aria-label=\"Ajouter au panier\u00a0: &ldquo;Viande s\u00e9ch\u00e9e Boeuf Poivre Rose&rdquo;\" rel=\"nofollow\">Ajouter au panier<\/a>\t<span id=\"woocommerce_loop_add_to_cart_link_describedby_3650\" class=\"screen-reader-text\">\n\t\t\t<\/span>\n<span class=\"fusion-rollover-linebreak\">\n\t\/<\/span>\n\n<a href=\"https:\/\/pappy-vuc.ch\/fr\/produit\/rind-poivre-rose\/\" class=\"show_details_button\">\n\tD\u00e9tails<\/a>\n\n\t\t\t\t<\/div>\n\t\t\t\t\t\t\t\t\t<a class=\"fusion-link-wrapper\" href=\"https:\/\/pappy-vuc.ch\/fr\/produit\/rind-poivre-rose\/\" aria-label=\"Viande s\u00e9ch\u00e9e Boeuf Poivre Rose\"><\/a>\n\t<\/div>\n<\/div>\n<\/div>\n<h4 class=\"fusion-carousel-title product-title\"><a href=\"https:\/\/pappy-vuc.ch\/fr\/produit\/rind-poivre-rose\/\" target=\"_self\">Viande s\u00e9ch\u00e9e Boeuf Poivre Rose<\/a><\/h4><div class=\"fusion-carousel-meta\"><a href=\"https:\/\/pappy-vuc.ch\/fr\/produkt-kategorie\/rind-fr\/\" rel=\"tag\">Viande de b\u0153uf s\u00e9ch\u00e9e<\/a><div class=\"fusion-carousel-price\">\n\t<span class=\"price\"><span class=\"woocommerce-Price-amount amount\"><bdi><span class=\"woocommerce-Price-currencySymbol\">&#67;&#72;&#70;<\/span>&nbsp;107.00<\/bdi><\/span> <small class=\"woocommerce-price-suffix\">hors TVA (2,6%)<\/small><\/span>\n<\/div><\/div><\/div><\/div><\/div><div class=\"swiper-slide\"><div class=\"fusion-clean-product-image-wrapper\"><div class=\"fusion-carousel-item-wrapper\"><div  class=\"fusion-image-wrapper\" aria-haspopup=\"true\">\n\t\t\t\t<div class=\"fusion-woo-badges-wrapper\">\n<\/div><img decoding=\"async\" width=\"1024\" height=\"683\" src=\"https:\/\/pappy-vuc.ch\/wp-content\/uploads\/2021\/01\/Genepi_221A4419.jpg\" class=\"attachment-full size-full lazyload wp-post-image\" alt=\"Rosa Pfeffer Gourmet Trockenfleisch online kaufen\" srcset=\"data:image\/svg+xml,%3Csvg%20xmlns%3D%27http%3A%2F%2Fwww.w3.org%2F2000%2Fsvg%27%20width%3D%271024%27%20height%3D%27683%27%20viewBox%3D%270%200%201024%20683%27%3E%3Crect%20width%3D%271024%27%20height%3D%27683%27%20fill-opacity%3D%220%22%2F%3E%3C%2Fsvg%3E\" data-orig-src=\"https:\/\/pappy-vuc.ch\/wp-content\/uploads\/2021\/01\/Genepi_221A4419.jpg\" data-srcset=\"https:\/\/pappy-vuc.ch\/wp-content\/uploads\/2021\/01\/Genepi_221A4419-200x133.jpg 200w, https:\/\/pappy-vuc.ch\/wp-content\/uploads\/2021\/01\/Genepi_221A4419-400x267.jpg 400w, https:\/\/pappy-vuc.ch\/wp-content\/uploads\/2021\/01\/Genepi_221A4419-600x400.jpg 600w, https:\/\/pappy-vuc.ch\/wp-content\/uploads\/2021\/01\/Genepi_221A4419-800x534.jpg 800w, https:\/\/pappy-vuc.ch\/wp-content\/uploads\/2021\/01\/Genepi_221A4419.jpg 1024w\" data-sizes=\"auto\" \/><div class=\"fusion-rollover\">\n\t<div class=\"fusion-rollover-content\">\n\n\t\t\t\t\n\t\t\n\t\t\t\t\t\t\t\t\n\t\t\t\t\t\t\t\t\n\t\t\n\t\t\t\t\t\t\t\t\n\t\t\t\t\t\t\n\t\t\t\t\t\t\t\t\t\t<div class=\"fusion-product-buttons\">\n\t\t\t\t\t<a href=\"\/fr\/wp-json\/wp\/v2\/pages\/3286?add-to-cart=3618\" aria-describedby=\"woocommerce_loop_add_to_cart_link_describedby_3618\" data-quantity=\"1\" class=\"button product_type_simple add_to_cart_button ajax_add_to_cart\" data-product_id=\"3618\" data-product_sku=\"\" aria-label=\"Ajouter au panier\u00a0: &ldquo;Viande s\u00e9ch\u00e9e B\u0153uf G\u00e9n\u00e9py&rdquo;\" rel=\"nofollow\">Ajouter au panier<\/a>\t<span id=\"woocommerce_loop_add_to_cart_link_describedby_3618\" class=\"screen-reader-text\">\n\t\t\t<\/span>\n<span class=\"fusion-rollover-linebreak\">\n\t\/<\/span>\n\n<a href=\"https:\/\/pappy-vuc.ch\/fr\/produit\/rind-genepy\/\" class=\"show_details_button\">\n\tD\u00e9tails<\/a>\n\n\t\t\t\t<\/div>\n\t\t\t\t\t\t\t\t\t<a class=\"fusion-link-wrapper\" href=\"https:\/\/pappy-vuc.ch\/fr\/produit\/rind-genepy\/\" aria-label=\"Viande s\u00e9ch\u00e9e B\u0153uf G\u00e9n\u00e9py\"><\/a>\n\t<\/div>\n<\/div>\n<\/div>\n<h4 class=\"fusion-carousel-title product-title\"><a href=\"https:\/\/pappy-vuc.ch\/fr\/produit\/rind-genepy\/\" target=\"_self\">Viande s\u00e9ch\u00e9e B\u0153uf G\u00e9n\u00e9py<\/a><\/h4><div class=\"fusion-carousel-meta\"><a href=\"https:\/\/pappy-vuc.ch\/fr\/produkt-kategorie\/rind-fr\/\" rel=\"tag\">Viande de b\u0153uf s\u00e9ch\u00e9e<\/a><div class=\"fusion-carousel-price\">\n\t<span class=\"price\"><span class=\"woocommerce-Price-amount amount\"><bdi><span class=\"woocommerce-Price-currencySymbol\">&#67;&#72;&#70;<\/span>&nbsp;112.00<\/bdi><\/span> <small class=\"woocommerce-price-suffix\">hors TVA (2,6%)<\/small><\/span>\n<\/div><\/div><\/div><\/div><\/div><div class=\"swiper-slide\"><div class=\"fusion-clean-product-image-wrapper\"><div class=\"fusion-carousel-item-wrapper\"><div  class=\"fusion-image-wrapper\" aria-haspopup=\"true\">\n\t\t\t\t<div class=\"fusion-woo-badges-wrapper\">\n<\/div><img decoding=\"async\" width=\"1024\" height=\"683\" src=\"https:\/\/pappy-vuc.ch\/wp-content\/uploads\/2021\/01\/Rosmarin_221A4447.jpg\" class=\"attachment-full size-full lazyload wp-post-image\" alt=\"Rosmarin Trockenfleisch online bestellen bei Pappy Vuc\" srcset=\"data:image\/svg+xml,%3Csvg%20xmlns%3D%27http%3A%2F%2Fwww.w3.org%2F2000%2Fsvg%27%20width%3D%271024%27%20height%3D%27683%27%20viewBox%3D%270%200%201024%20683%27%3E%3Crect%20width%3D%271024%27%20height%3D%27683%27%20fill-opacity%3D%220%22%2F%3E%3C%2Fsvg%3E\" data-orig-src=\"https:\/\/pappy-vuc.ch\/wp-content\/uploads\/2021\/01\/Rosmarin_221A4447.jpg\" data-srcset=\"https:\/\/pappy-vuc.ch\/wp-content\/uploads\/2021\/01\/Rosmarin_221A4447-200x133.jpg 200w, https:\/\/pappy-vuc.ch\/wp-content\/uploads\/2021\/01\/Rosmarin_221A4447-400x267.jpg 400w, https:\/\/pappy-vuc.ch\/wp-content\/uploads\/2021\/01\/Rosmarin_221A4447-600x400.jpg 600w, https:\/\/pappy-vuc.ch\/wp-content\/uploads\/2021\/01\/Rosmarin_221A4447-800x534.jpg 800w, https:\/\/pappy-vuc.ch\/wp-content\/uploads\/2021\/01\/Rosmarin_221A4447.jpg 1024w\" data-sizes=\"auto\" \/><div class=\"fusion-rollover\">\n\t<div class=\"fusion-rollover-content\">\n\n\t\t\t\t\n\t\t\n\t\t\t\t\t\t\t\t\n\t\t\t\t\t\t\t\t\n\t\t\n\t\t\t\t\t\t\t\t\n\t\t\t\t\t\t\n\t\t\t\t\t\t\t\t\t\t<div class=\"fusion-product-buttons\">\n\t\t\t\t\t<a href=\"\/fr\/wp-json\/wp\/v2\/pages\/3286?add-to-cart=3586\" aria-describedby=\"woocommerce_loop_add_to_cart_link_describedby_3586\" data-quantity=\"1\" class=\"button product_type_simple add_to_cart_button ajax_add_to_cart\" data-product_id=\"3586\" data-product_sku=\"\" aria-label=\"Ajouter au panier\u00a0: &ldquo;Viande s\u00e9ch\u00e9e Boeuf au romarin&rdquo;\" rel=\"nofollow\">Ajouter au panier<\/a>\t<span id=\"woocommerce_loop_add_to_cart_link_describedby_3586\" class=\"screen-reader-text\">\n\t\t\t<\/span>\n<span class=\"fusion-rollover-linebreak\">\n\t\/<\/span>\n\n<a href=\"https:\/\/pappy-vuc.ch\/fr\/produit\/rind-rosmarin\/\" class=\"show_details_button\">\n\tD\u00e9tails<\/a>\n\n\t\t\t\t<\/div>\n\t\t\t\t\t\t\t\t\t<a class=\"fusion-link-wrapper\" href=\"https:\/\/pappy-vuc.ch\/fr\/produit\/rind-rosmarin\/\" aria-label=\"Viande s\u00e9ch\u00e9e Boeuf au romarin\"><\/a>\n\t<\/div>\n<\/div>\n<\/div>\n<h4 class=\"fusion-carousel-title product-title\"><a href=\"https:\/\/pappy-vuc.ch\/fr\/produit\/rind-rosmarin\/\" target=\"_self\">Viande s\u00e9ch\u00e9e Boeuf au romarin<\/a><\/h4><div class=\"fusion-carousel-meta\"><a href=\"https:\/\/pappy-vuc.ch\/fr\/produkt-kategorie\/rind-fr\/\" rel=\"tag\">Viande de b\u0153uf s\u00e9ch\u00e9e<\/a><div class=\"fusion-carousel-price\">\n\t<span class=\"price\"><span class=\"woocommerce-Price-amount amount\"><bdi><span class=\"woocommerce-Price-currencySymbol\">&#67;&#72;&#70;<\/span>&nbsp;107.00<\/bdi><\/span> <small class=\"woocommerce-price-suffix\">hors TVA (2,6%)<\/small><\/span>\n<\/div><\/div><\/div><\/div><\/div><div class=\"swiper-slide\"><div class=\"fusion-clean-product-image-wrapper\"><div class=\"fusion-carousel-item-wrapper\"><div  class=\"fusion-image-wrapper\" aria-haspopup=\"true\">\n\t\t\t\t<div class=\"fusion-woo-badges-wrapper\">\n<\/div><img decoding=\"async\" width=\"1024\" height=\"683\" src=\"https:\/\/pappy-vuc.ch\/wp-content\/uploads\/2021\/01\/Thymian_221A4455.jpg\" class=\"attachment-full size-full lazyload wp-post-image\" alt=\"Trockenfleisch erster Klasse von Pappy Vuc: Thymian\" srcset=\"data:image\/svg+xml,%3Csvg%20xmlns%3D%27http%3A%2F%2Fwww.w3.org%2F2000%2Fsvg%27%20width%3D%271024%27%20height%3D%27683%27%20viewBox%3D%270%200%201024%20683%27%3E%3Crect%20width%3D%271024%27%20height%3D%27683%27%20fill-opacity%3D%220%22%2F%3E%3C%2Fsvg%3E\" data-orig-src=\"https:\/\/pappy-vuc.ch\/wp-content\/uploads\/2021\/01\/Thymian_221A4455.jpg\" data-srcset=\"https:\/\/pappy-vuc.ch\/wp-content\/uploads\/2021\/01\/Thymian_221A4455-200x133.jpg 200w, https:\/\/pappy-vuc.ch\/wp-content\/uploads\/2021\/01\/Thymian_221A4455-400x267.jpg 400w, https:\/\/pappy-vuc.ch\/wp-content\/uploads\/2021\/01\/Thymian_221A4455-600x400.jpg 600w, https:\/\/pappy-vuc.ch\/wp-content\/uploads\/2021\/01\/Thymian_221A4455-800x534.jpg 800w, https:\/\/pappy-vuc.ch\/wp-content\/uploads\/2021\/01\/Thymian_221A4455.jpg 1024w\" data-sizes=\"auto\" \/><div class=\"fusion-rollover\">\n\t<div class=\"fusion-rollover-content\">\n\n\t\t\t\t\n\t\t\n\t\t\t\t\t\t\t\t\n\t\t\t\t\t\t\t\t\n\t\t\n\t\t\t\t\t\t\t\t\n\t\t\t\t\t\t\n\t\t\t\t\t\t\t\t\t\t<div class=\"fusion-product-buttons\">\n\t\t\t\t\t<a href=\"\/fr\/wp-json\/wp\/v2\/pages\/3286?add-to-cart=3746\" aria-describedby=\"woocommerce_loop_add_to_cart_link_describedby_3746\" data-quantity=\"1\" class=\"button product_type_simple add_to_cart_button ajax_add_to_cart\" data-product_id=\"3746\" data-product_sku=\"\" aria-label=\"Ajouter au panier\u00a0: &ldquo;Viande s\u00e9ch\u00e9e B\u0153uf au thym&rdquo;\" rel=\"nofollow\">Ajouter au panier<\/a>\t<span id=\"woocommerce_loop_add_to_cart_link_describedby_3746\" class=\"screen-reader-text\">\n\t\t\t<\/span>\n<span class=\"fusion-rollover-linebreak\">\n\t\/<\/span>\n\n<a href=\"https:\/\/pappy-vuc.ch\/fr\/produit\/rind-thymian\/\" class=\"show_details_button\">\n\tD\u00e9tails<\/a>\n\n\t\t\t\t<\/div>\n\t\t\t\t\t\t\t\t\t<a class=\"fusion-link-wrapper\" href=\"https:\/\/pappy-vuc.ch\/fr\/produit\/rind-thymian\/\" aria-label=\"Viande s\u00e9ch\u00e9e B\u0153uf au thym\"><\/a>\n\t<\/div>\n<\/div>\n<\/div>\n<h4 class=\"fusion-carousel-title product-title\"><a href=\"https:\/\/pappy-vuc.ch\/fr\/produit\/rind-thymian\/\" target=\"_self\">Viande s\u00e9ch\u00e9e B\u0153uf au thym<\/a><\/h4><div class=\"fusion-carousel-meta\"><a href=\"https:\/\/pappy-vuc.ch\/fr\/produkt-kategorie\/rind-fr\/\" rel=\"tag\">Viande de b\u0153uf s\u00e9ch\u00e9e<\/a><div class=\"fusion-carousel-price\">\n\t<span class=\"price\"><span class=\"woocommerce-Price-amount amount\"><bdi><span class=\"woocommerce-Price-currencySymbol\">&#67;&#72;&#70;<\/span>&nbsp;107.00<\/bdi><\/span> <small class=\"woocommerce-price-suffix\">hors TVA (2,6%)<\/small><\/span>\n<\/div><\/div><\/div><\/div><\/div><div class=\"swiper-slide\"><div class=\"fusion-clean-product-image-wrapper\"><div class=\"fusion-carousel-item-wrapper\"><div  class=\"fusion-image-wrapper\" aria-haspopup=\"true\">\n\t\t\t\t<div class=\"fusion-woo-badges-wrapper\">\n<\/div><img decoding=\"async\" width=\"1024\" height=\"683\" src=\"https:\/\/pappy-vuc.ch\/wp-content\/uploads\/2021\/01\/Alpenkra\u0308uter_221A4499.jpg\" class=\"attachment-full size-full lazyload wp-post-image\" alt=\"Schweizer Trockenfleisch: Alpenkr\u00e4uter von Pappy Vuc\" srcset=\"data:image\/svg+xml,%3Csvg%20xmlns%3D%27http%3A%2F%2Fwww.w3.org%2F2000%2Fsvg%27%20width%3D%271024%27%20height%3D%27683%27%20viewBox%3D%270%200%201024%20683%27%3E%3Crect%20width%3D%271024%27%20height%3D%27683%27%20fill-opacity%3D%220%22%2F%3E%3C%2Fsvg%3E\" data-orig-src=\"https:\/\/pappy-vuc.ch\/wp-content\/uploads\/2021\/01\/Alpenkra\u0308uter_221A4499.jpg\" data-srcset=\"https:\/\/pappy-vuc.ch\/wp-content\/uploads\/2021\/01\/Alpenkra\u0308uter_221A4499-200x133.jpg 200w, https:\/\/pappy-vuc.ch\/wp-content\/uploads\/2021\/01\/Alpenkra\u0308uter_221A4499-400x267.jpg 400w, https:\/\/pappy-vuc.ch\/wp-content\/uploads\/2021\/01\/Alpenkra\u0308uter_221A4499-600x400.jpg 600w, https:\/\/pappy-vuc.ch\/wp-content\/uploads\/2021\/01\/Alpenkra\u0308uter_221A4499-800x534.jpg 800w, https:\/\/pappy-vuc.ch\/wp-content\/uploads\/2021\/01\/Alpenkra\u0308uter_221A4499.jpg 1024w\" data-sizes=\"auto\" \/><div class=\"fusion-rollover\">\n\t<div class=\"fusion-rollover-content\">\n\n\t\t\t\t\n\t\t\n\t\t\t\t\t\t\t\t\n\t\t\t\t\t\t\t\t\n\t\t\n\t\t\t\t\t\t\t\t\n\t\t\t\t\t\t\n\t\t\t\t\t\t\t\t\t\t<div class=\"fusion-product-buttons\">\n\t\t\t\t\t<a href=\"\/fr\/wp-json\/wp\/v2\/pages\/3286?add-to-cart=3532\" aria-describedby=\"woocommerce_loop_add_to_cart_link_describedby_3532\" data-quantity=\"1\" class=\"button product_type_simple add_to_cart_button ajax_add_to_cart\" data-product_id=\"3532\" data-product_sku=\"\" aria-label=\"Ajouter au panier\u00a0: &ldquo;Jambon s\u00e9ch\u00e9 des Alpes&rdquo;\" rel=\"nofollow\">Ajouter au panier<\/a>\t<span id=\"woocommerce_loop_add_to_cart_link_describedby_3532\" class=\"screen-reader-text\">\n\t\t\t<\/span>\n<span class=\"fusion-rollover-linebreak\">\n\t\/<\/span>\n\n<a href=\"https:\/\/pappy-vuc.ch\/fr\/produit\/alpen-trocken-schinken\/\" class=\"show_details_button\">\n\tD\u00e9tails<\/a>\n\n\t\t\t\t<\/div>\n\t\t\t\t\t\t\t\t\t<a class=\"fusion-link-wrapper\" href=\"https:\/\/pappy-vuc.ch\/fr\/produit\/alpen-trocken-schinken\/\" aria-label=\"Jambon s\u00e9ch\u00e9 des Alpes\"><\/a>\n\t<\/div>\n<\/div>\n<\/div>\n<h4 class=\"fusion-carousel-title product-title\"><a href=\"https:\/\/pappy-vuc.ch\/fr\/produit\/alpen-trocken-schinken\/\" target=\"_self\">Jambon s\u00e9ch\u00e9 des Alpes<\/a><\/h4><div class=\"fusion-carousel-meta\"><a href=\"https:\/\/pappy-vuc.ch\/fr\/produkt-kategorie\/schwein-fr\/\" rel=\"tag\">Jambon s\u00e9ch\u00e9<\/a><div class=\"fusion-carousel-price\">\n\t<span class=\"price\"><span class=\"woocommerce-Price-amount amount\"><bdi><span class=\"woocommerce-Price-currencySymbol\">&#67;&#72;&#70;<\/span>&nbsp;75.00<\/bdi><\/span> <small class=\"woocommerce-price-suffix\">hors TVA (2,6%)<\/small><\/span>\n<\/div><\/div><\/div><\/div><\/div><div class=\"swiper-slide\"><div class=\"fusion-clean-product-image-wrapper\"><div class=\"fusion-carousel-item-wrapper\"><div  class=\"fusion-image-wrapper\" aria-haspopup=\"true\">\n\t\t\t\t<div class=\"fusion-woo-badges-wrapper\">\n<\/div><img decoding=\"async\" width=\"1024\" height=\"683\" src=\"https:\/\/pappy-vuc.ch\/wp-content\/uploads\/2021\/01\/Pfeffer-Schicnken_221A4476.jpg\" class=\"attachment-full size-full lazyload wp-post-image\" alt=\"Schweizer Trockenfleisch: Alpenkr\u00e4uter von Pappy Vuc\" srcset=\"data:image\/svg+xml,%3Csvg%20xmlns%3D%27http%3A%2F%2Fwww.w3.org%2F2000%2Fsvg%27%20width%3D%271024%27%20height%3D%27683%27%20viewBox%3D%270%200%201024%20683%27%3E%3Crect%20width%3D%271024%27%20height%3D%27683%27%20fill-opacity%3D%220%22%2F%3E%3C%2Fsvg%3E\" data-orig-src=\"https:\/\/pappy-vuc.ch\/wp-content\/uploads\/2021\/01\/Pfeffer-Schicnken_221A4476.jpg\" data-srcset=\"https:\/\/pappy-vuc.ch\/wp-content\/uploads\/2021\/01\/Pfeffer-Schicnken_221A4476-200x133.jpg 200w, https:\/\/pappy-vuc.ch\/wp-content\/uploads\/2021\/01\/Pfeffer-Schicnken_221A4476-400x267.jpg 400w, https:\/\/pappy-vuc.ch\/wp-content\/uploads\/2021\/01\/Pfeffer-Schicnken_221A4476-600x400.jpg 600w, https:\/\/pappy-vuc.ch\/wp-content\/uploads\/2021\/01\/Pfeffer-Schicnken_221A4476-800x534.jpg 800w, https:\/\/pappy-vuc.ch\/wp-content\/uploads\/2021\/01\/Pfeffer-Schicnken_221A4476.jpg 1024w\" data-sizes=\"auto\" \/><div class=\"fusion-rollover\">\n\t<div class=\"fusion-rollover-content\">\n\n\t\t\t\t\n\t\t\n\t\t\t\t\t\t\t\t\n\t\t\t\t\t\t\t\t\n\t\t\n\t\t\t\t\t\t\t\t\n\t\t\t\t\t\t\n\t\t\t\t\t\t\t\t\t\t<div class=\"fusion-product-buttons\">\n\t\t\t\t\t<a href=\"\/fr\/wp-json\/wp\/v2\/pages\/3286?add-to-cart=3500\" aria-describedby=\"woocommerce_loop_add_to_cart_link_describedby_3500\" data-quantity=\"1\" class=\"button product_type_simple add_to_cart_button ajax_add_to_cart\" data-product_id=\"3500\" data-product_sku=\"\" aria-label=\"Ajouter au panier\u00a0: &ldquo;Jambon s\u00e9ch\u00e9 Pur Poivre&rdquo;\" rel=\"nofollow\">Ajouter au panier<\/a>\t<span id=\"woocommerce_loop_add_to_cart_link_describedby_3500\" class=\"screen-reader-text\">\n\t\t\t<\/span>\n<span class=\"fusion-rollover-linebreak\">\n\t\/<\/span>\n\n<a href=\"https:\/\/pappy-vuc.ch\/fr\/produit\/schinken-pure-poivre\/\" class=\"show_details_button\">\n\tD\u00e9tails<\/a>\n\n\t\t\t\t<\/div>\n\t\t\t\t\t\t\t\t\t<a class=\"fusion-link-wrapper\" href=\"https:\/\/pappy-vuc.ch\/fr\/produit\/schinken-pure-poivre\/\" aria-label=\"Jambon s\u00e9ch\u00e9 Pur Poivre\"><\/a>\n\t<\/div>\n<\/div>\n<\/div>\n<h4 class=\"fusion-carousel-title product-title\"><a href=\"https:\/\/pappy-vuc.ch\/fr\/produit\/schinken-pure-poivre\/\" target=\"_self\">Jambon s\u00e9ch\u00e9 Pur Poivre<\/a><\/h4><div class=\"fusion-carousel-meta\"><a href=\"https:\/\/pappy-vuc.ch\/fr\/produkt-kategorie\/schwein-fr\/\" rel=\"tag\">Jambon s\u00e9ch\u00e9<\/a><div class=\"fusion-carousel-price\">\n\t<span class=\"price\"><span class=\"woocommerce-Price-amount amount\"><bdi><span class=\"woocommerce-Price-currencySymbol\">&#67;&#72;&#70;<\/span>&nbsp;75.00<\/bdi><\/span> <small class=\"woocommerce-price-suffix\">hors TVA (2,6%)<\/small><\/span>\n<\/div><\/div><\/div><\/div><\/div><div class=\"swiper-slide\"><div class=\"fusion-clean-product-image-wrapper\"><div class=\"fusion-carousel-item-wrapper\"><div  class=\"fusion-image-wrapper\" aria-haspopup=\"true\">\n\t\t\t\t<div class=\"fusion-woo-badges-wrapper\">\n<\/div><img decoding=\"async\" width=\"1405\" height=\"1080\" src=\"https:\/\/pappy-vuc.ch\/wp-content\/uploads\/2025\/04\/thumbnail_IMG_1522.jpg\" class=\"attachment-full size-full lazyload wp-post-image\" alt=\"\" srcset=\"data:image\/svg+xml,%3Csvg%20xmlns%3D%27http%3A%2F%2Fwww.w3.org%2F2000%2Fsvg%27%20width%3D%271405%27%20height%3D%271080%27%20viewBox%3D%270%200%201405%201080%27%3E%3Crect%20width%3D%271405%27%20height%3D%271080%27%20fill-opacity%3D%220%22%2F%3E%3C%2Fsvg%3E\" data-orig-src=\"https:\/\/pappy-vuc.ch\/wp-content\/uploads\/2025\/04\/thumbnail_IMG_1522.jpg\" data-srcset=\"https:\/\/pappy-vuc.ch\/wp-content\/uploads\/2025\/04\/thumbnail_IMG_1522-200x154.jpg 200w, https:\/\/pappy-vuc.ch\/wp-content\/uploads\/2025\/04\/thumbnail_IMG_1522-400x308.jpg 400w, https:\/\/pappy-vuc.ch\/wp-content\/uploads\/2025\/04\/thumbnail_IMG_1522-600x461.jpg 600w, https:\/\/pappy-vuc.ch\/wp-content\/uploads\/2025\/04\/thumbnail_IMG_1522-800x615.jpg 800w, https:\/\/pappy-vuc.ch\/wp-content\/uploads\/2025\/04\/thumbnail_IMG_1522-1200x923.jpg 1200w, https:\/\/pappy-vuc.ch\/wp-content\/uploads\/2025\/04\/thumbnail_IMG_1522.jpg 1405w\" data-sizes=\"auto\" \/><div class=\"fusion-rollover\">\n\t<div class=\"fusion-rollover-content\">\n\n\t\t\t\t\n\t\t\n\t\t\t\t\t\t\t\t\n\t\t\t\t\t\t\t\t\n\t\t\n\t\t\t\t\t\t\t\t\n\t\t\t\t\t\t\n\t\t\t\t\t\t\t\t\t\t<div class=\"fusion-product-buttons\">\n\t\t\t\t\t<a href=\"\/fr\/wp-json\/wp\/v2\/pages\/3286?add-to-cart=4868\" aria-describedby=\"woocommerce_loop_add_to_cart_link_describedby_4868\" data-quantity=\"1\" class=\"button product_type_simple add_to_cart_button ajax_add_to_cart\" data-product_id=\"4868\" data-product_sku=\"\" aria-label=\"Ajouter au panier\u00a0: &ldquo;Jambon s\u00e9ch\u00e9 \u00e0 la sauge&rdquo;\" rel=\"nofollow\">Ajouter au panier<\/a>\t<span id=\"woocommerce_loop_add_to_cart_link_describedby_4868\" class=\"screen-reader-text\">\n\t\t\t<\/span>\n<span class=\"fusion-rollover-linebreak\">\n\t\/<\/span>\n\n<a href=\"https:\/\/pappy-vuc.ch\/fr\/produit\/jambon-seche-a-lail-kopie\/\" class=\"show_details_button\">\n\tD\u00e9tails<\/a>\n\n\t\t\t\t<\/div>\n\t\t\t\t\t\t\t\t\t<a class=\"fusion-link-wrapper\" href=\"https:\/\/pappy-vuc.ch\/fr\/produit\/jambon-seche-a-lail-kopie\/\" aria-label=\"Jambon s\u00e9ch\u00e9 \u00e0 la sauge\"><\/a>\n\t<\/div>\n<\/div>\n<\/div>\n<h4 class=\"fusion-carousel-title product-title\"><a href=\"https:\/\/pappy-vuc.ch\/fr\/produit\/jambon-seche-a-lail-kopie\/\" target=\"_self\">Jambon s\u00e9ch\u00e9 \u00e0 la sauge<\/a><\/h4><div class=\"fusion-carousel-meta\"><a href=\"https:\/\/pappy-vuc.ch\/fr\/produkt-kategorie\/schwein-fr\/\" rel=\"tag\">Jambon s\u00e9ch\u00e9<\/a><div class=\"fusion-carousel-price\">\n\t<span class=\"price\"><span class=\"woocommerce-Price-amount amount\"><bdi><span class=\"woocommerce-Price-currencySymbol\">&#67;&#72;&#70;<\/span>&nbsp;75.00<\/bdi><\/span> <small class=\"woocommerce-price-suffix\">hors TVA (2,6%)<\/small><\/span>\n<\/div><\/div><\/div><\/div><\/div><div class=\"swiper-slide\"><div class=\"fusion-clean-product-image-wrapper\"><div class=\"fusion-carousel-item-wrapper\"><div  class=\"fusion-image-wrapper\" aria-haspopup=\"true\">\n\t\t\t\t<div class=\"fusion-woo-badges-wrapper\">\n<\/div><img decoding=\"async\" width=\"1024\" height=\"683\" src=\"https:\/\/pappy-vuc.ch\/wp-content\/uploads\/2021\/01\/Knoblauchschinken_221A4487.jpg\" class=\"attachment-full size-full lazyload wp-post-image\" alt=\"Knoblauchschinken: Trockenfleisch von Pappy Vuc\" srcset=\"data:image\/svg+xml,%3Csvg%20xmlns%3D%27http%3A%2F%2Fwww.w3.org%2F2000%2Fsvg%27%20width%3D%271024%27%20height%3D%27683%27%20viewBox%3D%270%200%201024%20683%27%3E%3Crect%20width%3D%271024%27%20height%3D%27683%27%20fill-opacity%3D%220%22%2F%3E%3C%2Fsvg%3E\" data-orig-src=\"https:\/\/pappy-vuc.ch\/wp-content\/uploads\/2021\/01\/Knoblauchschinken_221A4487.jpg\" data-srcset=\"https:\/\/pappy-vuc.ch\/wp-content\/uploads\/2021\/01\/Knoblauchschinken_221A4487-200x133.jpg 200w, https:\/\/pappy-vuc.ch\/wp-content\/uploads\/2021\/01\/Knoblauchschinken_221A4487-400x267.jpg 400w, https:\/\/pappy-vuc.ch\/wp-content\/uploads\/2021\/01\/Knoblauchschinken_221A4487-600x400.jpg 600w, https:\/\/pappy-vuc.ch\/wp-content\/uploads\/2021\/01\/Knoblauchschinken_221A4487-800x534.jpg 800w, https:\/\/pappy-vuc.ch\/wp-content\/uploads\/2021\/01\/Knoblauchschinken_221A4487.jpg 1024w\" data-sizes=\"auto\" \/><div class=\"fusion-rollover\">\n\t<div class=\"fusion-rollover-content\">\n\n\t\t\t\t\n\t\t\n\t\t\t\t\t\t\t\t\n\t\t\t\t\t\t\t\t\n\t\t\n\t\t\t\t\t\t\t\t\n\t\t\t\t\t\t\n\t\t\t\t\t\t\t\t\t\t<div class=\"fusion-product-buttons\">\n\t\t\t\t\t<a href=\"\/fr\/wp-json\/wp\/v2\/pages\/3286?add-to-cart=3468\" aria-describedby=\"woocommerce_loop_add_to_cart_link_describedby_3468\" data-quantity=\"1\" class=\"button product_type_simple add_to_cart_button ajax_add_to_cart\" data-product_id=\"3468\" data-product_sku=\"\" aria-label=\"Ajouter au panier\u00a0: &ldquo;Jambon s\u00e9ch\u00e9 \u00e0 l&#039;ail&rdquo;\" rel=\"nofollow\">Ajouter au panier<\/a>\t<span id=\"woocommerce_loop_add_to_cart_link_describedby_3468\" class=\"screen-reader-text\">\n\t\t\t<\/span>\n<span class=\"fusion-rollover-linebreak\">\n\t\/<\/span>\n\n<a href=\"https:\/\/pappy-vuc.ch\/fr\/produit\/knoblauch-schinken\/\" class=\"show_details_button\">\n\tD\u00e9tails<\/a>\n\n\t\t\t\t<\/div>\n\t\t\t\t\t\t\t\t\t<a class=\"fusion-link-wrapper\" href=\"https:\/\/pappy-vuc.ch\/fr\/produit\/knoblauch-schinken\/\" aria-label=\"Jambon s\u00e9ch\u00e9 \u00e0 l&#8217;ail\"><\/a>\n\t<\/div>\n<\/div>\n<\/div>\n<h4 class=\"fusion-carousel-title product-title\"><a href=\"https:\/\/pappy-vuc.ch\/fr\/produit\/knoblauch-schinken\/\" target=\"_self\">Jambon s\u00e9ch\u00e9 \u00e0 l&#8217;ail<\/a><\/h4><div class=\"fusion-carousel-meta\"><a href=\"https:\/\/pappy-vuc.ch\/fr\/produkt-kategorie\/schwein-fr\/\" rel=\"tag\">Jambon s\u00e9ch\u00e9<\/a><div class=\"fusion-carousel-price\">\n\t<span class=\"price\"><span class=\"woocommerce-Price-amount amount\"><bdi><span class=\"woocommerce-Price-currencySymbol\">&#67;&#72;&#70;<\/span>&nbsp;75.00<\/bdi><\/span> <small class=\"woocommerce-price-suffix\">hors TVA (2,6%)<\/small><\/span>\n<\/div><\/div><\/div><\/div><\/div><div class=\"swiper-slide\"><div class=\"fusion-clean-product-image-wrapper\"><div class=\"fusion-carousel-item-wrapper\"><div  class=\"fusion-image-wrapper\" aria-haspopup=\"true\">\n\t\t\t\t<div class=\"fusion-woo-badges-wrapper\">\n<\/div><img decoding=\"async\" width=\"1024\" height=\"683\" src=\"https:\/\/pappy-vuc.ch\/wp-content\/uploads\/2021\/01\/Vanillespeck_221A4508.jpg\" class=\"attachment-full size-full lazyload wp-post-image\" alt=\"\" srcset=\"data:image\/svg+xml,%3Csvg%20xmlns%3D%27http%3A%2F%2Fwww.w3.org%2F2000%2Fsvg%27%20width%3D%271024%27%20height%3D%27683%27%20viewBox%3D%270%200%201024%20683%27%3E%3Crect%20width%3D%271024%27%20height%3D%27683%27%20fill-opacity%3D%220%22%2F%3E%3C%2Fsvg%3E\" data-orig-src=\"https:\/\/pappy-vuc.ch\/wp-content\/uploads\/2021\/01\/Vanillespeck_221A4508.jpg\" data-srcset=\"https:\/\/pappy-vuc.ch\/wp-content\/uploads\/2021\/01\/Vanillespeck_221A4508-200x133.jpg 200w, https:\/\/pappy-vuc.ch\/wp-content\/uploads\/2021\/01\/Vanillespeck_221A4508-400x267.jpg 400w, https:\/\/pappy-vuc.ch\/wp-content\/uploads\/2021\/01\/Vanillespeck_221A4508-600x400.jpg 600w, https:\/\/pappy-vuc.ch\/wp-content\/uploads\/2021\/01\/Vanillespeck_221A4508-800x534.jpg 800w, https:\/\/pappy-vuc.ch\/wp-content\/uploads\/2021\/01\/Vanillespeck_221A4508.jpg 1024w\" data-sizes=\"auto\" \/><div class=\"fusion-rollover\">\n\t<div class=\"fusion-rollover-content\">\n\n\t\t\t\t\n\t\t\n\t\t\t\t\t\t\t\t\n\t\t\t\t\t\t\t\t\n\t\t\n\t\t\t\t\t\t\t\t\n\t\t\t\t\t\t\n\t\t\t\t\t\t\t\t\t\t<div class=\"fusion-product-buttons\">\n\t\t\t\t\t<a href=\"\/fr\/wp-json\/wp\/v2\/pages\/3286?add-to-cart=4870\" aria-describedby=\"woocommerce_loop_add_to_cart_link_describedby_4870\" data-quantity=\"1\" class=\"button product_type_simple add_to_cart_button ajax_add_to_cart\" data-product_id=\"4870\" data-product_sku=\"\" aria-label=\"Ajouter au panier\u00a0: &ldquo;Lard gourmet \u00e0 aux herbes des alpes&rdquo;\" rel=\"nofollow\">Ajouter au panier<\/a>\t<span id=\"woocommerce_loop_add_to_cart_link_describedby_4870\" class=\"screen-reader-text\">\n\t\t\t<\/span>\n<span class=\"fusion-rollover-linebreak\">\n\t\/<\/span>\n\n<a href=\"https:\/\/pappy-vuc.ch\/fr\/produit\/lard-gourmet-a-la-vanille-kopie\/\" class=\"show_details_button\">\n\tD\u00e9tails<\/a>\n\n\t\t\t\t<\/div>\n\t\t\t\t\t\t\t\t\t<a class=\"fusion-link-wrapper\" href=\"https:\/\/pappy-vuc.ch\/fr\/produit\/lard-gourmet-a-la-vanille-kopie\/\" aria-label=\"Lard gourmet \u00e0 aux herbes des alpes\"><\/a>\n\t<\/div>\n<\/div>\n<\/div>\n<h4 class=\"fusion-carousel-title product-title\"><a href=\"https:\/\/pappy-vuc.ch\/fr\/produit\/lard-gourmet-a-la-vanille-kopie\/\" target=\"_self\">Lard gourmet \u00e0 aux herbes des alpes<\/a><\/h4><div class=\"fusion-carousel-meta\"><a href=\"https:\/\/pappy-vuc.ch\/fr\/produkt-kategorie\/gourmetspeck-fr\/\" rel=\"tag\">Lard gourmet<\/a><div class=\"fusion-carousel-price\">\n\t<span class=\"price\"><span class=\"woocommerce-Price-amount amount\"><bdi><span class=\"woocommerce-Price-currencySymbol\">&#67;&#72;&#70;<\/span>&nbsp;56.00<\/bdi><\/span> <small class=\"woocommerce-price-suffix\">hors TVA (2,6%)<\/small><\/span>\n<\/div><\/div><\/div><\/div><\/div><\/div><div class=\"awb-swiper-button awb-swiper-button-prev\"><i class=\"awb-icon-angle-left\" aria-hidden=\"true\"><\/i><\/div><div class=\"awb-swiper-button awb-swiper-button-next\"><i class=\"awb-icon-angle-right\" aria-hidden=\"true\"><\/i><\/div><\/div><\/div><div class=\"fusion-woo-product-slider fusion-woo-slider fusion-no-medium-visibility fusion-no-large-visibility\"><div class=\"awb-carousel awb-swiper awb-swiper-carousel fusion-carousel-title-below-image\" style=\"--awb-columns:1;--awb-column-spacing:40px;\" data-metacontent=\"yes\" data-autoplay=\"yes\" data-columns=\"1\" data-itemmargin=\"40\" data-itemwidth=\"180\" data-touchscroll=\"no\" data-imagesize=\"auto\" data-scrollitems=\"1\"><div class=\"swiper-wrapper\"><div class=\"swiper-slide\"><div class=\"fusion-clean-product-image-wrapper\"><div class=\"fusion-carousel-item-wrapper\"><div  class=\"fusion-image-wrapper\" aria-haspopup=\"true\">\n\t\t\t\t<div class=\"fusion-woo-badges-wrapper\">\n<\/div><img decoding=\"async\" width=\"1024\" height=\"683\" src=\"https:\/\/pappy-vuc.ch\/wp-content\/uploads\/2021\/01\/Lacienne_221A4466.jpg\" class=\"attachment-full size-full lazyload wp-post-image\" alt=\"Rind Trockenfleisch a L&#039;ancienne bei Pappy Vuc\" srcset=\"data:image\/svg+xml,%3Csvg%20xmlns%3D%27http%3A%2F%2Fwww.w3.org%2F2000%2Fsvg%27%20width%3D%271024%27%20height%3D%27683%27%20viewBox%3D%270%200%201024%20683%27%3E%3Crect%20width%3D%271024%27%20height%3D%27683%27%20fill-opacity%3D%220%22%2F%3E%3C%2Fsvg%3E\" data-orig-src=\"https:\/\/pappy-vuc.ch\/wp-content\/uploads\/2021\/01\/Lacienne_221A4466.jpg\" data-srcset=\"https:\/\/pappy-vuc.ch\/wp-content\/uploads\/2021\/01\/Lacienne_221A4466-200x133.jpg 200w, https:\/\/pappy-vuc.ch\/wp-content\/uploads\/2021\/01\/Lacienne_221A4466-400x267.jpg 400w, https:\/\/pappy-vuc.ch\/wp-content\/uploads\/2021\/01\/Lacienne_221A4466-600x400.jpg 600w, https:\/\/pappy-vuc.ch\/wp-content\/uploads\/2021\/01\/Lacienne_221A4466-800x534.jpg 800w, https:\/\/pappy-vuc.ch\/wp-content\/uploads\/2021\/01\/Lacienne_221A4466.jpg 1024w\" data-sizes=\"auto\" \/><div class=\"fusion-rollover\">\n\t<div class=\"fusion-rollover-content\">\n\n\t\t\t\t\n\t\t\n\t\t\t\t\t\t\t\t\n\t\t\t\t\t\t\t\t\n\t\t\n\t\t\t\t\t\t\t\t\n\t\t\t\t\t\t\n\t\t\t\t\t\t\t\t\t\t<div class=\"fusion-product-buttons\">\n\t\t\t\t\t<a href=\"\/fr\/wp-json\/wp\/v2\/pages\/3286?add-to-cart=3714\" aria-describedby=\"woocommerce_loop_add_to_cart_link_describedby_3714\" data-quantity=\"1\" class=\"button product_type_simple add_to_cart_button ajax_add_to_cart\" data-product_id=\"3714\" data-product_sku=\"\" aria-label=\"Ajouter au panier\u00a0: &ldquo;Viande s\u00e9ch\u00e9e B\u0153uf \u00e0 l&#039;ancienne&rdquo;\" rel=\"nofollow\">Ajouter au panier<\/a>\t<span id=\"woocommerce_loop_add_to_cart_link_describedby_3714\" class=\"screen-reader-text\">\n\t\t\t<\/span>\n<span class=\"fusion-rollover-linebreak\">\n\t\/<\/span>\n\n<a href=\"https:\/\/pappy-vuc.ch\/fr\/produit\/rind-a-lancienne\/\" class=\"show_details_button\">\n\tD\u00e9tails<\/a>\n\n\t\t\t\t<\/div>\n\t\t\t\t\t\t\t\t\t<a class=\"fusion-link-wrapper\" href=\"https:\/\/pappy-vuc.ch\/fr\/produit\/rind-a-lancienne\/\" aria-label=\"Viande s\u00e9ch\u00e9e B\u0153uf \u00e0 l&#8217;ancienne\"><\/a>\n\t<\/div>\n<\/div>\n<\/div>\n<h4 class=\"fusion-carousel-title product-title\"><a href=\"https:\/\/pappy-vuc.ch\/fr\/produit\/rind-a-lancienne\/\" target=\"_self\">Viande s\u00e9ch\u00e9e B\u0153uf \u00e0 l&#8217;ancienne<\/a><\/h4><div class=\"fusion-carousel-meta\"><a href=\"https:\/\/pappy-vuc.ch\/fr\/produkt-kategorie\/rind-fr\/\" rel=\"tag\">Viande de b\u0153uf s\u00e9ch\u00e9e<\/a><div class=\"fusion-carousel-price\">\n\t<span class=\"price\"><span class=\"woocommerce-Price-amount amount\"><bdi><span class=\"woocommerce-Price-currencySymbol\">&#67;&#72;&#70;<\/span>&nbsp;107.00<\/bdi><\/span> <small class=\"woocommerce-price-suffix\">hors TVA (2,6%)<\/small><\/span>\n<\/div><\/div><\/div><\/div><\/div><div class=\"swiper-slide\"><div class=\"fusion-clean-product-image-wrapper\"><div class=\"fusion-carousel-item-wrapper\"><div  class=\"fusion-image-wrapper\" aria-haspopup=\"true\">\n\t\t\t\t<div class=\"fusion-woo-badges-wrapper\">\n<\/div><img decoding=\"async\" width=\"1024\" height=\"683\" src=\"https:\/\/pappy-vuc.ch\/wp-content\/uploads\/2021\/01\/Edelweiss_221A4390.jpg\" class=\"attachment-full size-full lazyload wp-post-image\" alt=\"Trockenfleisch Edelweiss vom Rind bei Pappy Vuc bestellen\" srcset=\"data:image\/svg+xml,%3Csvg%20xmlns%3D%27http%3A%2F%2Fwww.w3.org%2F2000%2Fsvg%27%20width%3D%271024%27%20height%3D%27683%27%20viewBox%3D%270%200%201024%20683%27%3E%3Crect%20width%3D%271024%27%20height%3D%27683%27%20fill-opacity%3D%220%22%2F%3E%3C%2Fsvg%3E\" data-orig-src=\"https:\/\/pappy-vuc.ch\/wp-content\/uploads\/2021\/01\/Edelweiss_221A4390.jpg\" data-srcset=\"https:\/\/pappy-vuc.ch\/wp-content\/uploads\/2021\/01\/Edelweiss_221A4390-200x133.jpg 200w, https:\/\/pappy-vuc.ch\/wp-content\/uploads\/2021\/01\/Edelweiss_221A4390-400x267.jpg 400w, https:\/\/pappy-vuc.ch\/wp-content\/uploads\/2021\/01\/Edelweiss_221A4390-600x400.jpg 600w, https:\/\/pappy-vuc.ch\/wp-content\/uploads\/2021\/01\/Edelweiss_221A4390-800x534.jpg 800w, https:\/\/pappy-vuc.ch\/wp-content\/uploads\/2021\/01\/Edelweiss_221A4390.jpg 1024w\" data-sizes=\"auto\" \/><div class=\"fusion-rollover\">\n\t<div class=\"fusion-rollover-content\">\n\n\t\t\t\t\n\t\t\n\t\t\t\t\t\t\t\t\n\t\t\t\t\t\t\t\t\n\t\t\n\t\t\t\t\t\t\t\t\n\t\t\t\t\t\t\n\t\t\t\t\t\t\t\t\t\t<div class=\"fusion-product-buttons\">\n\t\t\t\t\t<a href=\"\/fr\/wp-json\/wp\/v2\/pages\/3286?add-to-cart=3781\" aria-describedby=\"woocommerce_loop_add_to_cart_link_describedby_3781\" data-quantity=\"1\" class=\"button product_type_simple add_to_cart_button ajax_add_to_cart\" data-product_id=\"3781\" data-product_sku=\"\" aria-label=\"Ajouter au panier\u00a0: &ldquo;Viande s\u00e9ch\u00e9e B\u0153uf Edelweiss&rdquo;\" rel=\"nofollow\">Ajouter au panier<\/a>\t<span id=\"woocommerce_loop_add_to_cart_link_describedby_3781\" class=\"screen-reader-text\">\n\t\t\t<\/span>\n<span class=\"fusion-rollover-linebreak\">\n\t\/<\/span>\n\n<a href=\"https:\/\/pappy-vuc.ch\/fr\/produit\/rind-edelweiss\/\" class=\"show_details_button\">\n\tD\u00e9tails<\/a>\n\n\t\t\t\t<\/div>\n\t\t\t\t\t\t\t\t\t<a class=\"fusion-link-wrapper\" href=\"https:\/\/pappy-vuc.ch\/fr\/produit\/rind-edelweiss\/\" aria-label=\"Viande s\u00e9ch\u00e9e B\u0153uf Edelweiss\"><\/a>\n\t<\/div>\n<\/div>\n<\/div>\n<h4 class=\"fusion-carousel-title product-title\"><a href=\"https:\/\/pappy-vuc.ch\/fr\/produit\/rind-edelweiss\/\" target=\"_self\">Viande s\u00e9ch\u00e9e B\u0153uf Edelweiss<\/a><\/h4><div class=\"fusion-carousel-meta\"><a href=\"https:\/\/pappy-vuc.ch\/fr\/produkt-kategorie\/rind-fr\/\" rel=\"tag\">Viande de b\u0153uf s\u00e9ch\u00e9e<\/a><div class=\"fusion-carousel-price\">\n\t<span class=\"price\"><span class=\"woocommerce-Price-amount amount\"><bdi><span class=\"woocommerce-Price-currencySymbol\">&#67;&#72;&#70;<\/span>&nbsp;118.00<\/bdi><\/span> <small class=\"woocommerce-price-suffix\">hors TVA (2,6%)<\/small><\/span>\n<\/div><\/div><\/div><\/div><\/div><div class=\"swiper-slide\"><div class=\"fusion-clean-product-image-wrapper\"><div class=\"fusion-carousel-item-wrapper\"><div  class=\"fusion-image-wrapper\" aria-haspopup=\"true\">\n\t\t\t\t<div class=\"fusion-woo-badges-wrapper\">\n<\/div><img decoding=\"async\" width=\"1024\" height=\"683\" src=\"https:\/\/pappy-vuc.ch\/wp-content\/uploads\/2021\/01\/Pfeffer-Rinds_221A4428.jpg\" class=\"attachment-full size-full lazyload wp-post-image\" alt=\"Schwarzer Pfeffer Trockenfleisch vom Rind | Pappy Vuc\" srcset=\"data:image\/svg+xml,%3Csvg%20xmlns%3D%27http%3A%2F%2Fwww.w3.org%2F2000%2Fsvg%27%20width%3D%271024%27%20height%3D%27683%27%20viewBox%3D%270%200%201024%20683%27%3E%3Crect%20width%3D%271024%27%20height%3D%27683%27%20fill-opacity%3D%220%22%2F%3E%3C%2Fsvg%3E\" data-orig-src=\"https:\/\/pappy-vuc.ch\/wp-content\/uploads\/2021\/01\/Pfeffer-Rinds_221A4428.jpg\" data-srcset=\"https:\/\/pappy-vuc.ch\/wp-content\/uploads\/2021\/01\/Pfeffer-Rinds_221A4428-200x133.jpg 200w, https:\/\/pappy-vuc.ch\/wp-content\/uploads\/2021\/01\/Pfeffer-Rinds_221A4428-400x267.jpg 400w, https:\/\/pappy-vuc.ch\/wp-content\/uploads\/2021\/01\/Pfeffer-Rinds_221A4428-600x400.jpg 600w, https:\/\/pappy-vuc.ch\/wp-content\/uploads\/2021\/01\/Pfeffer-Rinds_221A4428-800x534.jpg 800w, https:\/\/pappy-vuc.ch\/wp-content\/uploads\/2021\/01\/Pfeffer-Rinds_221A4428.jpg 1024w\" data-sizes=\"auto\" \/><div class=\"fusion-rollover\">\n\t<div class=\"fusion-rollover-content\">\n\n\t\t\t\t\n\t\t\n\t\t\t\t\t\t\t\t\n\t\t\t\t\t\t\t\t\n\t\t\n\t\t\t\t\t\t\t\t\n\t\t\t\t\t\t\n\t\t\t\t\t\t\t\t\t\t<div class=\"fusion-product-buttons\">\n\t\t\t\t\t<a href=\"\/fr\/wp-json\/wp\/v2\/pages\/3286?add-to-cart=3682\" aria-describedby=\"woocommerce_loop_add_to_cart_link_describedby_3682\" data-quantity=\"1\" class=\"button product_type_simple add_to_cart_button ajax_add_to_cart\" data-product_id=\"3682\" data-product_sku=\"\" aria-label=\"Ajouter au panier\u00a0: &ldquo;Viande s\u00e9ch\u00e9e Boeuf pur poivre&rdquo;\" rel=\"nofollow\">Ajouter au panier<\/a>\t<span id=\"woocommerce_loop_add_to_cart_link_describedby_3682\" class=\"screen-reader-text\">\n\t\t\t<\/span>\n<span class=\"fusion-rollover-linebreak\">\n\t\/<\/span>\n\n<a href=\"https:\/\/pappy-vuc.ch\/fr\/produit\/rind-pure-poivre\/\" class=\"show_details_button\">\n\tD\u00e9tails<\/a>\n\n\t\t\t\t<\/div>\n\t\t\t\t\t\t\t\t\t<a class=\"fusion-link-wrapper\" href=\"https:\/\/pappy-vuc.ch\/fr\/produit\/rind-pure-poivre\/\" aria-label=\"Viande s\u00e9ch\u00e9e Boeuf pur poivre\"><\/a>\n\t<\/div>\n<\/div>\n<\/div>\n<h4 class=\"fusion-carousel-title product-title\"><a href=\"https:\/\/pappy-vuc.ch\/fr\/produit\/rind-pure-poivre\/\" target=\"_self\">Viande s\u00e9ch\u00e9e Boeuf pur poivre<\/a><\/h4><div class=\"fusion-carousel-meta\"><a href=\"https:\/\/pappy-vuc.ch\/fr\/produkt-kategorie\/rind-fr\/\" rel=\"tag\">Viande de b\u0153uf s\u00e9ch\u00e9e<\/a><div class=\"fusion-carousel-price\">\n\t<span class=\"price\"><span class=\"woocommerce-Price-amount amount\"><bdi><span class=\"woocommerce-Price-currencySymbol\">&#67;&#72;&#70;<\/span>&nbsp;107.00<\/bdi><\/span> <small class=\"woocommerce-price-suffix\">hors TVA (2,6%)<\/small><\/span>\n<\/div><\/div><\/div><\/div><\/div><div class=\"swiper-slide\"><div class=\"fusion-clean-product-image-wrapper\"><div class=\"fusion-carousel-item-wrapper\"><div  class=\"fusion-image-wrapper\" aria-haspopup=\"true\">\n\t\t\t\t<div class=\"fusion-woo-badges-wrapper\">\n<\/div><img decoding=\"async\" width=\"1024\" height=\"683\" src=\"https:\/\/pappy-vuc.ch\/wp-content\/uploads\/2021\/01\/Rosa-Pfeffer_221A4435.jpg\" class=\"attachment-full size-full lazyload wp-post-image\" alt=\"Rosa Pfeffer Gourmet Trockenfleisch online kaufen\" srcset=\"data:image\/svg+xml,%3Csvg%20xmlns%3D%27http%3A%2F%2Fwww.w3.org%2F2000%2Fsvg%27%20width%3D%271024%27%20height%3D%27683%27%20viewBox%3D%270%200%201024%20683%27%3E%3Crect%20width%3D%271024%27%20height%3D%27683%27%20fill-opacity%3D%220%22%2F%3E%3C%2Fsvg%3E\" data-orig-src=\"https:\/\/pappy-vuc.ch\/wp-content\/uploads\/2021\/01\/Rosa-Pfeffer_221A4435.jpg\" data-srcset=\"https:\/\/pappy-vuc.ch\/wp-content\/uploads\/2021\/01\/Rosa-Pfeffer_221A4435-200x133.jpg 200w, https:\/\/pappy-vuc.ch\/wp-content\/uploads\/2021\/01\/Rosa-Pfeffer_221A4435-400x267.jpg 400w, https:\/\/pappy-vuc.ch\/wp-content\/uploads\/2021\/01\/Rosa-Pfeffer_221A4435-600x400.jpg 600w, https:\/\/pappy-vuc.ch\/wp-content\/uploads\/2021\/01\/Rosa-Pfeffer_221A4435-800x534.jpg 800w, https:\/\/pappy-vuc.ch\/wp-content\/uploads\/2021\/01\/Rosa-Pfeffer_221A4435.jpg 1024w\" data-sizes=\"auto\" \/><div class=\"fusion-rollover\">\n\t<div class=\"fusion-rollover-content\">\n\n\t\t\t\t\n\t\t\n\t\t\t\t\t\t\t\t\n\t\t\t\t\t\t\t\t\n\t\t\n\t\t\t\t\t\t\t\t\n\t\t\t\t\t\t\n\t\t\t\t\t\t\t\t\t\t<div class=\"fusion-product-buttons\">\n\t\t\t\t\t<a href=\"\/fr\/wp-json\/wp\/v2\/pages\/3286?add-to-cart=3650\" aria-describedby=\"woocommerce_loop_add_to_cart_link_describedby_3650\" data-quantity=\"1\" class=\"button product_type_simple add_to_cart_button ajax_add_to_cart\" data-product_id=\"3650\" data-product_sku=\"\" aria-label=\"Ajouter au panier\u00a0: &ldquo;Viande s\u00e9ch\u00e9e Boeuf Poivre Rose&rdquo;\" rel=\"nofollow\">Ajouter au panier<\/a>\t<span id=\"woocommerce_loop_add_to_cart_link_describedby_3650\" class=\"screen-reader-text\">\n\t\t\t<\/span>\n<span class=\"fusion-rollover-linebreak\">\n\t\/<\/span>\n\n<a href=\"https:\/\/pappy-vuc.ch\/fr\/produit\/rind-poivre-rose\/\" class=\"show_details_button\">\n\tD\u00e9tails<\/a>\n\n\t\t\t\t<\/div>\n\t\t\t\t\t\t\t\t\t<a class=\"fusion-link-wrapper\" href=\"https:\/\/pappy-vuc.ch\/fr\/produit\/rind-poivre-rose\/\" aria-label=\"Viande s\u00e9ch\u00e9e Boeuf Poivre Rose\"><\/a>\n\t<\/div>\n<\/div>\n<\/div>\n<h4 class=\"fusion-carousel-title product-title\"><a href=\"https:\/\/pappy-vuc.ch\/fr\/produit\/rind-poivre-rose\/\" target=\"_self\">Viande s\u00e9ch\u00e9e Boeuf Poivre Rose<\/a><\/h4><div class=\"fusion-carousel-meta\"><a href=\"https:\/\/pappy-vuc.ch\/fr\/produkt-kategorie\/rind-fr\/\" rel=\"tag\">Viande de b\u0153uf s\u00e9ch\u00e9e<\/a><div class=\"fusion-carousel-price\">\n\t<span class=\"price\"><span class=\"woocommerce-Price-amount amount\"><bdi><span class=\"woocommerce-Price-currencySymbol\">&#67;&#72;&#70;<\/span>&nbsp;107.00<\/bdi><\/span> <small class=\"woocommerce-price-suffix\">hors TVA (2,6%)<\/small><\/span>\n<\/div><\/div><\/div><\/div><\/div><div class=\"swiper-slide\"><div class=\"fusion-clean-product-image-wrapper\"><div class=\"fusion-carousel-item-wrapper\"><div  class=\"fusion-image-wrapper\" aria-haspopup=\"true\">\n\t\t\t\t<div class=\"fusion-woo-badges-wrapper\">\n<\/div><img decoding=\"async\" width=\"1024\" height=\"683\" src=\"https:\/\/pappy-vuc.ch\/wp-content\/uploads\/2021\/01\/Genepi_221A4419.jpg\" class=\"attachment-full size-full lazyload wp-post-image\" alt=\"Rosa Pfeffer Gourmet Trockenfleisch online kaufen\" srcset=\"data:image\/svg+xml,%3Csvg%20xmlns%3D%27http%3A%2F%2Fwww.w3.org%2F2000%2Fsvg%27%20width%3D%271024%27%20height%3D%27683%27%20viewBox%3D%270%200%201024%20683%27%3E%3Crect%20width%3D%271024%27%20height%3D%27683%27%20fill-opacity%3D%220%22%2F%3E%3C%2Fsvg%3E\" data-orig-src=\"https:\/\/pappy-vuc.ch\/wp-content\/uploads\/2021\/01\/Genepi_221A4419.jpg\" data-srcset=\"https:\/\/pappy-vuc.ch\/wp-content\/uploads\/2021\/01\/Genepi_221A4419-200x133.jpg 200w, https:\/\/pappy-vuc.ch\/wp-content\/uploads\/2021\/01\/Genepi_221A4419-400x267.jpg 400w, https:\/\/pappy-vuc.ch\/wp-content\/uploads\/2021\/01\/Genepi_221A4419-600x400.jpg 600w, https:\/\/pappy-vuc.ch\/wp-content\/uploads\/2021\/01\/Genepi_221A4419-800x534.jpg 800w, https:\/\/pappy-vuc.ch\/wp-content\/uploads\/2021\/01\/Genepi_221A4419.jpg 1024w\" data-sizes=\"auto\" \/><div class=\"fusion-rollover\">\n\t<div class=\"fusion-rollover-content\">\n\n\t\t\t\t\n\t\t\n\t\t\t\t\t\t\t\t\n\t\t\t\t\t\t\t\t\n\t\t\n\t\t\t\t\t\t\t\t\n\t\t\t\t\t\t\n\t\t\t\t\t\t\t\t\t\t<div class=\"fusion-product-buttons\">\n\t\t\t\t\t<a href=\"\/fr\/wp-json\/wp\/v2\/pages\/3286?add-to-cart=3618\" aria-describedby=\"woocommerce_loop_add_to_cart_link_describedby_3618\" data-quantity=\"1\" class=\"button product_type_simple add_to_cart_button ajax_add_to_cart\" data-product_id=\"3618\" data-product_sku=\"\" aria-label=\"Ajouter au panier\u00a0: &ldquo;Viande s\u00e9ch\u00e9e B\u0153uf G\u00e9n\u00e9py&rdquo;\" rel=\"nofollow\">Ajouter au panier<\/a>\t<span id=\"woocommerce_loop_add_to_cart_link_describedby_3618\" class=\"screen-reader-text\">\n\t\t\t<\/span>\n<span class=\"fusion-rollover-linebreak\">\n\t\/<\/span>\n\n<a href=\"https:\/\/pappy-vuc.ch\/fr\/produit\/rind-genepy\/\" class=\"show_details_button\">\n\tD\u00e9tails<\/a>\n\n\t\t\t\t<\/div>\n\t\t\t\t\t\t\t\t\t<a class=\"fusion-link-wrapper\" href=\"https:\/\/pappy-vuc.ch\/fr\/produit\/rind-genepy\/\" aria-label=\"Viande s\u00e9ch\u00e9e B\u0153uf G\u00e9n\u00e9py\"><\/a>\n\t<\/div>\n<\/div>\n<\/div>\n<h4 class=\"fusion-carousel-title product-title\"><a href=\"https:\/\/pappy-vuc.ch\/fr\/produit\/rind-genepy\/\" target=\"_self\">Viande s\u00e9ch\u00e9e B\u0153uf G\u00e9n\u00e9py<\/a><\/h4><div class=\"fusion-carousel-meta\"><a href=\"https:\/\/pappy-vuc.ch\/fr\/produkt-kategorie\/rind-fr\/\" rel=\"tag\">Viande de b\u0153uf s\u00e9ch\u00e9e<\/a><div class=\"fusion-carousel-price\">\n\t<span class=\"price\"><span class=\"woocommerce-Price-amount amount\"><bdi><span class=\"woocommerce-Price-currencySymbol\">&#67;&#72;&#70;<\/span>&nbsp;112.00<\/bdi><\/span> <small class=\"woocommerce-price-suffix\">hors TVA (2,6%)<\/small><\/span>\n<\/div><\/div><\/div><\/div><\/div><div class=\"swiper-slide\"><div class=\"fusion-clean-product-image-wrapper\"><div class=\"fusion-carousel-item-wrapper\"><div  class=\"fusion-image-wrapper\" aria-haspopup=\"true\">\n\t\t\t\t<div class=\"fusion-woo-badges-wrapper\">\n<\/div><img decoding=\"async\" width=\"1024\" height=\"683\" src=\"https:\/\/pappy-vuc.ch\/wp-content\/uploads\/2021\/01\/Rosmarin_221A4447.jpg\" class=\"attachment-full size-full lazyload wp-post-image\" alt=\"Rosmarin Trockenfleisch online bestellen bei Pappy Vuc\" srcset=\"data:image\/svg+xml,%3Csvg%20xmlns%3D%27http%3A%2F%2Fwww.w3.org%2F2000%2Fsvg%27%20width%3D%271024%27%20height%3D%27683%27%20viewBox%3D%270%200%201024%20683%27%3E%3Crect%20width%3D%271024%27%20height%3D%27683%27%20fill-opacity%3D%220%22%2F%3E%3C%2Fsvg%3E\" data-orig-src=\"https:\/\/pappy-vuc.ch\/wp-content\/uploads\/2021\/01\/Rosmarin_221A4447.jpg\" data-srcset=\"https:\/\/pappy-vuc.ch\/wp-content\/uploads\/2021\/01\/Rosmarin_221A4447-200x133.jpg 200w, https:\/\/pappy-vuc.ch\/wp-content\/uploads\/2021\/01\/Rosmarin_221A4447-400x267.jpg 400w, https:\/\/pappy-vuc.ch\/wp-content\/uploads\/2021\/01\/Rosmarin_221A4447-600x400.jpg 600w, https:\/\/pappy-vuc.ch\/wp-content\/uploads\/2021\/01\/Rosmarin_221A4447-800x534.jpg 800w, https:\/\/pappy-vuc.ch\/wp-content\/uploads\/2021\/01\/Rosmarin_221A4447.jpg 1024w\" data-sizes=\"auto\" \/><div class=\"fusion-rollover\">\n\t<div class=\"fusion-rollover-content\">\n\n\t\t\t\t\n\t\t\n\t\t\t\t\t\t\t\t\n\t\t\t\t\t\t\t\t\n\t\t\n\t\t\t\t\t\t\t\t\n\t\t\t\t\t\t\n\t\t\t\t\t\t\t\t\t\t<div class=\"fusion-product-buttons\">\n\t\t\t\t\t<a href=\"\/fr\/wp-json\/wp\/v2\/pages\/3286?add-to-cart=3586\" aria-describedby=\"woocommerce_loop_add_to_cart_link_describedby_3586\" data-quantity=\"1\" class=\"button product_type_simple add_to_cart_button ajax_add_to_cart\" data-product_id=\"3586\" data-product_sku=\"\" aria-label=\"Ajouter au panier\u00a0: &ldquo;Viande s\u00e9ch\u00e9e Boeuf au romarin&rdquo;\" rel=\"nofollow\">Ajouter au panier<\/a>\t<span id=\"woocommerce_loop_add_to_cart_link_describedby_3586\" class=\"screen-reader-text\">\n\t\t\t<\/span>\n<span class=\"fusion-rollover-linebreak\">\n\t\/<\/span>\n\n<a href=\"https:\/\/pappy-vuc.ch\/fr\/produit\/rind-rosmarin\/\" class=\"show_details_button\">\n\tD\u00e9tails<\/a>\n\n\t\t\t\t<\/div>\n\t\t\t\t\t\t\t\t\t<a class=\"fusion-link-wrapper\" href=\"https:\/\/pappy-vuc.ch\/fr\/produit\/rind-rosmarin\/\" aria-label=\"Viande s\u00e9ch\u00e9e Boeuf au romarin\"><\/a>\n\t<\/div>\n<\/div>\n<\/div>\n<h4 class=\"fusion-carousel-title product-title\"><a href=\"https:\/\/pappy-vuc.ch\/fr\/produit\/rind-rosmarin\/\" target=\"_self\">Viande s\u00e9ch\u00e9e Boeuf au romarin<\/a><\/h4><div class=\"fusion-carousel-meta\"><a href=\"https:\/\/pappy-vuc.ch\/fr\/produkt-kategorie\/rind-fr\/\" rel=\"tag\">Viande de b\u0153uf s\u00e9ch\u00e9e<\/a><div class=\"fusion-carousel-price\">\n\t<span class=\"price\"><span class=\"woocommerce-Price-amount amount\"><bdi><span class=\"woocommerce-Price-currencySymbol\">&#67;&#72;&#70;<\/span>&nbsp;107.00<\/bdi><\/span> <small class=\"woocommerce-price-suffix\">hors TVA (2,6%)<\/small><\/span>\n<\/div><\/div><\/div><\/div><\/div><div class=\"swiper-slide\"><div class=\"fusion-clean-product-image-wrapper\"><div class=\"fusion-carousel-item-wrapper\"><div  class=\"fusion-image-wrapper\" aria-haspopup=\"true\">\n\t\t\t\t<div class=\"fusion-woo-badges-wrapper\">\n<\/div><img decoding=\"async\" width=\"1024\" height=\"683\" src=\"https:\/\/pappy-vuc.ch\/wp-content\/uploads\/2021\/01\/Thymian_221A4455.jpg\" class=\"attachment-full size-full lazyload wp-post-image\" alt=\"Trockenfleisch erster Klasse von Pappy Vuc: Thymian\" srcset=\"data:image\/svg+xml,%3Csvg%20xmlns%3D%27http%3A%2F%2Fwww.w3.org%2F2000%2Fsvg%27%20width%3D%271024%27%20height%3D%27683%27%20viewBox%3D%270%200%201024%20683%27%3E%3Crect%20width%3D%271024%27%20height%3D%27683%27%20fill-opacity%3D%220%22%2F%3E%3C%2Fsvg%3E\" data-orig-src=\"https:\/\/pappy-vuc.ch\/wp-content\/uploads\/2021\/01\/Thymian_221A4455.jpg\" data-srcset=\"https:\/\/pappy-vuc.ch\/wp-content\/uploads\/2021\/01\/Thymian_221A4455-200x133.jpg 200w, https:\/\/pappy-vuc.ch\/wp-content\/uploads\/2021\/01\/Thymian_221A4455-400x267.jpg 400w, https:\/\/pappy-vuc.ch\/wp-content\/uploads\/2021\/01\/Thymian_221A4455-600x400.jpg 600w, https:\/\/pappy-vuc.ch\/wp-content\/uploads\/2021\/01\/Thymian_221A4455-800x534.jpg 800w, https:\/\/pappy-vuc.ch\/wp-content\/uploads\/2021\/01\/Thymian_221A4455.jpg 1024w\" data-sizes=\"auto\" \/><div class=\"fusion-rollover\">\n\t<div class=\"fusion-rollover-content\">\n\n\t\t\t\t\n\t\t\n\t\t\t\t\t\t\t\t\n\t\t\t\t\t\t\t\t\n\t\t\n\t\t\t\t\t\t\t\t\n\t\t\t\t\t\t\n\t\t\t\t\t\t\t\t\t\t<div class=\"fusion-product-buttons\">\n\t\t\t\t\t<a href=\"\/fr\/wp-json\/wp\/v2\/pages\/3286?add-to-cart=3746\" aria-describedby=\"woocommerce_loop_add_to_cart_link_describedby_3746\" data-quantity=\"1\" class=\"button product_type_simple add_to_cart_button ajax_add_to_cart\" data-product_id=\"3746\" data-product_sku=\"\" aria-label=\"Ajouter au panier\u00a0: &ldquo;Viande s\u00e9ch\u00e9e B\u0153uf au thym&rdquo;\" rel=\"nofollow\">Ajouter au panier<\/a>\t<span id=\"woocommerce_loop_add_to_cart_link_describedby_3746\" class=\"screen-reader-text\">\n\t\t\t<\/span>\n<span class=\"fusion-rollover-linebreak\">\n\t\/<\/span>\n\n<a href=\"https:\/\/pappy-vuc.ch\/fr\/produit\/rind-thymian\/\" class=\"show_details_button\">\n\tD\u00e9tails<\/a>\n\n\t\t\t\t<\/div>\n\t\t\t\t\t\t\t\t\t<a class=\"fusion-link-wrapper\" href=\"https:\/\/pappy-vuc.ch\/fr\/produit\/rind-thymian\/\" aria-label=\"Viande s\u00e9ch\u00e9e B\u0153uf au thym\"><\/a>\n\t<\/div>\n<\/div>\n<\/div>\n<h4 class=\"fusion-carousel-title product-title\"><a href=\"https:\/\/pappy-vuc.ch\/fr\/produit\/rind-thymian\/\" target=\"_self\">Viande s\u00e9ch\u00e9e B\u0153uf au thym<\/a><\/h4><div class=\"fusion-carousel-meta\"><a href=\"https:\/\/pappy-vuc.ch\/fr\/produkt-kategorie\/rind-fr\/\" rel=\"tag\">Viande de b\u0153uf s\u00e9ch\u00e9e<\/a><div class=\"fusion-carousel-price\">\n\t<span class=\"price\"><span class=\"woocommerce-Price-amount amount\"><bdi><span class=\"woocommerce-Price-currencySymbol\">&#67;&#72;&#70;<\/span>&nbsp;107.00<\/bdi><\/span> <small class=\"woocommerce-price-suffix\">hors TVA (2,6%)<\/small><\/span>\n<\/div><\/div><\/div><\/div><\/div><div class=\"swiper-slide\"><div class=\"fusion-clean-product-image-wrapper\"><div class=\"fusion-carousel-item-wrapper\"><div  class=\"fusion-image-wrapper\" aria-haspopup=\"true\">\n\t\t\t\t<div class=\"fusion-woo-badges-wrapper\">\n<\/div><img decoding=\"async\" width=\"1024\" height=\"683\" src=\"https:\/\/pappy-vuc.ch\/wp-content\/uploads\/2021\/01\/Alpenkra\u0308uter_221A4499.jpg\" class=\"attachment-full size-full lazyload wp-post-image\" alt=\"Schweizer Trockenfleisch: Alpenkr\u00e4uter von Pappy Vuc\" srcset=\"data:image\/svg+xml,%3Csvg%20xmlns%3D%27http%3A%2F%2Fwww.w3.org%2F2000%2Fsvg%27%20width%3D%271024%27%20height%3D%27683%27%20viewBox%3D%270%200%201024%20683%27%3E%3Crect%20width%3D%271024%27%20height%3D%27683%27%20fill-opacity%3D%220%22%2F%3E%3C%2Fsvg%3E\" data-orig-src=\"https:\/\/pappy-vuc.ch\/wp-content\/uploads\/2021\/01\/Alpenkra\u0308uter_221A4499.jpg\" data-srcset=\"https:\/\/pappy-vuc.ch\/wp-content\/uploads\/2021\/01\/Alpenkra\u0308uter_221A4499-200x133.jpg 200w, https:\/\/pappy-vuc.ch\/wp-content\/uploads\/2021\/01\/Alpenkra\u0308uter_221A4499-400x267.jpg 400w, https:\/\/pappy-vuc.ch\/wp-content\/uploads\/2021\/01\/Alpenkra\u0308uter_221A4499-600x400.jpg 600w, https:\/\/pappy-vuc.ch\/wp-content\/uploads\/2021\/01\/Alpenkra\u0308uter_221A4499-800x534.jpg 800w, https:\/\/pappy-vuc.ch\/wp-content\/uploads\/2021\/01\/Alpenkra\u0308uter_221A4499.jpg 1024w\" data-sizes=\"auto\" \/><div class=\"fusion-rollover\">\n\t<div class=\"fusion-rollover-content\">\n\n\t\t\t\t\n\t\t\n\t\t\t\t\t\t\t\t\n\t\t\t\t\t\t\t\t\n\t\t\n\t\t\t\t\t\t\t\t\n\t\t\t\t\t\t\n\t\t\t\t\t\t\t\t\t\t<div class=\"fusion-product-buttons\">\n\t\t\t\t\t<a href=\"\/fr\/wp-json\/wp\/v2\/pages\/3286?add-to-cart=3532\" aria-describedby=\"woocommerce_loop_add_to_cart_link_describedby_3532\" data-quantity=\"1\" class=\"button product_type_simple add_to_cart_button ajax_add_to_cart\" data-product_id=\"3532\" data-product_sku=\"\" aria-label=\"Ajouter au panier\u00a0: &ldquo;Jambon s\u00e9ch\u00e9 des Alpes&rdquo;\" rel=\"nofollow\">Ajouter au panier<\/a>\t<span id=\"woocommerce_loop_add_to_cart_link_describedby_3532\" class=\"screen-reader-text\">\n\t\t\t<\/span>\n<span class=\"fusion-rollover-linebreak\">\n\t\/<\/span>\n\n<a href=\"https:\/\/pappy-vuc.ch\/fr\/produit\/alpen-trocken-schinken\/\" class=\"show_details_button\">\n\tD\u00e9tails<\/a>\n\n\t\t\t\t<\/div>\n\t\t\t\t\t\t\t\t\t<a class=\"fusion-link-wrapper\" href=\"https:\/\/pappy-vuc.ch\/fr\/produit\/alpen-trocken-schinken\/\" aria-label=\"Jambon s\u00e9ch\u00e9 des Alpes\"><\/a>\n\t<\/div>\n<\/div>\n<\/div>\n<h4 class=\"fusion-carousel-title product-title\"><a href=\"https:\/\/pappy-vuc.ch\/fr\/produit\/alpen-trocken-schinken\/\" target=\"_self\">Jambon s\u00e9ch\u00e9 des Alpes<\/a><\/h4><div class=\"fusion-carousel-meta\"><a href=\"https:\/\/pappy-vuc.ch\/fr\/produkt-kategorie\/schwein-fr\/\" rel=\"tag\">Jambon s\u00e9ch\u00e9<\/a><div class=\"fusion-carousel-price\">\n\t<span class=\"price\"><span class=\"woocommerce-Price-amount amount\"><bdi><span class=\"woocommerce-Price-currencySymbol\">&#67;&#72;&#70;<\/span>&nbsp;75.00<\/bdi><\/span> <small class=\"woocommerce-price-suffix\">hors TVA (2,6%)<\/small><\/span>\n<\/div><\/div><\/div><\/div><\/div><div class=\"swiper-slide\"><div class=\"fusion-clean-product-image-wrapper\"><div class=\"fusion-carousel-item-wrapper\"><div  class=\"fusion-image-wrapper\" aria-haspopup=\"true\">\n\t\t\t\t<div class=\"fusion-woo-badges-wrapper\">\n<\/div><img decoding=\"async\" width=\"1024\" height=\"683\" src=\"https:\/\/pappy-vuc.ch\/wp-content\/uploads\/2021\/01\/Pfeffer-Schicnken_221A4476.jpg\" class=\"attachment-full size-full lazyload wp-post-image\" alt=\"Schweizer Trockenfleisch: Alpenkr\u00e4uter von Pappy Vuc\" srcset=\"data:image\/svg+xml,%3Csvg%20xmlns%3D%27http%3A%2F%2Fwww.w3.org%2F2000%2Fsvg%27%20width%3D%271024%27%20height%3D%27683%27%20viewBox%3D%270%200%201024%20683%27%3E%3Crect%20width%3D%271024%27%20height%3D%27683%27%20fill-opacity%3D%220%22%2F%3E%3C%2Fsvg%3E\" data-orig-src=\"https:\/\/pappy-vuc.ch\/wp-content\/uploads\/2021\/01\/Pfeffer-Schicnken_221A4476.jpg\" data-srcset=\"https:\/\/pappy-vuc.ch\/wp-content\/uploads\/2021\/01\/Pfeffer-Schicnken_221A4476-200x133.jpg 200w, https:\/\/pappy-vuc.ch\/wp-content\/uploads\/2021\/01\/Pfeffer-Schicnken_221A4476-400x267.jpg 400w, https:\/\/pappy-vuc.ch\/wp-content\/uploads\/2021\/01\/Pfeffer-Schicnken_221A4476-600x400.jpg 600w, https:\/\/pappy-vuc.ch\/wp-content\/uploads\/2021\/01\/Pfeffer-Schicnken_221A4476-800x534.jpg 800w, https:\/\/pappy-vuc.ch\/wp-content\/uploads\/2021\/01\/Pfeffer-Schicnken_221A4476.jpg 1024w\" data-sizes=\"auto\" \/><div class=\"fusion-rollover\">\n\t<div class=\"fusion-rollover-content\">\n\n\t\t\t\t\n\t\t\n\t\t\t\t\t\t\t\t\n\t\t\t\t\t\t\t\t\n\t\t\n\t\t\t\t\t\t\t\t\n\t\t\t\t\t\t\n\t\t\t\t\t\t\t\t\t\t<div class=\"fusion-product-buttons\">\n\t\t\t\t\t<a href=\"\/fr\/wp-json\/wp\/v2\/pages\/3286?add-to-cart=3500\" aria-describedby=\"woocommerce_loop_add_to_cart_link_describedby_3500\" data-quantity=\"1\" class=\"button product_type_simple add_to_cart_button ajax_add_to_cart\" data-product_id=\"3500\" data-product_sku=\"\" aria-label=\"Ajouter au panier\u00a0: &ldquo;Jambon s\u00e9ch\u00e9 Pur Poivre&rdquo;\" rel=\"nofollow\">Ajouter au panier<\/a>\t<span id=\"woocommerce_loop_add_to_cart_link_describedby_3500\" class=\"screen-reader-text\">\n\t\t\t<\/span>\n<span class=\"fusion-rollover-linebreak\">\n\t\/<\/span>\n\n<a href=\"https:\/\/pappy-vuc.ch\/fr\/produit\/schinken-pure-poivre\/\" class=\"show_details_button\">\n\tD\u00e9tails<\/a>\n\n\t\t\t\t<\/div>\n\t\t\t\t\t\t\t\t\t<a class=\"fusion-link-wrapper\" href=\"https:\/\/pappy-vuc.ch\/fr\/produit\/schinken-pure-poivre\/\" aria-label=\"Jambon s\u00e9ch\u00e9 Pur Poivre\"><\/a>\n\t<\/div>\n<\/div>\n<\/div>\n<h4 class=\"fusion-carousel-title product-title\"><a href=\"https:\/\/pappy-vuc.ch\/fr\/produit\/schinken-pure-poivre\/\" target=\"_self\">Jambon s\u00e9ch\u00e9 Pur Poivre<\/a><\/h4><div class=\"fusion-carousel-meta\"><a href=\"https:\/\/pappy-vuc.ch\/fr\/produkt-kategorie\/schwein-fr\/\" rel=\"tag\">Jambon s\u00e9ch\u00e9<\/a><div class=\"fusion-carousel-price\">\n\t<span class=\"price\"><span class=\"woocommerce-Price-amount amount\"><bdi><span class=\"woocommerce-Price-currencySymbol\">&#67;&#72;&#70;<\/span>&nbsp;75.00<\/bdi><\/span> <small class=\"woocommerce-price-suffix\">hors TVA (2,6%)<\/small><\/span>\n<\/div><\/div><\/div><\/div><\/div><div class=\"swiper-slide\"><div class=\"fusion-clean-product-image-wrapper\"><div class=\"fusion-carousel-item-wrapper\"><div  class=\"fusion-image-wrapper\" aria-haspopup=\"true\">\n\t\t\t\t<div class=\"fusion-woo-badges-wrapper\">\n<\/div><img decoding=\"async\" width=\"1405\" height=\"1080\" src=\"https:\/\/pappy-vuc.ch\/wp-content\/uploads\/2025\/04\/thumbnail_IMG_1522.jpg\" class=\"attachment-full size-full lazyload wp-post-image\" alt=\"\" srcset=\"data:image\/svg+xml,%3Csvg%20xmlns%3D%27http%3A%2F%2Fwww.w3.org%2F2000%2Fsvg%27%20width%3D%271405%27%20height%3D%271080%27%20viewBox%3D%270%200%201405%201080%27%3E%3Crect%20width%3D%271405%27%20height%3D%271080%27%20fill-opacity%3D%220%22%2F%3E%3C%2Fsvg%3E\" data-orig-src=\"https:\/\/pappy-vuc.ch\/wp-content\/uploads\/2025\/04\/thumbnail_IMG_1522.jpg\" data-srcset=\"https:\/\/pappy-vuc.ch\/wp-content\/uploads\/2025\/04\/thumbnail_IMG_1522-200x154.jpg 200w, https:\/\/pappy-vuc.ch\/wp-content\/uploads\/2025\/04\/thumbnail_IMG_1522-400x308.jpg 400w, https:\/\/pappy-vuc.ch\/wp-content\/uploads\/2025\/04\/thumbnail_IMG_1522-600x461.jpg 600w, https:\/\/pappy-vuc.ch\/wp-content\/uploads\/2025\/04\/thumbnail_IMG_1522-800x615.jpg 800w, https:\/\/pappy-vuc.ch\/wp-content\/uploads\/2025\/04\/thumbnail_IMG_1522-1200x923.jpg 1200w, https:\/\/pappy-vuc.ch\/wp-content\/uploads\/2025\/04\/thumbnail_IMG_1522.jpg 1405w\" data-sizes=\"auto\" \/><div class=\"fusion-rollover\">\n\t<div class=\"fusion-rollover-content\">\n\n\t\t\t\t\n\t\t\n\t\t\t\t\t\t\t\t\n\t\t\t\t\t\t\t\t\n\t\t\n\t\t\t\t\t\t\t\t\n\t\t\t\t\t\t\n\t\t\t\t\t\t\t\t\t\t<div class=\"fusion-product-buttons\">\n\t\t\t\t\t<a href=\"\/fr\/wp-json\/wp\/v2\/pages\/3286?add-to-cart=4868\" aria-describedby=\"woocommerce_loop_add_to_cart_link_describedby_4868\" data-quantity=\"1\" class=\"button product_type_simple add_to_cart_button ajax_add_to_cart\" data-product_id=\"4868\" data-product_sku=\"\" aria-label=\"Ajouter au panier\u00a0: &ldquo;Jambon s\u00e9ch\u00e9 \u00e0 la sauge&rdquo;\" rel=\"nofollow\">Ajouter au panier<\/a>\t<span id=\"woocommerce_loop_add_to_cart_link_describedby_4868\" class=\"screen-reader-text\">\n\t\t\t<\/span>\n<span class=\"fusion-rollover-linebreak\">\n\t\/<\/span>\n\n<a href=\"https:\/\/pappy-vuc.ch\/fr\/produit\/jambon-seche-a-lail-kopie\/\" class=\"show_details_button\">\n\tD\u00e9tails<\/a>\n\n\t\t\t\t<\/div>\n\t\t\t\t\t\t\t\t\t<a class=\"fusion-link-wrapper\" href=\"https:\/\/pappy-vuc.ch\/fr\/produit\/jambon-seche-a-lail-kopie\/\" aria-label=\"Jambon s\u00e9ch\u00e9 \u00e0 la sauge\"><\/a>\n\t<\/div>\n<\/div>\n<\/div>\n<h4 class=\"fusion-carousel-title product-title\"><a href=\"https:\/\/pappy-vuc.ch\/fr\/produit\/jambon-seche-a-lail-kopie\/\" target=\"_self\">Jambon s\u00e9ch\u00e9 \u00e0 la sauge<\/a><\/h4><div class=\"fusion-carousel-meta\"><a href=\"https:\/\/pappy-vuc.ch\/fr\/produkt-kategorie\/schwein-fr\/\" rel=\"tag\">Jambon s\u00e9ch\u00e9<\/a><div class=\"fusion-carousel-price\">\n\t<span class=\"price\"><span class=\"woocommerce-Price-amount amount\"><bdi><span class=\"woocommerce-Price-currencySymbol\">&#67;&#72;&#70;<\/span>&nbsp;75.00<\/bdi><\/span> <small class=\"woocommerce-price-suffix\">hors TVA (2,6%)<\/small><\/span>\n<\/div><\/div><\/div><\/div><\/div><div class=\"swiper-slide\"><div class=\"fusion-clean-product-image-wrapper\"><div class=\"fusion-carousel-item-wrapper\"><div  class=\"fusion-image-wrapper\" aria-haspopup=\"true\">\n\t\t\t\t<div class=\"fusion-woo-badges-wrapper\">\n<\/div><img decoding=\"async\" width=\"1024\" height=\"683\" src=\"https:\/\/pappy-vuc.ch\/wp-content\/uploads\/2021\/01\/Knoblauchschinken_221A4487.jpg\" class=\"attachment-full size-full lazyload wp-post-image\" alt=\"Knoblauchschinken: Trockenfleisch von Pappy Vuc\" srcset=\"data:image\/svg+xml,%3Csvg%20xmlns%3D%27http%3A%2F%2Fwww.w3.org%2F2000%2Fsvg%27%20width%3D%271024%27%20height%3D%27683%27%20viewBox%3D%270%200%201024%20683%27%3E%3Crect%20width%3D%271024%27%20height%3D%27683%27%20fill-opacity%3D%220%22%2F%3E%3C%2Fsvg%3E\" data-orig-src=\"https:\/\/pappy-vuc.ch\/wp-content\/uploads\/2021\/01\/Knoblauchschinken_221A4487.jpg\" data-srcset=\"https:\/\/pappy-vuc.ch\/wp-content\/uploads\/2021\/01\/Knoblauchschinken_221A4487-200x133.jpg 200w, https:\/\/pappy-vuc.ch\/wp-content\/uploads\/2021\/01\/Knoblauchschinken_221A4487-400x267.jpg 400w, https:\/\/pappy-vuc.ch\/wp-content\/uploads\/2021\/01\/Knoblauchschinken_221A4487-600x400.jpg 600w, https:\/\/pappy-vuc.ch\/wp-content\/uploads\/2021\/01\/Knoblauchschinken_221A4487-800x534.jpg 800w, https:\/\/pappy-vuc.ch\/wp-content\/uploads\/2021\/01\/Knoblauchschinken_221A4487.jpg 1024w\" data-sizes=\"auto\" \/><div class=\"fusion-rollover\">\n\t<div class=\"fusion-rollover-content\">\n\n\t\t\t\t\n\t\t\n\t\t\t\t\t\t\t\t\n\t\t\t\t\t\t\t\t\n\t\t\n\t\t\t\t\t\t\t\t\n\t\t\t\t\t\t\n\t\t\t\t\t\t\t\t\t\t<div class=\"fusion-product-buttons\">\n\t\t\t\t\t<a href=\"\/fr\/wp-json\/wp\/v2\/pages\/3286?add-to-cart=3468\" aria-describedby=\"woocommerce_loop_add_to_cart_link_describedby_3468\" data-quantity=\"1\" class=\"button product_type_simple add_to_cart_button ajax_add_to_cart\" data-product_id=\"3468\" data-product_sku=\"\" aria-label=\"Ajouter au panier\u00a0: &ldquo;Jambon s\u00e9ch\u00e9 \u00e0 l&#039;ail&rdquo;\" rel=\"nofollow\">Ajouter au panier<\/a>\t<span id=\"woocommerce_loop_add_to_cart_link_describedby_3468\" class=\"screen-reader-text\">\n\t\t\t<\/span>\n<span class=\"fusion-rollover-linebreak\">\n\t\/<\/span>\n\n<a href=\"https:\/\/pappy-vuc.ch\/fr\/produit\/knoblauch-schinken\/\" class=\"show_details_button\">\n\tD\u00e9tails<\/a>\n\n\t\t\t\t<\/div>\n\t\t\t\t\t\t\t\t\t<a class=\"fusion-link-wrapper\" href=\"https:\/\/pappy-vuc.ch\/fr\/produit\/knoblauch-schinken\/\" aria-label=\"Jambon s\u00e9ch\u00e9 \u00e0 l&#8217;ail\"><\/a>\n\t<\/div>\n<\/div>\n<\/div>\n<h4 class=\"fusion-carousel-title product-title\"><a href=\"https:\/\/pappy-vuc.ch\/fr\/produit\/knoblauch-schinken\/\" target=\"_self\">Jambon s\u00e9ch\u00e9 \u00e0 l&#8217;ail<\/a><\/h4><div class=\"fusion-carousel-meta\"><a href=\"https:\/\/pappy-vuc.ch\/fr\/produkt-kategorie\/schwein-fr\/\" rel=\"tag\">Jambon s\u00e9ch\u00e9<\/a><div class=\"fusion-carousel-price\">\n\t<span class=\"price\"><span class=\"woocommerce-Price-amount amount\"><bdi><span class=\"woocommerce-Price-currencySymbol\">&#67;&#72;&#70;<\/span>&nbsp;75.00<\/bdi><\/span> <small class=\"woocommerce-price-suffix\">hors TVA (2,6%)<\/small><\/span>\n<\/div><\/div><\/div><\/div><\/div><div class=\"swiper-slide\"><div class=\"fusion-clean-product-image-wrapper\"><div class=\"fusion-carousel-item-wrapper\"><div  class=\"fusion-image-wrapper\" aria-haspopup=\"true\">\n\t\t\t\t<div class=\"fusion-woo-badges-wrapper\">\n<\/div><img decoding=\"async\" width=\"1024\" height=\"683\" src=\"https:\/\/pappy-vuc.ch\/wp-content\/uploads\/2021\/01\/Vanillespeck_221A4508.jpg\" class=\"attachment-full size-full lazyload wp-post-image\" alt=\"\" srcset=\"data:image\/svg+xml,%3Csvg%20xmlns%3D%27http%3A%2F%2Fwww.w3.org%2F2000%2Fsvg%27%20width%3D%271024%27%20height%3D%27683%27%20viewBox%3D%270%200%201024%20683%27%3E%3Crect%20width%3D%271024%27%20height%3D%27683%27%20fill-opacity%3D%220%22%2F%3E%3C%2Fsvg%3E\" data-orig-src=\"https:\/\/pappy-vuc.ch\/wp-content\/uploads\/2021\/01\/Vanillespeck_221A4508.jpg\" data-srcset=\"https:\/\/pappy-vuc.ch\/wp-content\/uploads\/2021\/01\/Vanillespeck_221A4508-200x133.jpg 200w, https:\/\/pappy-vuc.ch\/wp-content\/uploads\/2021\/01\/Vanillespeck_221A4508-400x267.jpg 400w, https:\/\/pappy-vuc.ch\/wp-content\/uploads\/2021\/01\/Vanillespeck_221A4508-600x400.jpg 600w, https:\/\/pappy-vuc.ch\/wp-content\/uploads\/2021\/01\/Vanillespeck_221A4508-800x534.jpg 800w, https:\/\/pappy-vuc.ch\/wp-content\/uploads\/2021\/01\/Vanillespeck_221A4508.jpg 1024w\" data-sizes=\"auto\" \/><div class=\"fusion-rollover\">\n\t<div class=\"fusion-rollover-content\">\n\n\t\t\t\t\n\t\t\n\t\t\t\t\t\t\t\t\n\t\t\t\t\t\t\t\t\n\t\t\n\t\t\t\t\t\t\t\t\n\t\t\t\t\t\t\n\t\t\t\t\t\t\t\t\t\t<div class=\"fusion-product-buttons\">\n\t\t\t\t\t<a href=\"\/fr\/wp-json\/wp\/v2\/pages\/3286?add-to-cart=4870\" aria-describedby=\"woocommerce_loop_add_to_cart_link_describedby_4870\" data-quantity=\"1\" class=\"button product_type_simple add_to_cart_button ajax_add_to_cart\" data-product_id=\"4870\" data-product_sku=\"\" aria-label=\"Ajouter au panier\u00a0: &ldquo;Lard gourmet \u00e0 aux herbes des alpes&rdquo;\" rel=\"nofollow\">Ajouter au panier<\/a>\t<span id=\"woocommerce_loop_add_to_cart_link_describedby_4870\" class=\"screen-reader-text\">\n\t\t\t<\/span>\n<span class=\"fusion-rollover-linebreak\">\n\t\/<\/span>\n\n<a href=\"https:\/\/pappy-vuc.ch\/fr\/produit\/lard-gourmet-a-la-vanille-kopie\/\" class=\"show_details_button\">\n\tD\u00e9tails<\/a>\n\n\t\t\t\t<\/div>\n\t\t\t\t\t\t\t\t\t<a class=\"fusion-link-wrapper\" href=\"https:\/\/pappy-vuc.ch\/fr\/produit\/lard-gourmet-a-la-vanille-kopie\/\" aria-label=\"Lard gourmet \u00e0 aux herbes des alpes\"><\/a>\n\t<\/div>\n<\/div>\n<\/div>\n<h4 class=\"fusion-carousel-title product-title\"><a href=\"https:\/\/pappy-vuc.ch\/fr\/produit\/lard-gourmet-a-la-vanille-kopie\/\" target=\"_self\">Lard gourmet \u00e0 aux herbes des alpes<\/a><\/h4><div class=\"fusion-carousel-meta\"><a href=\"https:\/\/pappy-vuc.ch\/fr\/produkt-kategorie\/gourmetspeck-fr\/\" rel=\"tag\">Lard gourmet<\/a><div class=\"fusion-carousel-price\">\n\t<span class=\"price\"><span class=\"woocommerce-Price-amount amount\"><bdi><span class=\"woocommerce-Price-currencySymbol\">&#67;&#72;&#70;<\/span>&nbsp;56.00<\/bdi><\/span> <small class=\"woocommerce-price-suffix\">hors TVA (2,6%)<\/small><\/span>\n<\/div><\/div><\/div><\/div><\/div><\/div><div class=\"awb-swiper-button awb-swiper-button-prev\"><i class=\"awb-icon-angle-left\" aria-hidden=\"true\"><\/i><\/div><div class=\"awb-swiper-button awb-swiper-button-next\"><i class=\"awb-icon-angle-right\" aria-hidden=\"true\"><\/i><\/div><\/div><\/div><\/div><\/div><\/div><\/div><\/p>\n","protected":false},"excerpt":{"rendered":"","protected":false},"author":2,"featured_media":0,"parent":0,"menu_order":6,"comment_status":"closed","ping_status":"closed","template":"100-width.php","meta":{"footnotes":""},"class_list":["post-3286","page","type-page","status-publish","hentry"],"yoast_head":"<!-- This site is optimized with the Yoast SEO plugin v27.4 - https:\/\/yoast.com\/product\/yoast-seo-wordpress\/ -->\n<title>Fleisch richtig schneiden: Messer &amp; Maschine | Pappy Vuc<\/title>\n<meta name=\"description\" content=\"Wie schneide ich das Fleisch richtig? Gourmet Trockenfleisch korrekt zubereiten mit Messer oder Maschine. Wir zeigen Ihnen wie das geht. Direkt zur Anleitung!\" \/>\n<meta name=\"robots\" content=\"index, follow, max-snippet:-1, max-image-preview:large, max-video-preview:-1\" \/>\n<link rel=\"canonical\" href=\"https:\/\/pappy-vuc.ch\/fr\/wie-schneide-ich-das-fleisch\/\" \/>\n<meta property=\"og:locale\" content=\"fr_FR\" \/>\n<meta property=\"og:type\" content=\"article\" \/>\n<meta property=\"og:title\" content=\"Fleisch richtig schneiden: Messer &amp; Maschine | Pappy Vuc\" \/>\n<meta property=\"og:description\" content=\"Wie schneide ich das Fleisch richtig? Gourmet Trockenfleisch korrekt zubereiten mit Messer oder Maschine. Wir zeigen Ihnen wie das geht. Direkt zur Anleitung!\" \/>\n<meta property=\"og:url\" content=\"https:\/\/pappy-vuc.ch\/fr\/wie-schneide-ich-das-fleisch\/\" \/>\n<meta property=\"og:site_name\" content=\"Pappy Vuc\" \/>\n<meta property=\"article:modified_time\" content=\"2021-08-04T15:51:58+00:00\" \/>\n<meta name=\"twitter:card\" content=\"summary_large_image\" \/>\n<meta name=\"twitter:label1\" content=\"Dur\u00e9e de lecture estim\u00e9e\" \/>\n\t<meta name=\"twitter:data1\" content=\"7 minutes\" \/>\n<script type=\"application\/ld+json\" class=\"yoast-schema-graph\">{\"@context\":\"https:\\\/\\\/schema.org\",\"@graph\":[{\"@type\":\"WebPage\",\"@id\":\"https:\\\/\\\/pappy-vuc.ch\\\/fr\\\/wie-schneide-ich-das-fleisch\\\/\",\"url\":\"https:\\\/\\\/pappy-vuc.ch\\\/fr\\\/wie-schneide-ich-das-fleisch\\\/\",\"name\":\"Fleisch richtig schneiden: Messer & Maschine | Pappy Vuc\",\"isPartOf\":{\"@id\":\"https:\\\/\\\/pappy-vuc.ch\\\/fr\\\/#website\"},\"datePublished\":\"2020-11-17T09:40:50+00:00\",\"dateModified\":\"2021-08-04T15:51:58+00:00\",\"description\":\"Wie schneide ich das Fleisch richtig? Gourmet Trockenfleisch korrekt zubereiten mit Messer oder Maschine. Wir zeigen Ihnen wie das geht. Direkt zur Anleitung!\",\"breadcrumb\":{\"@id\":\"https:\\\/\\\/pappy-vuc.ch\\\/fr\\\/wie-schneide-ich-das-fleisch\\\/#breadcrumb\"},\"inLanguage\":\"fr-FR\",\"potentialAction\":[{\"@type\":\"ReadAction\",\"target\":[\"https:\\\/\\\/pappy-vuc.ch\\\/fr\\\/wie-schneide-ich-das-fleisch\\\/\"]}]},{\"@type\":\"BreadcrumbList\",\"@id\":\"https:\\\/\\\/pappy-vuc.ch\\\/fr\\\/wie-schneide-ich-das-fleisch\\\/#breadcrumb\",\"itemListElement\":[{\"@type\":\"ListItem\",\"position\":1,\"name\":\"Home\",\"item\":\"https:\\\/\\\/pappy-vuc.ch\\\/fr\\\/\"},{\"@type\":\"ListItem\",\"position\":2,\"name\":\"Comment couper la viande\"}]},{\"@type\":\"WebSite\",\"@id\":\"https:\\\/\\\/pappy-vuc.ch\\\/fr\\\/#website\",\"url\":\"https:\\\/\\\/pappy-vuc.ch\\\/fr\\\/\",\"name\":\"Pappy Vuc\",\"description\":\"Gourmet Trockenfleisch\",\"publisher\":{\"@id\":\"https:\\\/\\\/pappy-vuc.ch\\\/fr\\\/#organization\"},\"potentialAction\":[{\"@type\":\"SearchAction\",\"target\":{\"@type\":\"EntryPoint\",\"urlTemplate\":\"https:\\\/\\\/pappy-vuc.ch\\\/fr\\\/?s={search_term_string}\"},\"query-input\":{\"@type\":\"PropertyValueSpecification\",\"valueRequired\":true,\"valueName\":\"search_term_string\"}}],\"inLanguage\":\"fr-FR\"},{\"@type\":\"Organization\",\"@id\":\"https:\\\/\\\/pappy-vuc.ch\\\/fr\\\/#organization\",\"name\":\"Pappy Vuc Gourmet Trockenfleisch\",\"url\":\"https:\\\/\\\/pappy-vuc.ch\\\/fr\\\/\",\"logo\":{\"@type\":\"ImageObject\",\"inLanguage\":\"fr-FR\",\"@id\":\"https:\\\/\\\/pappy-vuc.ch\\\/fr\\\/#\\\/schema\\\/logo\\\/image\\\/\",\"url\":\"https:\\\/\\\/pappy-vuc.ch\\\/wp-content\\\/uploads\\\/2020\\\/10\\\/LogoPappyVuc-Final-2020-200.png\",\"contentUrl\":\"https:\\\/\\\/pappy-vuc.ch\\\/wp-content\\\/uploads\\\/2020\\\/10\\\/LogoPappyVuc-Final-2020-200.png\",\"width\":205,\"height\":200,\"caption\":\"Pappy Vuc Gourmet Trockenfleisch\"},\"image\":{\"@id\":\"https:\\\/\\\/pappy-vuc.ch\\\/fr\\\/#\\\/schema\\\/logo\\\/image\\\/\"}}]}<\/script>\n<!-- \/ Yoast SEO plugin. -->","yoast_head_json":{"title":"Fleisch richtig schneiden: Messer & Maschine | Pappy Vuc","description":"Wie schneide ich das Fleisch richtig? Gourmet Trockenfleisch korrekt zubereiten mit Messer oder Maschine. Wir zeigen Ihnen wie das geht. Direkt zur Anleitung!","robots":{"index":"index","follow":"follow","max-snippet":"max-snippet:-1","max-image-preview":"max-image-preview:large","max-video-preview":"max-video-preview:-1"},"canonical":"https:\/\/pappy-vuc.ch\/fr\/wie-schneide-ich-das-fleisch\/","og_locale":"fr_FR","og_type":"article","og_title":"Fleisch richtig schneiden: Messer & Maschine | Pappy Vuc","og_description":"Wie schneide ich das Fleisch richtig? Gourmet Trockenfleisch korrekt zubereiten mit Messer oder Maschine. Wir zeigen Ihnen wie das geht. Direkt zur Anleitung!","og_url":"https:\/\/pappy-vuc.ch\/fr\/wie-schneide-ich-das-fleisch\/","og_site_name":"Pappy Vuc","article_modified_time":"2021-08-04T15:51:58+00:00","twitter_card":"summary_large_image","twitter_misc":{"Dur\u00e9e de lecture estim\u00e9e":"7 minutes"},"schema":{"@context":"https:\/\/schema.org","@graph":[{"@type":"WebPage","@id":"https:\/\/pappy-vuc.ch\/fr\/wie-schneide-ich-das-fleisch\/","url":"https:\/\/pappy-vuc.ch\/fr\/wie-schneide-ich-das-fleisch\/","name":"Fleisch richtig schneiden: Messer & Maschine | Pappy Vuc","isPartOf":{"@id":"https:\/\/pappy-vuc.ch\/fr\/#website"},"datePublished":"2020-11-17T09:40:50+00:00","dateModified":"2021-08-04T15:51:58+00:00","description":"Wie schneide ich das Fleisch richtig? Gourmet Trockenfleisch korrekt zubereiten mit Messer oder Maschine. Wir zeigen Ihnen wie das geht. Direkt zur Anleitung!","breadcrumb":{"@id":"https:\/\/pappy-vuc.ch\/fr\/wie-schneide-ich-das-fleisch\/#breadcrumb"},"inLanguage":"fr-FR","potentialAction":[{"@type":"ReadAction","target":["https:\/\/pappy-vuc.ch\/fr\/wie-schneide-ich-das-fleisch\/"]}]},{"@type":"BreadcrumbList","@id":"https:\/\/pappy-vuc.ch\/fr\/wie-schneide-ich-das-fleisch\/#breadcrumb","itemListElement":[{"@type":"ListItem","position":1,"name":"Home","item":"https:\/\/pappy-vuc.ch\/fr\/"},{"@type":"ListItem","position":2,"name":"Comment couper la viande"}]},{"@type":"WebSite","@id":"https:\/\/pappy-vuc.ch\/fr\/#website","url":"https:\/\/pappy-vuc.ch\/fr\/","name":"Pappy Vuc","description":"Gourmet Trockenfleisch","publisher":{"@id":"https:\/\/pappy-vuc.ch\/fr\/#organization"},"potentialAction":[{"@type":"SearchAction","target":{"@type":"EntryPoint","urlTemplate":"https:\/\/pappy-vuc.ch\/fr\/?s={search_term_string}"},"query-input":{"@type":"PropertyValueSpecification","valueRequired":true,"valueName":"search_term_string"}}],"inLanguage":"fr-FR"},{"@type":"Organization","@id":"https:\/\/pappy-vuc.ch\/fr\/#organization","name":"Pappy Vuc Gourmet Trockenfleisch","url":"https:\/\/pappy-vuc.ch\/fr\/","logo":{"@type":"ImageObject","inLanguage":"fr-FR","@id":"https:\/\/pappy-vuc.ch\/fr\/#\/schema\/logo\/image\/","url":"https:\/\/pappy-vuc.ch\/wp-content\/uploads\/2020\/10\/LogoPappyVuc-Final-2020-200.png","contentUrl":"https:\/\/pappy-vuc.ch\/wp-content\/uploads\/2020\/10\/LogoPappyVuc-Final-2020-200.png","width":205,"height":200,"caption":"Pappy Vuc Gourmet Trockenfleisch"},"image":{"@id":"https:\/\/pappy-vuc.ch\/fr\/#\/schema\/logo\/image\/"}}]}},"_links":{"self":[{"href":"https:\/\/pappy-vuc.ch\/fr\/wp-json\/wp\/v2\/pages\/3286","targetHints":{"allow":["GET"]}}],"collection":[{"href":"https:\/\/pappy-vuc.ch\/fr\/wp-json\/wp\/v2\/pages"}],"about":[{"href":"https:\/\/pappy-vuc.ch\/fr\/wp-json\/wp\/v2\/types\/page"}],"author":[{"embeddable":true,"href":"https:\/\/pappy-vuc.ch\/fr\/wp-json\/wp\/v2\/users\/2"}],"replies":[{"embeddable":true,"href":"https:\/\/pappy-vuc.ch\/fr\/wp-json\/wp\/v2\/comments?post=3286"}],"version-history":[{"count":5,"href":"https:\/\/pappy-vuc.ch\/fr\/wp-json\/wp\/v2\/pages\/3286\/revisions"}],"predecessor-version":[{"id":4530,"href":"https:\/\/pappy-vuc.ch\/fr\/wp-json\/wp\/v2\/pages\/3286\/revisions\/4530"}],"wp:attachment":[{"href":"https:\/\/pappy-vuc.ch\/fr\/wp-json\/wp\/v2\/media?parent=3286"}],"curies":[{"name":"wp","href":"https:\/\/api.w.org\/{rel}","templated":true}]}}