{"id":3746,"date":"2021-01-23T12:48:22","date_gmt":"2021-01-23T11:48:22","guid":{"rendered":"https:\/\/pappy-vuc.ch\/produkt\/rind-thymian\/"},"modified":"2023-12-05T11:46:16","modified_gmt":"2023-12-05T10:46:16","slug":"rind-thymian","status":"publish","type":"product","link":"https:\/\/pappy-vuc.ch\/fr\/produit\/rind-thymian\/","title":{"rendered":"Viande s\u00e9ch\u00e9e B\u0153uf au thym"},"content":{"rendered":"","protected":false},"excerpt":{"rendered":"<p><strong>Le d\u00e9lai de production peut aller jusqu&#8217;\u00e0 4 mois<\/strong><\/p>\n<p>Le v\u00e9ritable thym des Alpes est une plante m\u00e9dicinale et une \u00e9pice. Apr\u00e8s le salage, le b\u0153uf est enduit de thym alpin. Tr\u00e8s \u00e9pic\u00e9 et savoureux, il est id\u00e9al pour un plateau mixte de viande s\u00e9ch\u00e9e.<\/p>\n","protected":false},"featured_media":3271,"template":"","meta":[],"product_brand":[],"product_cat":[134],"product_tag":[],"class_list":{"0":"post-3746","1":"product","2":"type-product","3":"status-publish","4":"has-post-thumbnail","6":"product_cat-rind-fr","8":"first","9":"instock","10":"taxable","11":"shipping-taxable","12":"purchasable","13":"product-type-simple"},"yoast_head":"<!-- This site is optimized with the Yoast SEO plugin v27.4 - https:\/\/yoast.com\/product\/yoast-seo-wordpress\/ -->\n<title>Viande s\u00e9ch\u00e9e B\u0153uf au thym | Pappy Vuc<\/title>\n<meta name=\"robots\" content=\"index, follow, max-snippet:-1, max-image-preview:large, max-video-preview:-1\" \/>\n<link rel=\"canonical\" href=\"https:\/\/pappy-vuc.ch\/fr\/produit\/rind-thymian\/\" \/>\n<meta property=\"og:locale\" content=\"fr_FR\" \/>\n<meta property=\"og:type\" content=\"article\" \/>\n<meta property=\"og:title\" content=\"Viande s\u00e9ch\u00e9e B\u0153uf au thym | Pappy Vuc\" \/>\n<meta property=\"og:description\" content=\"Le d\u00e9lai de production peut aller jusqu&#039;\u00e0 4 mois  Le v\u00e9ritable thym des Alpes est une plante m\u00e9dicinale et une \u00e9pice. Apr\u00e8s le salage, le b\u0153uf est enduit de thym alpin. Tr\u00e8s \u00e9pic\u00e9 et savoureux, il est id\u00e9al pour un plateau mixte de viande s\u00e9ch\u00e9e.\" \/>\n<meta property=\"og:url\" content=\"https:\/\/pappy-vuc.ch\/fr\/produit\/rind-thymian\/\" \/>\n<meta property=\"og:site_name\" content=\"Pappy Vuc\" \/>\n<meta property=\"article:modified_time\" content=\"2023-12-05T10:46:16+00:00\" \/>\n<meta property=\"og:image\" content=\"https:\/\/pappy-vuc.ch\/wp-content\/uploads\/2021\/01\/Thymian_221A4455.jpg\" \/>\n\t<meta property=\"og:image:width\" content=\"1024\" \/>\n\t<meta property=\"og:image:height\" content=\"683\" \/>\n\t<meta property=\"og:image:type\" content=\"image\/jpeg\" \/>\n<meta name=\"twitter:card\" content=\"summary_large_image\" \/>\n<script type=\"application\/ld+json\" class=\"yoast-schema-graph\">{\"@context\":\"https:\\\/\\\/schema.org\",\"@graph\":[{\"@type\":\"WebPage\",\"@id\":\"https:\\\/\\\/pappy-vuc.ch\\\/fr\\\/produit\\\/rind-thymian\\\/\",\"url\":\"https:\\\/\\\/pappy-vuc.ch\\\/fr\\\/produit\\\/rind-thymian\\\/\",\"name\":\"Viande s\u00e9ch\u00e9e B\u0153uf au thym | Pappy Vuc\",\"isPartOf\":{\"@id\":\"https:\\\/\\\/pappy-vuc.ch\\\/fr\\\/#website\"},\"primaryImageOfPage\":{\"@id\":\"https:\\\/\\\/pappy-vuc.ch\\\/fr\\\/produit\\\/rind-thymian\\\/#primaryimage\"},\"image\":{\"@id\":\"https:\\\/\\\/pappy-vuc.ch\\\/fr\\\/produit\\\/rind-thymian\\\/#primaryimage\"},\"thumbnailUrl\":\"https:\\\/\\\/pappy-vuc.ch\\\/wp-content\\\/uploads\\\/2021\\\/01\\\/Thymian_221A4455.jpg\",\"datePublished\":\"2021-01-23T11:48:22+00:00\",\"dateModified\":\"2023-12-05T10:46:16+00:00\",\"breadcrumb\":{\"@id\":\"https:\\\/\\\/pappy-vuc.ch\\\/fr\\\/produit\\\/rind-thymian\\\/#breadcrumb\"},\"inLanguage\":\"fr-FR\",\"potentialAction\":[{\"@type\":\"ReadAction\",\"target\":[\"https:\\\/\\\/pappy-vuc.ch\\\/fr\\\/produit\\\/rind-thymian\\\/\"]}]},{\"@type\":\"ImageObject\",\"inLanguage\":\"fr-FR\",\"@id\":\"https:\\\/\\\/pappy-vuc.ch\\\/fr\\\/produit\\\/rind-thymian\\\/#primaryimage\",\"url\":\"https:\\\/\\\/pappy-vuc.ch\\\/wp-content\\\/uploads\\\/2021\\\/01\\\/Thymian_221A4455.jpg\",\"contentUrl\":\"https:\\\/\\\/pappy-vuc.ch\\\/wp-content\\\/uploads\\\/2021\\\/01\\\/Thymian_221A4455.jpg\",\"width\":1024,\"height\":683,\"caption\":\"Trockenfleisch erster Klasse von Pappy Vuc: Thymian\"},{\"@type\":\"BreadcrumbList\",\"@id\":\"https:\\\/\\\/pappy-vuc.ch\\\/fr\\\/produit\\\/rind-thymian\\\/#breadcrumb\",\"itemListElement\":[{\"@type\":\"ListItem\",\"position\":1,\"name\":\"Home\",\"item\":\"https:\\\/\\\/pappy-vuc.ch\\\/fr\\\/\"},{\"@type\":\"ListItem\",\"position\":2,\"name\":\"Viande s\u00e9ch\u00e9e\",\"item\":\"https:\\\/\\\/pappy-vuc.ch\\\/fr\\\/acheter-de-la-viande-sechee-en-ligne\\\/\"},{\"@type\":\"ListItem\",\"position\":3,\"name\":\"Viande s\u00e9ch\u00e9e B\u0153uf au thym\"}]},{\"@type\":\"WebSite\",\"@id\":\"https:\\\/\\\/pappy-vuc.ch\\\/fr\\\/#website\",\"url\":\"https:\\\/\\\/pappy-vuc.ch\\\/fr\\\/\",\"name\":\"Pappy Vuc\",\"description\":\"Gourmet Trockenfleisch\",\"publisher\":{\"@id\":\"https:\\\/\\\/pappy-vuc.ch\\\/fr\\\/#organization\"},\"potentialAction\":[{\"@type\":\"SearchAction\",\"target\":{\"@type\":\"EntryPoint\",\"urlTemplate\":\"https:\\\/\\\/pappy-vuc.ch\\\/fr\\\/?s={search_term_string}\"},\"query-input\":{\"@type\":\"PropertyValueSpecification\",\"valueRequired\":true,\"valueName\":\"search_term_string\"}}],\"inLanguage\":\"fr-FR\"},{\"@type\":\"Organization\",\"@id\":\"https:\\\/\\\/pappy-vuc.ch\\\/fr\\\/#organization\",\"name\":\"Pappy Vuc Gourmet Trockenfleisch\",\"url\":\"https:\\\/\\\/pappy-vuc.ch\\\/fr\\\/\",\"logo\":{\"@type\":\"ImageObject\",\"inLanguage\":\"fr-FR\",\"@id\":\"https:\\\/\\\/pappy-vuc.ch\\\/fr\\\/#\\\/schema\\\/logo\\\/image\\\/\",\"url\":\"https:\\\/\\\/pappy-vuc.ch\\\/wp-content\\\/uploads\\\/2020\\\/10\\\/LogoPappyVuc-Final-2020-200.png\",\"contentUrl\":\"https:\\\/\\\/pappy-vuc.ch\\\/wp-content\\\/uploads\\\/2020\\\/10\\\/LogoPappyVuc-Final-2020-200.png\",\"width\":205,\"height\":200,\"caption\":\"Pappy Vuc Gourmet Trockenfleisch\"},\"image\":{\"@id\":\"https:\\\/\\\/pappy-vuc.ch\\\/fr\\\/#\\\/schema\\\/logo\\\/image\\\/\"}}]}<\/script>\n<!-- \/ Yoast SEO plugin. -->","yoast_head_json":{"title":"Viande s\u00e9ch\u00e9e B\u0153uf au thym | Pappy Vuc","robots":{"index":"index","follow":"follow","max-snippet":"max-snippet:-1","max-image-preview":"max-image-preview:large","max-video-preview":"max-video-preview:-1"},"canonical":"https:\/\/pappy-vuc.ch\/fr\/produit\/rind-thymian\/","og_locale":"fr_FR","og_type":"article","og_title":"Viande s\u00e9ch\u00e9e B\u0153uf au thym | Pappy Vuc","og_description":"Le d\u00e9lai de production peut aller jusqu'\u00e0 4 mois  Le v\u00e9ritable thym des Alpes est une plante m\u00e9dicinale et une \u00e9pice. Apr\u00e8s le salage, le b\u0153uf est enduit de thym alpin. Tr\u00e8s \u00e9pic\u00e9 et savoureux, il est id\u00e9al pour un plateau mixte de viande s\u00e9ch\u00e9e.","og_url":"https:\/\/pappy-vuc.ch\/fr\/produit\/rind-thymian\/","og_site_name":"Pappy Vuc","article_modified_time":"2023-12-05T10:46:16+00:00","og_image":[{"width":1024,"height":683,"url":"https:\/\/pappy-vuc.ch\/wp-content\/uploads\/2021\/01\/Thymian_221A4455.jpg","type":"image\/jpeg"}],"twitter_card":"summary_large_image","schema":{"@context":"https:\/\/schema.org","@graph":[{"@type":"WebPage","@id":"https:\/\/pappy-vuc.ch\/fr\/produit\/rind-thymian\/","url":"https:\/\/pappy-vuc.ch\/fr\/produit\/rind-thymian\/","name":"Viande s\u00e9ch\u00e9e B\u0153uf au thym | Pappy Vuc","isPartOf":{"@id":"https:\/\/pappy-vuc.ch\/fr\/#website"},"primaryImageOfPage":{"@id":"https:\/\/pappy-vuc.ch\/fr\/produit\/rind-thymian\/#primaryimage"},"image":{"@id":"https:\/\/pappy-vuc.ch\/fr\/produit\/rind-thymian\/#primaryimage"},"thumbnailUrl":"https:\/\/pappy-vuc.ch\/wp-content\/uploads\/2021\/01\/Thymian_221A4455.jpg","datePublished":"2021-01-23T11:48:22+00:00","dateModified":"2023-12-05T10:46:16+00:00","breadcrumb":{"@id":"https:\/\/pappy-vuc.ch\/fr\/produit\/rind-thymian\/#breadcrumb"},"inLanguage":"fr-FR","potentialAction":[{"@type":"ReadAction","target":["https:\/\/pappy-vuc.ch\/fr\/produit\/rind-thymian\/"]}]},{"@type":"ImageObject","inLanguage":"fr-FR","@id":"https:\/\/pappy-vuc.ch\/fr\/produit\/rind-thymian\/#primaryimage","url":"https:\/\/pappy-vuc.ch\/wp-content\/uploads\/2021\/01\/Thymian_221A4455.jpg","contentUrl":"https:\/\/pappy-vuc.ch\/wp-content\/uploads\/2021\/01\/Thymian_221A4455.jpg","width":1024,"height":683,"caption":"Trockenfleisch erster Klasse von Pappy Vuc: Thymian"},{"@type":"BreadcrumbList","@id":"https:\/\/pappy-vuc.ch\/fr\/produit\/rind-thymian\/#breadcrumb","itemListElement":[{"@type":"ListItem","position":1,"name":"Home","item":"https:\/\/pappy-vuc.ch\/fr\/"},{"@type":"ListItem","position":2,"name":"Viande s\u00e9ch\u00e9e","item":"https:\/\/pappy-vuc.ch\/fr\/acheter-de-la-viande-sechee-en-ligne\/"},{"@type":"ListItem","position":3,"name":"Viande s\u00e9ch\u00e9e B\u0153uf au thym"}]},{"@type":"WebSite","@id":"https:\/\/pappy-vuc.ch\/fr\/#website","url":"https:\/\/pappy-vuc.ch\/fr\/","name":"Pappy Vuc","description":"Gourmet Trockenfleisch","publisher":{"@id":"https:\/\/pappy-vuc.ch\/fr\/#organization"},"potentialAction":[{"@type":"SearchAction","target":{"@type":"EntryPoint","urlTemplate":"https:\/\/pappy-vuc.ch\/fr\/?s={search_term_string}"},"query-input":{"@type":"PropertyValueSpecification","valueRequired":true,"valueName":"search_term_string"}}],"inLanguage":"fr-FR"},{"@type":"Organization","@id":"https:\/\/pappy-vuc.ch\/fr\/#organization","name":"Pappy Vuc Gourmet Trockenfleisch","url":"https:\/\/pappy-vuc.ch\/fr\/","logo":{"@type":"ImageObject","inLanguage":"fr-FR","@id":"https:\/\/pappy-vuc.ch\/fr\/#\/schema\/logo\/image\/","url":"https:\/\/pappy-vuc.ch\/wp-content\/uploads\/2020\/10\/LogoPappyVuc-Final-2020-200.png","contentUrl":"https:\/\/pappy-vuc.ch\/wp-content\/uploads\/2020\/10\/LogoPappyVuc-Final-2020-200.png","width":205,"height":200,"caption":"Pappy Vuc Gourmet Trockenfleisch"},"image":{"@id":"https:\/\/pappy-vuc.ch\/fr\/#\/schema\/logo\/image\/"}}]}},"_links":{"self":[{"href":"https:\/\/pappy-vuc.ch\/fr\/wp-json\/wp\/v2\/product\/3746","targetHints":{"allow":["GET"]}}],"collection":[{"href":"https:\/\/pappy-vuc.ch\/fr\/wp-json\/wp\/v2\/product"}],"about":[{"href":"https:\/\/pappy-vuc.ch\/fr\/wp-json\/wp\/v2\/types\/product"}],"wp:featuredmedia":[{"embeddable":true,"href":"https:\/\/pappy-vuc.ch\/fr\/wp-json\/wp\/v2\/media\/3271"}],"wp:attachment":[{"href":"https:\/\/pappy-vuc.ch\/fr\/wp-json\/wp\/v2\/media?parent=3746"}],"wp:term":[{"taxonomy":"product_brand","embeddable":true,"href":"https:\/\/pappy-vuc.ch\/fr\/wp-json\/wp\/v2\/product_brand?post=3746"},{"taxonomy":"product_cat","embeddable":true,"href":"https:\/\/pappy-vuc.ch\/fr\/wp-json\/wp\/v2\/product_cat?post=3746"},{"taxonomy":"product_tag","embeddable":true,"href":"https:\/\/pappy-vuc.ch\/fr\/wp-json\/wp\/v2\/product_tag?post=3746"}],"curies":[{"name":"wp","href":"https:\/\/api.w.org\/{rel}","templated":true}]}}